{"id":2303,"date":"2018-12-21T11:21:13","date_gmt":"2018-12-21T11:21:13","guid":{"rendered":"http:\/\/amu.pan.pl\/kobietywnauce\/?page_id=10"},"modified":"2018-12-21T11:21:13","modified_gmt":"2018-12-21T11:21:13","slug":"prelegentki","status":"publish","type":"page","link":"https:\/\/amu.pan.pl\/en\/prelegentki\/","title":{"rendered":"Prelegentki"},"content":{"rendered":"<p><em>Organizator:<\/em><\/p>\n<p><strong><img decoding=\"async\" class=\"alignnone wp-image-51\" style=\"padding: 5px;float: left\" src=\"http:\/\/amu.pan.pl\/amu_old\/kobietywnauce\/wp-content\/uploads\/2019\/01\/Anna-Ajduk_200_200.jpg\" alt=\"\" width=\"200\" height=\"142\" \/>dr hab. Anna Ajduk<\/strong> \u2013 adiunkt w Zak\u0142adzie Embriologii Wydzia\u0142u Biologii Uniwersytetu Warszawskiego. Odby\u0142a sta\u017ce naukowe w Cardiff University i University of Cambridge w Wielkiej Brytanii oraz w Institute for Biogenesis Research, University of Hawaii w USA.Od ponad 10 lat zajmuje si\u0119 tematyk\u0105 zap\u0142odnienia i wczesnego rozwoju zarodkowego ssak\u00f3w, tak\u017ce w kontek\u015bcie optymalizacji procedur zap\u0142odnienia in vitro. Obecnie prowadzi m.in. badania nad wp\u0142ywem procesu starzenia na jako\u015b\u0107 kom\u00f3rek jajowych i zarodk\u00f3w oraz nad wykorzystaniem optycznej mikroskopii koherencyjnej (OCM) w biologii i medycynie reprodukcyjnej. Jej badania zosta\u0142y uhonorowane w 2013 r. Nagrod\u0105 im. Prof. Stefana Pie\u0144kowskiego przyznawan\u0105 za wybitne osi\u0105gni\u0119cia w naukach matematyczno-przyrodniczych. Jest beneficjentka program\u00f3w Fundacji na rzecz Nauki Polskiej, Narodowego Centrum Nauki, Narodowego Centrum Bada\u0144 i Rozwoju, Schering Foundation i FEBS.<\/p>\n<hr \/>\n<p><em>Nauki bio-medyczne:<\/em><\/p>\n<p><img decoding=\"async\" class=\"alignnone wp-image-51\" style=\"padding: 5px;float: left\" src=\"http:\/\/amu.pan.pl\/amu_old\/kobietywnauce\/wp-content\/uploads\/2019\/01\/Maria-G\u00f3rna_200_200.jpg\" alt=\"\" width=\"200\" height=\"192\" \/> <strong>dr Maria G\u00f3rna<\/strong> &#8211; biolo\u017cka molekularna i biochemiczka, kierowniczka Grupy Biologii Strukturalnej na Uniwersytecie Warszawskim, po doktoracie na Uniwersytecie w Cambridge i kilkuletnim sta\u017cu w Centrum Medycyny Molekularnej w Wiedniu. Bada struktur\u0119 i funkcj\u0119 bia\u0142ek oraz ich zastosowania w biotechnologii \u2013 obecnie rozwija nowe antybiotyki i testy diagnostyczne do wykrywania infekcji. Pracuje r\u00f3wnie\u017c dla polskiej firmy WPD Pharmaceuticals nad lekami na raka m\u00f3zgu oraz w zarz\u0105dzie Marie Curie Alumni Association przy Komisji Europejskiej.<\/p>\n<p><img decoding=\"async\" class=\"alignnone size-full wp-image-87\" style=\"padding: 5px;float: left\" src=\"http:\/\/amu.pan.pl\/amu_old\/kobietywnauce\/wp-content\/uploads\/2019\/01\/Maria-Winiarska_200_200.jpg\" alt=\"\" width=\"213\" height=\"200\" \/><\/p>\n<p><strong>dr hab<\/strong><strong>. n. med. Magdalena Winiarska<\/strong> &#8211;\u00a0\u00a0adiunkt w Zak\u0142adzie Immunologii WUM. W 2002 roku uko\u0144czy\u0142a Wydzia\u0142 Farmaceutyczny Akademii Medycznej w Warszawie. W 2008 roku uzyska\u0142a tytu\u0142 doktora nauk medycznych. W 2008 roku otrzyma\u0142a za rozpraw\u0119 doktorsk\u0105 Nagrod\u0119 Premiera RP. Jest stypendystk\u0105 Fundacji na rzecz Nauki Polskiej (stypendium START), L\u2019Oreal Polska dla Kobiet i Nauki (stypendium doktorskie), Ministerstwa Nauki i Szkolnictwa Wy\u017cszego (stypendium dla wybitnych m\u0142odych naukowc\u00f3w), Fundacji Tygodnika Polityka (nagroda naukowa \u201ePolityki\u201d \u201eZosta\u0144cie z nami\u201d) oraz Komisji Europejskiej (Starting Grant ERC). Badania zespo\u0142u prowadzonego przez dr Winiarsk\u0105 dotycz\u0105 skuteczno\u015bci immunoterapii, zar\u00f3wno zwi\u0105zanych z przeciwcia\u0142ami monoklonalnymi, jak i terapii adoptywnych z zastosowaniem kom\u00f3rek efektorowych modyfikowanych chimerycznymi receptorami antygenowymi CAR. W szczeg\u00f3lno\u015bci zesp\u00f3\u0142 zajmuje si\u0119 identyfikacj\u0105 czynnik\u00f3w odpowiedzialnych za rozw\u00f3j oporno\u015bci na dzia\u0142anie przeciwcia\u0142 monoklonalnych anty-CD20.<\/p>\n<hr \/>\n<p><em>Nauki o \u015brodowisku: <\/em><\/p>\n<p><strong><img loading=\"lazy\" decoding=\"async\" class=\"alignnone size-medium wp-image-88\" style=\"padding: 5px;float: left\" src=\"http:\/\/amu.pan.pl\/amu_old\/kobietywnauce\/wp-content\/uploads\/2019\/01\/MonikaK\u0119dra_200_200.jpg\" alt=\"\" width=\"200\" height=\"200\" \/>dr hab. Monika K\u0119dra<\/strong> &#8211; oceanografka i ekolo\u017cka morza. Zajmuje si\u0119 funkcjonowaniem ekosystem\u00f3w morskich, ze szczeg\u00f3lnym uwzgl\u0119dnieniem wp\u0142ywu zmiany klimatu i sezonowo\u015bci na organizmy denne oraz obieg w\u0119gla. Jest autork\u0105 lub wsp\u00f3\u0142autork\u0105 oko\u0142o 50 publikacji naukowych. Bra\u0142a udzia\u0142 w wielu wyprawach badawczych, m.in. w rejsach na Morzach Ba\u0142tyckim, Barentsa, Czukockim, w fiordach Spitsbergenu i Basenie Nansena. Jest bardzo aktywna w licznych mi\u0119dzynarodowych organizacjach eksperckich. Jest cz\u0142onkini\u0105 Akademii M\u0142odych Uczonych. Pracuje w Instytucie Oceanologii Polskiej Akademii Nauk w Sopocie.<\/p>\n<p><img loading=\"lazy\" decoding=\"async\" class=\"alignnone wp-image-51\" style=\"padding: 5px;float: left\" src=\"http:\/\/amu.pan.pl\/amu_old\/kobietywnauce\/wp-content\/uploads\/2019\/01\/Agnieszka-Kloch.jpg\" alt=\"\" width=\"200\" height=\"224\" \/><strong>dr Agnieszka Kloch<\/strong> &#8211; adiunkt w Zak\u0142adzie Ekologii na Wydziale Biologii Uniwersytetu Warszawskiego. Zajmuje si\u0119 interakcjami mi\u0119dzy \u017cywicielami i paso\u017cytami na poziomie ewolucyjnym i ekologicznym. Interesuje j\u0105 przede wszystkim, jak presja ewolucyjna ze strony paso\u017cyt\u00f3w kszta\u0142tuje zmienno\u015b\u0107 genetyczn\u0105 \u017cywicieli. Pracuje zar\u00f3wno w terenie, jak i w laboratorium, gdzie wykorzystuje najnowsze techniki biologii molekularnej.<\/p>\n<p>&nbsp;<\/p>\n<p>&nbsp;<\/p>\n<hr \/>\n<p>Nauki \u015bcis\u0142e:<\/p>\n<p><strong><img loading=\"lazy\" decoding=\"async\" class=\"alignnone size-medium wp-image-93\" style=\"padding: 5px;float: left\" src=\"http:\/\/amu.pan.pl\/amu_old\/kobietywnauce\/wp-content\/uploads\/2019\/01\/Joanna-Su\u0142kowska_200_200.jpg\" alt=\"\" width=\"200\" height=\"167\" \/>dr hab. Joanna Ida Su\u0142kowska<\/strong> &#8211;\u00a0profesor Uniwersytetu Warszawskiego, kierownik \u201cInterdyscyplinarnego laboratorium modelowania uk\u0142ad\u00f3w biologicznych\u201d w Centrum Nowych Technologii Uniwersytetu Warszawskiego oraz pracownik Wydzia\u0142u Chemii UW. Jest beneficjentk\u0105 program\u00f3w European Molecular Biology Organization, Narodowego Centrum Nauki, Fundacji na Rzecz Nauki Polskiej oraz MNiSW. W roku 2017 otrzyma\u0142a mi\u0119dzynarodow\u0105 nagrod\u0119 Unesco-L\u2019Oreal \u201cRising talent\u2019\u2019 oraz stypendium habilitacyjne \u201cL\u2019Oreal Polska dla Kobiet i Nauki\u201d. Zosta\u0142a zaliczona do grona 50 \u015bmia\u0142ych przez Gazet\u0119 Wyborcz\u0105. Otrzyma\u0142a nagrod\u0119 MocArt i tytu\u0142 cz\u0142owieka roku 2018 radia RMF Classic. W 2018 roku zdoby\u0142a Nagrod\u0119 Narodowego Centrum Nauki. W swoich badaniach wykorzystuje wiedz\u0119 fizyczn\u0105, biologiczn\u0105 oraz teori\u0119 w\u0119z\u0142\u00f3w do lepszego poznania struktury i funkcji bia\u0142ek. Od lat prowadzi wyk\u0142ady dla m\u0142odzie\u017cy w r\u00f3\u017cnym wieku, mi\u0119dzy innymi w ramach Uniwersytetu Dzieci, Krajowego Funduszu na rzecz Dzieci, czy inicjatywy Jutronauci. Jest mentorem w programie STEM.<\/p>\n<p><strong><img loading=\"lazy\" decoding=\"async\" class=\"alignnone size-full wp-image-102\" style=\"padding: 5px;float: left\" src=\"http:\/\/amu.pan.pl\/amu_old\/kobietywnauce\/wp-content\/uploads\/2019\/01\/Magdalenia-Osial_200_200.jpg\" alt=\"\" width=\"228\" height=\"200\" \/>dr Magdalena Osial<\/strong> &#8211; adiunkt na Wydziale Chemii Uniwersytetu Warszawskiego. Na co dzie\u0144 zajmuje si\u0119 wytwarzaniem i badaniem nanomateria\u0142\u00f3w magnetycznych pod k\u0105tem ich zastosowania w medycynie. Cho\u0107, na co dzie\u0144 oddaje si\u0119 pracy naukowej, ka\u017cd\u0105 woln\u0105 chwil\u0119 po\u015bwi\u0119ca na popularyzacj\u0119 nauki koordynuj\u0105c z pasj\u0105 projekt Manufaktura Naukowc\u00f3w, w kt\u00f3rym m.in. prowadzi warsztaty chemiczne dla dzieci, m\u0142odzie\u017cy i doros\u0142ych, projekty szkolne stawiaj\u0105c na metod\u0119 badawcz\u0105, opiekuje si\u0119 licealistami, kt\u00f3rzy pod jej opiek\u0105 w laboratorium poznaj\u0105 tajniki pracy naukowca i prowadzi dzia\u0142ania mentoringowe wspieraj\u0105ce m\u0142odych, kt\u00f3rzy dopiero zacz\u0119li sw\u0105 przygod\u0119 z nauk\u0105 lub planuj\u0105 rozpocz\u0105\u0107 w przysz\u0142o\u015bci studia wy\u017csze.<\/p>\n<hr \/>\n<p><em>Nauki techniczne: <\/em><\/p>\n<p><em><img loading=\"lazy\" decoding=\"async\" class=\"alignnone size-full wp-image-127\" style=\"padding: 5px;float: left\" src=\"http:\/\/amu.pan.pl\/amu_old\/kobietywnauce\/wp-content\/uploads\/2019\/01\/Monika-Kwoka_200_200.jpg\" alt=\"\" width=\"200\" height=\"238\" \/><\/em><strong>dr hab. Eng. Monika Kwoka<\/strong> &#8211; profesor Politechniki \u015al\u0105skiej, pracuje w Zak\u0142adzie Elektroniki Biomedycznej na Wydziale Automatyki Elektroniki i Informatyki, pe\u0142ni te\u017c funkcj\u0119 prodziekana tego wydzia\u0142u. Zajmuje si\u0119 nanotechnologi\u0105 materia\u0142\u00f3w elektronicznych, w tym m.in. jej zastosowaniem w monitoringu \u015brodowiska. Wsp\u00f3\u0142pracowa\u0142a z o\u015brodkami naukowymi z Niemiec (Uniwersytet w Tuebingen), W\u0142och (Uniwersytet w L\u2019Aquila, Uniwersytet w Bresci), W\u0119gier (Uniwersytet Technologiczny w Budapeszcie) i Turcji (Institute of Technology, Gebze). Jest laureatk\u0105 wielu nagr\u00f3d i wyr\u00f3\u017cnie\u0144, w tym Stypendium MNiSW dla Wybitnego M\u0142odego Naukowca oraz Nagrody I stopnia Ministra Nauki i Szkolnictwa Wy\u017cszego za osi\u0105gni\u0119cia naukowe. Bierze udzia\u0142 w mi\u0119dzynarodowych projektach badawczych Komisji Europejskiej (m.in. GOSPEL Network, EuNetAir Network i Clear-Up), jak i w projektach krajowych (m.in. Ministerstwa Rozwoju &#8211; projekt InTechFun, Narodowego Centrum Nauki, oraz MNiSW). Zast\u0119pczyni Przewodnicz\u0105cej Akademii M\u0142odych Uczonych PAN.<\/p>\n<p><strong><img loading=\"lazy\" decoding=\"async\" class=\"alignnone size-medium wp-image-94\" style=\"padding: 5px;float: left\" src=\"http:\/\/amu.pan.pl\/amu_old\/kobietywnauce\/wp-content\/uploads\/2019\/01\/Katarzyna-Matras-Posto\u0142ek_200_200.jpg\" alt=\"\" width=\"161\" height=\"200\" \/>dr in\u017c. Katarzyna Matras-Posto\u0142ek<\/strong> &#8211; chemik o specjalno\u015bci Technologia Tworzyw Sztucznych, absolwentka Politechniki Krakowskiej na Wydziale In\u017cynierii i Technologii Chemicznej, gdzie tak\u017ce obecnie pracuje. Jest te\u017c profesorem wizytuj\u0105cym na University of Jinan w Chinach. Przez wiele lat pracowa\u0142a w M\u00fcnster University of Applied of Sciences, wsp\u00f3\u0142pracowa\u0142a te\u017c z jednym z najwi\u0119kszych niemieckich przedsi\u0119biorstw chemicznych, firm\u0105 Evonik Industries AG. Jest beneficjentk\u0105 program\u00f3w grantowych Fundacji na rzecz Nauki Polskiej i Narodowego Centrum Bada\u0144 i Rozwoju oraz laureatk\u0105 wielu nagr\u00f3d, w tym stypendium Ministra dla Wybitnych M\u0142odych Naukowc\u00f3w i programu TOP 500 Innovators. W 2015 r. otrzyma\u0142a z\u0142oty medal na 43. Mi\u0119dzynarodowej Wystawie Wynalazk\u00f3w w Genewie. Zajmuje si\u0119 badaniami nad funkcjonalnymi nanomateria\u0142ami i ich potencjalnym zastosowaniem w optoelektronice, biologii i fotolizie (wi\u0119cej informacji na stronie <a href=\"http:\/\/www.matrasmaterials.com\">www.matrasmaterials.com<\/a>)<\/p>\n<hr \/>\n<p><em>Nauki humanistyczne:\u00a0<\/em><\/p>\n<p><strong><img loading=\"lazy\" decoding=\"async\" class=\"alignnone size-full wp-image-92\" style=\"padding: 5px;float: left\" src=\"http:\/\/amu.pan.pl\/amu_old\/kobietywnauce\/wp-content\/uploads\/2019\/01\/Anna-Bro\u017cek_200_200.jpg\" alt=\"\" width=\"165\" height=\"200\" \/>prof. dr hab. Anna Bro\u017cek<\/strong> \u2013 filozof, pianistka, teoretyk muzyki, profesor w Instytucie Filozofii Uniwersytetu Warszawskiego. Autorka lub wsp\u00f3\u0142autorka czternastu ksi\u0105\u017cek oraz kilkudziesi\u0119ciu artyku\u0142\u00f3w z zakresu semiotyki logicznej, metodologii, ontologii, historii filozofii polskiej oraz teorii i filozofii muzyki. Cz\u0142onek Akademii M\u0142odych Uczonych PAN, laureatka nagrody FNP w roku 2017. Mama Ali, Jasia i Stasia.<\/p>\n<p>&nbsp;<\/p>\n<p>&nbsp;<\/p>\n<p><img decoding=\"async\" class=\"alignnone wp-image-51\" style=\"padding: 5px;float: left\" src=\"http:\/\/amu.pan.pl\/amu_old\/kobietywnauce\/wp-content\/uploads\/2019\/01\/Nicole-Do\u0142owy-Rybi\u0144ska_200_200.jpg\" \/><strong>dr hab. Nicole Do\u0142owy-Rybi\u0144ska <\/strong>&#8211; profesor Instytutu Slawistyki Polskiej Akademii Nauk, kulturoznawczyni i socjolingwistka. Do jej g\u0142\u00f3wnych zainteresowa\u0144 badawczych nale\u017cy problematyka to\u017csamo\u015bci europejskich mniejszo\u015bci j\u0119zykowych, metody ochrony i rewitalizacji j\u0119zyk\u00f3w i kultur mniejszo\u015bciowych, aktywizm j\u0119zykowy, wieloj\u0119zyczno\u015b\u0107 i wielokulturowo\u015b\u0107. Prowadzi badania terenowe na Kaszubach (Polska), na \u0141u\u017cycach (Niemcy), w Bretanii (Francja) i w Walii (Wielka Brytania). Jest cz\u0142onkini\u0105 kilku towarzystw naukowych, autork\u0105 czterech monografii i kilkudziesi\u0119ciu artyku\u0142\u00f3w naukowych oraz laureatk\u0105 stypendi\u00f3w i grant\u00f3w (UNESCO\/Keizo Obuchi, Fundacji na rzecz Nauki Polskiej, Narodowego Centrum Nauki, Ministra Nauki i Szkolnictwa Wy\u017cszego, Instytutu \u0141u\u017cyckiego w Niemczech, Smithsonian Institute).<\/p>\n<hr \/>\n<p><em>Nauki spo\u0142eczne: <\/em><\/p>\n<p><strong><img loading=\"lazy\" decoding=\"async\" class=\"alignnone size-full wp-image-103\" style=\"padding: 5px;float: left\" src=\"http:\/\/amu.pan.pl\/amu_old\/kobietywnauce\/wp-content\/uploads\/2019\/01\/DominikaLatusekJurczak_200_200.jpg\" alt=\"\" width=\"200\" height=\"200\" \/>\u00a0dr hab. Dominika Latusek-Jurczak<\/strong> &#8211; profesor Akademii Leona Ko\u017ami\u0144skiego i kierownik Katedry Zarz\u0105dzania. By\u0142a stypendystk\u0105 Fundacji Fulbrighta na Uniwersytecie Stanforda w USA. Wyr\u00f3\u017cniona przez Ministra Nauki i Szkolnictwa Wy\u017cszego nagrod\u0105 dla wybitnych m\u0142odych naukowc\u00f3w. Lauteatka programu &#8220;Lider&#8221; w Narodowym Centrum Bada\u0144 i Rozowju. NCBiR. Jest cz\u0142onkiem Akademii M\u0142odych Uczonych Polskiej Akademii Nauk.<\/p>\n<p>&nbsp;<\/p>\n<p><em><img loading=\"lazy\" decoding=\"async\" class=\"alignnone size-full wp-image-82\" style=\"padding: 5px;float: left\" src=\"http:\/\/amu.pan.pl\/amu_old\/kobietywnauce\/wp-content\/uploads\/2019\/01\/Agnieszka-Debska.jpg\" alt=\"\" width=\"200\" height=\"192\" \/><\/em><strong>dr Agnieszka D\u0119bska<\/strong> &#8211; asystent w Pracowni Neurobiologii Proces\u00f3w J\u0119zykowych Instytutu Biologii Do\u015bwiadczalnej PAN. Absolwentka Mi\u0119dzywdzia\u0142owych Indywidualnych Studi\u00f3w Humanistycznych Uniwersytetu Warszawskiego w zakresie psychologii i filozofii. Na Wydziale Psychologii UW obroni\u0142a doktorat z zakresu psychologii komunikacji. Wsp\u00f3\u0142pracowa\u0142a z University of Birmingham (Wielka Brytania) w ramach programu sta\u017cowego Etiuda (Narodowego Centrum Nauki). Autorka publikacji naukowych dotycz\u0105cych psycholingwistyki i psychologii poznawczej a tak\u017ce m\u00f3zgowego pod\u0142o\u017ca dysleksji. Laureatka stypendi\u00f3w Ministerstwa Nauki i Szkolnictwa Wy\u017cszego dla najlepszych student\u00f3w i nagrody dla najlepszych doktorant\u00f3w UW. Obecnie interesuje si\u0119 m\u00f3zgowym i behawioralnym pod\u0142o\u017cem zdolno\u015bci czytania i pisania.<\/p>","protected":false},"excerpt":{"rendered":"<p>Organizator: dr hab. Anna Ajduk \u2013 adiunkt w Zak\u0142adzie Embriologii Wydzia\u0142u Biologii Uniwersytetu Warszawskiego. Odby\u0142a sta\u017ce naukowe w Cardiff University i University of Cambridge w Wielkiej Brytanii oraz w Institute for Biogenesis Research, University of Hawaii w USA.Od ponad 10 lat zajmuje si\u0119 tematyk\u0105 zap\u0142odnienia i wczesnego rozwoju zarodkowego ssak\u00f3w, tak\u017ce w kontek\u015bcie optymalizacji procedur&hellip;&nbsp;<a href=\"https:\/\/amu.pan.pl\/en\/prelegentki\/\" rel=\"bookmark\">Read More &raquo;<span class=\"screen-reader-text\">Prelegentki<\/span><\/a><\/p>","protected":false},"author":2,"featured_media":0,"parent":0,"menu_order":0,"comment_status":"closed","ping_status":"closed","template":"","meta":{"_monsterinsights_skip_tracking":false,"_monsterinsights_sitenote_active":false,"_monsterinsights_sitenote_note":"","_monsterinsights_sitenote_category":0,"neve_meta_sidebar":"","neve_meta_container":"","neve_meta_enable_content_width":"","neve_meta_content_width":0,"neve_meta_title_alignment":"","neve_meta_author_avatar":"","neve_post_elements_order":"","neve_meta_disable_header":"","neve_meta_disable_footer":"","neve_meta_disable_title":"","footnotes":""},"class_list":["post-2303","page","type-page","status-publish","hentry"],"yoast_head":"<!-- This site is optimized with the Yoast SEO plugin v25.0 - https:\/\/yoast.com\/wordpress\/plugins\/seo\/ -->\n<title>Prelegentki - Akademia M\u0142odych Uczonych<\/title>\n<meta name=\"robots\" content=\"index, follow, max-snippet:-1, max-image-preview:large, max-video-preview:-1\" \/>\n<link rel=\"canonical\" href=\"https:\/\/amu.pan.pl\/en\/prelegentki\/\" \/>\n<meta property=\"og:locale\" content=\"en_GB\" \/>\n<meta property=\"og:type\" content=\"article\" \/>\n<meta property=\"og:title\" content=\"Prelegentki - Akademia M\u0142odych Uczonych\" \/>\n<meta property=\"og:description\" content=\"Organizator: dr hab. Anna Ajduk \u2013 adiunkt w Zak\u0142adzie Embriologii Wydzia\u0142u Biologii Uniwersytetu Warszawskiego. Odby\u0142a sta\u017ce naukowe w Cardiff University i University of Cambridge w Wielkiej Brytanii oraz w Institute for Biogenesis Research, University of Hawaii w USA.Od ponad 10 lat zajmuje si\u0119 tematyk\u0105 zap\u0142odnienia i wczesnego rozwoju zarodkowego ssak\u00f3w, tak\u017ce w kontek\u015bcie optymalizacji procedur&hellip;&nbsp;Read More &raquo;Prelegentki\" \/>\n<meta property=\"og:url\" content=\"https:\/\/amu.pan.pl\/en\/prelegentki\/\" \/>\n<meta property=\"og:site_name\" content=\"Akademia M\u0142odych Uczonych\" \/>\n<meta property=\"article:publisher\" content=\"https:\/\/www.facebook.com\/AkademiaMlodychUczonych\/\" \/>\n<meta property=\"og:image\" content=\"http:\/\/amu.pan.pl\/amu_old\/kobietywnauce\/wp-content\/uploads\/2019\/01\/Anna-Ajduk_200_200.jpg\" \/>\n<meta name=\"twitter:card\" content=\"summary_large_image\" \/>\n<meta name=\"twitter:site\" content=\"@AMUPAN1\" \/>\n<meta name=\"twitter:label1\" content=\"Estimated reading time\" \/>\n\t<meta name=\"twitter:data1\" content=\"7 minutes\" \/>\n<script type=\"application\/ld+json\" class=\"yoast-schema-graph\">{\"@context\":\"https:\/\/schema.org\",\"@graph\":[{\"@type\":\"WebPage\",\"@id\":\"https:\/\/amu.pan.pl\/prelegentki\/\",\"url\":\"https:\/\/amu.pan.pl\/prelegentki\/\",\"name\":\"Prelegentki - Akademia M\u0142odych Uczonych\",\"isPartOf\":{\"@id\":\"https:\/\/amu.pan.pl\/#website\"},\"primaryImageOfPage\":{\"@id\":\"https:\/\/amu.pan.pl\/prelegentki\/#primaryimage\"},\"image\":{\"@id\":\"https:\/\/amu.pan.pl\/prelegentki\/#primaryimage\"},\"thumbnailUrl\":\"http:\/\/amu.pan.pl\/amu_old\/kobietywnauce\/wp-content\/uploads\/2019\/01\/Anna-Ajduk_200_200.jpg\",\"datePublished\":\"2018-12-21T11:21:13+00:00\",\"breadcrumb\":{\"@id\":\"https:\/\/amu.pan.pl\/prelegentki\/#breadcrumb\"},\"inLanguage\":\"en-GB\",\"potentialAction\":[{\"@type\":\"ReadAction\",\"target\":[\"https:\/\/amu.pan.pl\/prelegentki\/\"]}]},{\"@type\":\"ImageObject\",\"inLanguage\":\"en-GB\",\"@id\":\"https:\/\/amu.pan.pl\/prelegentki\/#primaryimage\",\"url\":\"http:\/\/amu.pan.pl\/amu_old\/kobietywnauce\/wp-content\/uploads\/2019\/01\/Anna-Ajduk_200_200.jpg\",\"contentUrl\":\"http:\/\/amu.pan.pl\/amu_old\/kobietywnauce\/wp-content\/uploads\/2019\/01\/Anna-Ajduk_200_200.jpg\"},{\"@type\":\"BreadcrumbList\",\"@id\":\"https:\/\/amu.pan.pl\/prelegentki\/#breadcrumb\",\"itemListElement\":[{\"@type\":\"ListItem\",\"position\":1,\"name\":\"Strona g\u0142\u00f3wna\",\"item\":\"https:\/\/amu.pan.pl\/\"},{\"@type\":\"ListItem\",\"position\":2,\"name\":\"Prelegentki\"}]},{\"@type\":\"WebSite\",\"@id\":\"https:\/\/amu.pan.pl\/#website\",\"url\":\"https:\/\/amu.pan.pl\/\",\"name\":\"Akademia M\u0142odych Uczonych\",\"description\":\"Polska Akademia Nauk\",\"publisher\":{\"@id\":\"https:\/\/amu.pan.pl\/#organization\"},\"potentialAction\":[{\"@type\":\"SearchAction\",\"target\":{\"@type\":\"EntryPoint\",\"urlTemplate\":\"https:\/\/amu.pan.pl\/?s={search_term_string}\"},\"query-input\":{\"@type\":\"PropertyValueSpecification\",\"valueRequired\":true,\"valueName\":\"search_term_string\"}}],\"inLanguage\":\"en-GB\"},{\"@type\":\"Organization\",\"@id\":\"https:\/\/amu.pan.pl\/#organization\",\"name\":\"Akademia M\u0142odych Uczonych\",\"url\":\"https:\/\/amu.pan.pl\/\",\"logo\":{\"@type\":\"ImageObject\",\"inLanguage\":\"en-GB\",\"@id\":\"https:\/\/amu.pan.pl\/#\/schema\/logo\/image\/\",\"url\":\"https:\/\/amu.pan.pl\/wp-content\/uploads\/2020\/08\/zz_amu.png\",\"contentUrl\":\"https:\/\/amu.pan.pl\/wp-content\/uploads\/2020\/08\/zz_amu.png\",\"width\":2794,\"height\":1016,\"caption\":\"Akademia M\u0142odych Uczonych\"},\"image\":{\"@id\":\"https:\/\/amu.pan.pl\/#\/schema\/logo\/image\/\"},\"sameAs\":[\"https:\/\/www.facebook.com\/AkademiaMlodychUczonych\/\",\"https:\/\/x.com\/AMUPAN1\"]}]}<\/script>\n<!-- \/ Yoast SEO plugin. -->","yoast_head_json":{"title":"Prelegentki - Akademia M\u0142odych Uczonych","robots":{"index":"index","follow":"follow","max-snippet":"max-snippet:-1","max-image-preview":"max-image-preview:large","max-video-preview":"max-video-preview:-1"},"canonical":"https:\/\/amu.pan.pl\/en\/prelegentki\/","og_locale":"en_GB","og_type":"article","og_title":"Prelegentki - Akademia M\u0142odych Uczonych","og_description":"Organizator: dr hab. Anna Ajduk \u2013 adiunkt w Zak\u0142adzie Embriologii Wydzia\u0142u Biologii Uniwersytetu Warszawskiego. Odby\u0142a sta\u017ce naukowe w Cardiff University i University of Cambridge w Wielkiej Brytanii oraz w Institute for Biogenesis Research, University of Hawaii w USA.Od ponad 10 lat zajmuje si\u0119 tematyk\u0105 zap\u0142odnienia i wczesnego rozwoju zarodkowego ssak\u00f3w, tak\u017ce w kontek\u015bcie optymalizacji procedur&hellip;&nbsp;Read More &raquo;Prelegentki","og_url":"https:\/\/amu.pan.pl\/en\/prelegentki\/","og_site_name":"Akademia M\u0142odych Uczonych","article_publisher":"https:\/\/www.facebook.com\/AkademiaMlodychUczonych\/","og_image":[{"url":"http:\/\/amu.pan.pl\/amu_old\/kobietywnauce\/wp-content\/uploads\/2019\/01\/Anna-Ajduk_200_200.jpg","type":"","width":"","height":""}],"twitter_card":"summary_large_image","twitter_site":"@AMUPAN1","twitter_misc":{"Estimated reading time":"7 minutes"},"schema":{"@context":"https:\/\/schema.org","@graph":[{"@type":"WebPage","@id":"https:\/\/amu.pan.pl\/prelegentki\/","url":"https:\/\/amu.pan.pl\/prelegentki\/","name":"Prelegentki - Akademia M\u0142odych Uczonych","isPartOf":{"@id":"https:\/\/amu.pan.pl\/#website"},"primaryImageOfPage":{"@id":"https:\/\/amu.pan.pl\/prelegentki\/#primaryimage"},"image":{"@id":"https:\/\/amu.pan.pl\/prelegentki\/#primaryimage"},"thumbnailUrl":"http:\/\/amu.pan.pl\/amu_old\/kobietywnauce\/wp-content\/uploads\/2019\/01\/Anna-Ajduk_200_200.jpg","datePublished":"2018-12-21T11:21:13+00:00","breadcrumb":{"@id":"https:\/\/amu.pan.pl\/prelegentki\/#breadcrumb"},"inLanguage":"en-GB","potentialAction":[{"@type":"ReadAction","target":["https:\/\/amu.pan.pl\/prelegentki\/"]}]},{"@type":"ImageObject","inLanguage":"en-GB","@id":"https:\/\/amu.pan.pl\/prelegentki\/#primaryimage","url":"http:\/\/amu.pan.pl\/amu_old\/kobietywnauce\/wp-content\/uploads\/2019\/01\/Anna-Ajduk_200_200.jpg","contentUrl":"http:\/\/amu.pan.pl\/amu_old\/kobietywnauce\/wp-content\/uploads\/2019\/01\/Anna-Ajduk_200_200.jpg"},{"@type":"BreadcrumbList","@id":"https:\/\/amu.pan.pl\/prelegentki\/#breadcrumb","itemListElement":[{"@type":"ListItem","position":1,"name":"Strona g\u0142\u00f3wna","item":"https:\/\/amu.pan.pl\/"},{"@type":"ListItem","position":2,"name":"Prelegentki"}]},{"@type":"WebSite","@id":"https:\/\/amu.pan.pl\/#website","url":"https:\/\/amu.pan.pl\/","name":"Akademia M\u0142odych Uczonych","description":"Polska Akademia Nauk","publisher":{"@id":"https:\/\/amu.pan.pl\/#organization"},"potentialAction":[{"@type":"SearchAction","target":{"@type":"EntryPoint","urlTemplate":"https:\/\/amu.pan.pl\/?s={search_term_string}"},"query-input":{"@type":"PropertyValueSpecification","valueRequired":true,"valueName":"search_term_string"}}],"inLanguage":"en-GB"},{"@type":"Organization","@id":"https:\/\/amu.pan.pl\/#organization","name":"Akademia M\u0142odych Uczonych","url":"https:\/\/amu.pan.pl\/","logo":{"@type":"ImageObject","inLanguage":"en-GB","@id":"https:\/\/amu.pan.pl\/#\/schema\/logo\/image\/","url":"https:\/\/amu.pan.pl\/wp-content\/uploads\/2020\/08\/zz_amu.png","contentUrl":"https:\/\/amu.pan.pl\/wp-content\/uploads\/2020\/08\/zz_amu.png","width":2794,"height":1016,"caption":"Akademia M\u0142odych Uczonych"},"image":{"@id":"https:\/\/amu.pan.pl\/#\/schema\/logo\/image\/"},"sameAs":["https:\/\/www.facebook.com\/AkademiaMlodychUczonych\/","https:\/\/x.com\/AMUPAN1"]}]}},"_links":{"self":[{"href":"https:\/\/amu.pan.pl\/en\/wp-json\/wp\/v2\/pages\/2303","targetHints":{"allow":["GET"]}}],"collection":[{"href":"https:\/\/amu.pan.pl\/en\/wp-json\/wp\/v2\/pages"}],"about":[{"href":"https:\/\/amu.pan.pl\/en\/wp-json\/wp\/v2\/types\/page"}],"author":[{"embeddable":true,"href":"https:\/\/amu.pan.pl\/en\/wp-json\/wp\/v2\/users\/2"}],"replies":[{"embeddable":true,"href":"https:\/\/amu.pan.pl\/en\/wp-json\/wp\/v2\/comments?post=2303"}],"version-history":[{"count":0,"href":"https:\/\/amu.pan.pl\/en\/wp-json\/wp\/v2\/pages\/2303\/revisions"}],"wp:attachment":[{"href":"https:\/\/amu.pan.pl\/en\/wp-json\/wp\/v2\/media?parent=2303"}],"curies":[{"name":"wp","href":"https:\/\/api.w.org\/{rel}","templated":true}]}}