{"id":5546,"date":"2024-09-19T10:26:28","date_gmt":"2024-09-19T08:26:28","guid":{"rendered":"https:\/\/amu.pan.pl\/?page_id=5546"},"modified":"2024-09-19T13:34:12","modified_gmt":"2024-09-19T11:34:12","slug":"tomasz-kosciolek","status":"publish","type":"page","link":"https:\/\/amu.pan.pl\/en\/tomasz-kosciolek\/","title":{"rendered":"Tomasz Ko\u015bci\u00f3\u0142ek"},"content":{"rendered":"<div data-elementor-type=\"wp-page\" data-elementor-id=\"5546\" class=\"elementor elementor-5546\">\n\t\t\t\t\t\t<section class=\"elementor-section elementor-top-section elementor-element elementor-element-0485243 elementor-section-boxed elementor-section-height-default elementor-section-height-default\" data-id=\"0485243\" data-element_type=\"section\">\n\t\t\t\t\t\t<div class=\"elementor-container elementor-column-gap-default\">\n\t\t\t\t\t<div class=\"elementor-column elementor-col-100 elementor-top-column elementor-element elementor-element-ab85d1f\" data-id=\"ab85d1f\" data-element_type=\"column\">\n\t\t\t<div class=\"elementor-widget-wrap elementor-element-populated\">\n\t\t\t\t\t\t<div class=\"elementor-element elementor-element-40ca409 elementor-widget elementor-widget-heading\" data-id=\"40ca409\" data-element_type=\"widget\" data-widget_type=\"heading.default\">\n\t\t\t\t<div class=\"elementor-widget-container\">\n\t\t\t\t\t<h1 class=\"elementor-heading-title elementor-size-default\">Tomasz Ko\u015bci\u00f3\u0142ek<\/h1>\t\t\t\t<\/div>\n\t\t\t\t<\/div>\n\t\t\t\t\t<\/div>\n\t\t<\/div>\n\t\t\t\t\t<\/div>\n\t\t<\/section>\n\t\t\t\t<section class=\"elementor-section elementor-top-section elementor-element elementor-element-07a541c elementor-section-boxed elementor-section-height-default elementor-section-height-default\" data-id=\"07a541c\" data-element_type=\"section\">\n\t\t\t\t\t\t<div class=\"elementor-container elementor-column-gap-default\">\n\t\t\t\t\t<div class=\"elementor-column elementor-col-100 elementor-top-column elementor-element elementor-element-f06528c\" data-id=\"f06528c\" data-element_type=\"column\">\n\t\t\t<div class=\"elementor-widget-wrap elementor-element-populated\">\n\t\t\t\t\t\t<div class=\"elementor-element elementor-element-7e9c003 elementor-widget elementor-widget-text-editor\" data-id=\"7e9c003\" data-element_type=\"widget\" data-widget_type=\"text-editor.default\">\n\t\t\t\t<div class=\"elementor-widget-container\">\n\t\t\t\t\t\t\t\t\t<p><a href=\"https:\/\/amu.pan.pl\/o-nas\/sklad-amu\/fotografia-biznesowa-krakow\/\" rel=\"attachment wp-att-5459\"><img fetchpriority=\"high\" decoding=\"async\" class=\"alignleft size-medium wp-image-5459\" src=\"https:\/\/amu.pan.pl\/wp-content\/uploads\/2024\/09\/Tomek_2-300x300.jpg\" alt=\"\" width=\"300\" height=\"300\" srcset=\"https:\/\/amu.pan.pl\/wp-content\/uploads\/2024\/09\/Tomek_2-300x300.jpg 300w, https:\/\/amu.pan.pl\/wp-content\/uploads\/2024\/09\/Tomek_2-1024x1024.jpg 1024w, https:\/\/amu.pan.pl\/wp-content\/uploads\/2024\/09\/Tomek_2-150x150.jpg 150w, https:\/\/amu.pan.pl\/wp-content\/uploads\/2024\/09\/Tomek_2-768x768.jpg 768w, https:\/\/amu.pan.pl\/wp-content\/uploads\/2024\/09\/Tomek_2-1536x1536.jpg 1536w, https:\/\/amu.pan.pl\/wp-content\/uploads\/2024\/09\/Tomek_2-2048x2048.jpg 2048w, https:\/\/amu.pan.pl\/wp-content\/uploads\/2024\/09\/Tomek_2-12x12.jpg 12w\" sizes=\"(max-width: 300px) 100vw, 300px\" \/><\/a>Tomasz Ko\u015bci\u00f3\u0142ek uzyska\u0142 tytu\u0142 magistra chemii na Uniwersytecie Jagiello\u0144skim w 2010 r. oraz stopie\u0144 doktora nauk biologicznych na University College London (Wielka Brytania) w 2016 r. W latach 2016-2019 odby\u0142 sta\u017c podoktorski w grupie Roba Knighta na Uniwersytecie Kalifornijskim w San Diego (USA). W latach 2019-2023 by\u0142 liderem grupy bioinformatyki w Ma\u0142opolskim Centrum Biotechnologii Uniwersytetu Jagiello\u0144skiego w Krakowie. W latach 2023-2024 by\u0142 profesorem uczelni Politechniki \u015al\u0105skiej w Gliwicach, zatrudnionym w ramach programu Inicjatywa Doskona\u0142o\u015bci \u2013 Uczelnia Badawcza. Od 2024 roku jest Liderem Grupy Badawczej w Sano \u2013 Centrum Medycyny Obliczeniowej w Krakowie. Tomasz jest tak\u017ce wsp\u00f3\u0142za\u0142o\u017cycielem onebiome Sp. z o.o. oraz doradc\u0105 Human Biome Institute s.a.<\/p><p>Pracuje nad rozwojem i zastosowaniem metod obliczeniowych w celu lepszego zrozumienia funkcji i dynamiki ludzkiego mikrobiomu jelitowego. Przyczyni\u0142 si\u0119 do rozwoju zestawu narz\u0119dzi powszechnie stosowanych w analizach mikrobiom\u00f3w \u2013 QIIME 2 i Qiita \u2013 a tak\u017ce pracuje nad najnowocze\u015bniejszymi metodami uczenia maszynowego i statystycznymi do przewidywania funkcji bia\u0142ek (deepFRI) lub modelowania dysbiozy i dynamika mikrobiomu. Celem jego grupy jest zbudowanie wielopoziomowego zrozumienia mikrobiomu od gen\u00f3w, poprzez struktury, po funkcje i terapie.<\/p>\t\t\t\t\t\t\t\t<\/div>\n\t\t\t\t<\/div>\n\t\t\t\t\t<\/div>\n\t\t<\/div>\n\t\t\t\t\t<\/div>\n\t\t<\/section>\n\t\t\t\t<\/div>","protected":false},"excerpt":{"rendered":"<p>Tomasz Ko\u015bci\u00f3\u0142ek Tomasz Ko\u015bci\u00f3\u0142ek uzyska\u0142 tytu\u0142 magistra chemii na Uniwersytecie Jagiello\u0144skim w 2010 r. oraz stopie\u0144 doktora nauk biologicznych na University College London (Wielka Brytania) w 2016 r. W latach 2016-2019 odby\u0142 sta\u017c podoktorski w grupie Roba Knighta na Uniwersytecie Kalifornijskim w San Diego (USA). W latach 2019-2023 by\u0142 liderem grupy bioinformatyki w Ma\u0142opolskim Centrum&hellip;&nbsp;<a href=\"https:\/\/amu.pan.pl\/en\/tomasz-kosciolek\/\" rel=\"bookmark\">Read More &raquo;<span class=\"screen-reader-text\">Tomasz Ko\u015bci\u00f3\u0142ek<\/span><\/a><\/p>","protected":false},"author":2,"featured_media":0,"parent":0,"menu_order":0,"comment_status":"closed","ping_status":"closed","template":"page-templates\/template-pagebuilder-full-width.php","meta":{"_monsterinsights_skip_tracking":false,"_monsterinsights_sitenote_active":false,"_monsterinsights_sitenote_note":"","_monsterinsights_sitenote_category":0,"neve_meta_sidebar":"","neve_meta_container":"","neve_meta_enable_content_width":"","neve_meta_content_width":0,"neve_meta_title_alignment":"","neve_meta_author_avatar":"","neve_post_elements_order":"","neve_meta_disable_header":"","neve_meta_disable_footer":"","neve_meta_disable_title":"","footnotes":""},"class_list":["post-5546","page","type-page","status-publish","hentry"],"yoast_head":"<!-- This site is optimized with the Yoast SEO plugin v25.0 - https:\/\/yoast.com\/wordpress\/plugins\/seo\/ -->\n<title>Tomasz Ko\u015bci\u00f3\u0142ek - Akademia M\u0142odych Uczonych<\/title>\n<meta name=\"robots\" content=\"index, follow, max-snippet:-1, max-image-preview:large, max-video-preview:-1\" \/>\n<link rel=\"canonical\" href=\"https:\/\/amu.pan.pl\/en\/tomasz-kosciolek\/\" \/>\n<meta property=\"og:locale\" content=\"en_GB\" \/>\n<meta property=\"og:type\" content=\"article\" \/>\n<meta property=\"og:title\" content=\"Tomasz Ko\u015bci\u00f3\u0142ek - Akademia M\u0142odych Uczonych\" \/>\n<meta property=\"og:description\" content=\"Tomasz Ko\u015bci\u00f3\u0142ek Tomasz Ko\u015bci\u00f3\u0142ek uzyska\u0142 tytu\u0142 magistra chemii na Uniwersytecie Jagiello\u0144skim w 2010 r. oraz stopie\u0144 doktora nauk biologicznych na University College London (Wielka Brytania) w 2016 r. W latach 2016-2019 odby\u0142 sta\u017c podoktorski w grupie Roba Knighta na Uniwersytecie Kalifornijskim w San Diego (USA). W latach 2019-2023 by\u0142 liderem grupy bioinformatyki w Ma\u0142opolskim Centrum&hellip;&nbsp;Read More &raquo;Tomasz Ko\u015bci\u00f3\u0142ek\" \/>\n<meta property=\"og:url\" content=\"https:\/\/amu.pan.pl\/en\/tomasz-kosciolek\/\" \/>\n<meta property=\"og:site_name\" content=\"Akademia M\u0142odych Uczonych\" \/>\n<meta property=\"article:publisher\" content=\"https:\/\/www.facebook.com\/AkademiaMlodychUczonych\/\" \/>\n<meta property=\"article:modified_time\" content=\"2024-09-19T11:34:12+00:00\" \/>\n<meta property=\"og:image\" content=\"https:\/\/amu.pan.pl\/wp-content\/uploads\/2024\/09\/Tomek_2-scaled.jpg\" \/>\n\t<meta property=\"og:image:width\" content=\"2560\" \/>\n\t<meta property=\"og:image:height\" content=\"2560\" \/>\n\t<meta property=\"og:image:type\" content=\"image\/jpeg\" \/>\n<meta name=\"twitter:card\" content=\"summary_large_image\" \/>\n<meta name=\"twitter:site\" content=\"@AMUPAN1\" \/>\n<meta name=\"twitter:label1\" content=\"Estimated reading time\" \/>\n\t<meta name=\"twitter:data1\" content=\"1 minute\" \/>\n<script type=\"application\/ld+json\" class=\"yoast-schema-graph\">{\"@context\":\"https:\/\/schema.org\",\"@graph\":[{\"@type\":\"WebPage\",\"@id\":\"https:\/\/amu.pan.pl\/tomasz-kosciolek\/\",\"url\":\"https:\/\/amu.pan.pl\/tomasz-kosciolek\/\",\"name\":\"Tomasz Ko\u015bci\u00f3\u0142ek - Akademia M\u0142odych Uczonych\",\"isPartOf\":{\"@id\":\"https:\/\/amu.pan.pl\/#website\"},\"primaryImageOfPage\":{\"@id\":\"https:\/\/amu.pan.pl\/tomasz-kosciolek\/#primaryimage\"},\"image\":{\"@id\":\"https:\/\/amu.pan.pl\/tomasz-kosciolek\/#primaryimage\"},\"thumbnailUrl\":\"https:\/\/amu.pan.pl\/wp-content\/uploads\/2024\/09\/Tomek_2-300x300.jpg\",\"datePublished\":\"2024-09-19T08:26:28+00:00\",\"dateModified\":\"2024-09-19T11:34:12+00:00\",\"breadcrumb\":{\"@id\":\"https:\/\/amu.pan.pl\/tomasz-kosciolek\/#breadcrumb\"},\"inLanguage\":\"en-GB\",\"potentialAction\":[{\"@type\":\"ReadAction\",\"target\":[\"https:\/\/amu.pan.pl\/tomasz-kosciolek\/\"]}]},{\"@type\":\"ImageObject\",\"inLanguage\":\"en-GB\",\"@id\":\"https:\/\/amu.pan.pl\/tomasz-kosciolek\/#primaryimage\",\"url\":\"https:\/\/amu.pan.pl\/wp-content\/uploads\/2024\/09\/Tomek_2-300x300.jpg\",\"contentUrl\":\"https:\/\/amu.pan.pl\/wp-content\/uploads\/2024\/09\/Tomek_2-300x300.jpg\"},{\"@type\":\"BreadcrumbList\",\"@id\":\"https:\/\/amu.pan.pl\/tomasz-kosciolek\/#breadcrumb\",\"itemListElement\":[{\"@type\":\"ListItem\",\"position\":1,\"name\":\"Strona g\u0142\u00f3wna\",\"item\":\"https:\/\/amu.pan.pl\/\"},{\"@type\":\"ListItem\",\"position\":2,\"name\":\"Tomasz Ko\u015bci\u00f3\u0142ek\"}]},{\"@type\":\"WebSite\",\"@id\":\"https:\/\/amu.pan.pl\/#website\",\"url\":\"https:\/\/amu.pan.pl\/\",\"name\":\"Akademia M\u0142odych Uczonych\",\"description\":\"Polska Akademia Nauk\",\"publisher\":{\"@id\":\"https:\/\/amu.pan.pl\/#organization\"},\"potentialAction\":[{\"@type\":\"SearchAction\",\"target\":{\"@type\":\"EntryPoint\",\"urlTemplate\":\"https:\/\/amu.pan.pl\/?s={search_term_string}\"},\"query-input\":{\"@type\":\"PropertyValueSpecification\",\"valueRequired\":true,\"valueName\":\"search_term_string\"}}],\"inLanguage\":\"en-GB\"},{\"@type\":\"Organization\",\"@id\":\"https:\/\/amu.pan.pl\/#organization\",\"name\":\"Akademia M\u0142odych Uczonych\",\"url\":\"https:\/\/amu.pan.pl\/\",\"logo\":{\"@type\":\"ImageObject\",\"inLanguage\":\"en-GB\",\"@id\":\"https:\/\/amu.pan.pl\/#\/schema\/logo\/image\/\",\"url\":\"https:\/\/amu.pan.pl\/wp-content\/uploads\/2020\/08\/zz_amu.png\",\"contentUrl\":\"https:\/\/amu.pan.pl\/wp-content\/uploads\/2020\/08\/zz_amu.png\",\"width\":2794,\"height\":1016,\"caption\":\"Akademia M\u0142odych Uczonych\"},\"image\":{\"@id\":\"https:\/\/amu.pan.pl\/#\/schema\/logo\/image\/\"},\"sameAs\":[\"https:\/\/www.facebook.com\/AkademiaMlodychUczonych\/\",\"https:\/\/x.com\/AMUPAN1\"]}]}<\/script>\n<!-- \/ Yoast SEO plugin. -->","yoast_head_json":{"title":"Tomasz Ko\u015bci\u00f3\u0142ek - Akademia M\u0142odych Uczonych","robots":{"index":"index","follow":"follow","max-snippet":"max-snippet:-1","max-image-preview":"max-image-preview:large","max-video-preview":"max-video-preview:-1"},"canonical":"https:\/\/amu.pan.pl\/en\/tomasz-kosciolek\/","og_locale":"en_GB","og_type":"article","og_title":"Tomasz Ko\u015bci\u00f3\u0142ek - Akademia M\u0142odych Uczonych","og_description":"Tomasz Ko\u015bci\u00f3\u0142ek Tomasz Ko\u015bci\u00f3\u0142ek uzyska\u0142 tytu\u0142 magistra chemii na Uniwersytecie Jagiello\u0144skim w 2010 r. oraz stopie\u0144 doktora nauk biologicznych na University College London (Wielka Brytania) w 2016 r. W latach 2016-2019 odby\u0142 sta\u017c podoktorski w grupie Roba Knighta na Uniwersytecie Kalifornijskim w San Diego (USA). W latach 2019-2023 by\u0142 liderem grupy bioinformatyki w Ma\u0142opolskim Centrum&hellip;&nbsp;Read More &raquo;Tomasz Ko\u015bci\u00f3\u0142ek","og_url":"https:\/\/amu.pan.pl\/en\/tomasz-kosciolek\/","og_site_name":"Akademia M\u0142odych Uczonych","article_publisher":"https:\/\/www.facebook.com\/AkademiaMlodychUczonych\/","article_modified_time":"2024-09-19T11:34:12+00:00","og_image":[{"width":2560,"height":2560,"url":"https:\/\/amu.pan.pl\/wp-content\/uploads\/2024\/09\/Tomek_2-scaled.jpg","type":"image\/jpeg"}],"twitter_card":"summary_large_image","twitter_site":"@AMUPAN1","twitter_misc":{"Estimated reading time":"1 minute"},"schema":{"@context":"https:\/\/schema.org","@graph":[{"@type":"WebPage","@id":"https:\/\/amu.pan.pl\/tomasz-kosciolek\/","url":"https:\/\/amu.pan.pl\/tomasz-kosciolek\/","name":"Tomasz Ko\u015bci\u00f3\u0142ek - Akademia M\u0142odych Uczonych","isPartOf":{"@id":"https:\/\/amu.pan.pl\/#website"},"primaryImageOfPage":{"@id":"https:\/\/amu.pan.pl\/tomasz-kosciolek\/#primaryimage"},"image":{"@id":"https:\/\/amu.pan.pl\/tomasz-kosciolek\/#primaryimage"},"thumbnailUrl":"https:\/\/amu.pan.pl\/wp-content\/uploads\/2024\/09\/Tomek_2-300x300.jpg","datePublished":"2024-09-19T08:26:28+00:00","dateModified":"2024-09-19T11:34:12+00:00","breadcrumb":{"@id":"https:\/\/amu.pan.pl\/tomasz-kosciolek\/#breadcrumb"},"inLanguage":"en-GB","potentialAction":[{"@type":"ReadAction","target":["https:\/\/amu.pan.pl\/tomasz-kosciolek\/"]}]},{"@type":"ImageObject","inLanguage":"en-GB","@id":"https:\/\/amu.pan.pl\/tomasz-kosciolek\/#primaryimage","url":"https:\/\/amu.pan.pl\/wp-content\/uploads\/2024\/09\/Tomek_2-300x300.jpg","contentUrl":"https:\/\/amu.pan.pl\/wp-content\/uploads\/2024\/09\/Tomek_2-300x300.jpg"},{"@type":"BreadcrumbList","@id":"https:\/\/amu.pan.pl\/tomasz-kosciolek\/#breadcrumb","itemListElement":[{"@type":"ListItem","position":1,"name":"Strona g\u0142\u00f3wna","item":"https:\/\/amu.pan.pl\/"},{"@type":"ListItem","position":2,"name":"Tomasz Ko\u015bci\u00f3\u0142ek"}]},{"@type":"WebSite","@id":"https:\/\/amu.pan.pl\/#website","url":"https:\/\/amu.pan.pl\/","name":"Akademia M\u0142odych Uczonych","description":"Polska Akademia Nauk","publisher":{"@id":"https:\/\/amu.pan.pl\/#organization"},"potentialAction":[{"@type":"SearchAction","target":{"@type":"EntryPoint","urlTemplate":"https:\/\/amu.pan.pl\/?s={search_term_string}"},"query-input":{"@type":"PropertyValueSpecification","valueRequired":true,"valueName":"search_term_string"}}],"inLanguage":"en-GB"},{"@type":"Organization","@id":"https:\/\/amu.pan.pl\/#organization","name":"Akademia M\u0142odych Uczonych","url":"https:\/\/amu.pan.pl\/","logo":{"@type":"ImageObject","inLanguage":"en-GB","@id":"https:\/\/amu.pan.pl\/#\/schema\/logo\/image\/","url":"https:\/\/amu.pan.pl\/wp-content\/uploads\/2020\/08\/zz_amu.png","contentUrl":"https:\/\/amu.pan.pl\/wp-content\/uploads\/2020\/08\/zz_amu.png","width":2794,"height":1016,"caption":"Akademia M\u0142odych Uczonych"},"image":{"@id":"https:\/\/amu.pan.pl\/#\/schema\/logo\/image\/"},"sameAs":["https:\/\/www.facebook.com\/AkademiaMlodychUczonych\/","https:\/\/x.com\/AMUPAN1"]}]}},"_links":{"self":[{"href":"https:\/\/amu.pan.pl\/en\/wp-json\/wp\/v2\/pages\/5546","targetHints":{"allow":["GET"]}}],"collection":[{"href":"https:\/\/amu.pan.pl\/en\/wp-json\/wp\/v2\/pages"}],"about":[{"href":"https:\/\/amu.pan.pl\/en\/wp-json\/wp\/v2\/types\/page"}],"author":[{"embeddable":true,"href":"https:\/\/amu.pan.pl\/en\/wp-json\/wp\/v2\/users\/2"}],"replies":[{"embeddable":true,"href":"https:\/\/amu.pan.pl\/en\/wp-json\/wp\/v2\/comments?post=5546"}],"version-history":[{"count":11,"href":"https:\/\/amu.pan.pl\/en\/wp-json\/wp\/v2\/pages\/5546\/revisions"}],"predecessor-version":[{"id":5606,"href":"https:\/\/amu.pan.pl\/en\/wp-json\/wp\/v2\/pages\/5546\/revisions\/5606"}],"wp:attachment":[{"href":"https:\/\/amu.pan.pl\/en\/wp-json\/wp\/v2\/media?parent=5546"}],"curies":[{"name":"wp","href":"https:\/\/api.w.org\/{rel}","templated":true}]}}