{"id":5552,"date":"2024-09-19T10:32:14","date_gmt":"2024-09-19T08:32:14","guid":{"rendered":"https:\/\/amu.pan.pl\/?page_id=5552"},"modified":"2025-10-15T10:27:40","modified_gmt":"2025-10-15T08:27:40","slug":"pawel-kryszkiewicz","status":"publish","type":"page","link":"https:\/\/amu.pan.pl\/en\/pawel-kryszkiewicz\/","title":{"rendered":"Pawe\u0142 Kryszkiewicz"},"content":{"rendered":"<div data-elementor-type=\"wp-page\" data-elementor-id=\"5552\" class=\"elementor elementor-5552\">\n\t\t\t\t\t\t<section class=\"elementor-section elementor-top-section elementor-element elementor-element-18b60cb elementor-section-boxed elementor-section-height-default elementor-section-height-default\" data-id=\"18b60cb\" data-element_type=\"section\">\n\t\t\t\t\t\t<div class=\"elementor-container elementor-column-gap-default\">\n\t\t\t\t\t<div class=\"elementor-column elementor-col-100 elementor-top-column elementor-element elementor-element-fe4cbab\" data-id=\"fe4cbab\" data-element_type=\"column\">\n\t\t\t<div class=\"elementor-widget-wrap elementor-element-populated\">\n\t\t\t\t\t\t<div class=\"elementor-element elementor-element-9c24952 elementor-widget elementor-widget-heading\" data-id=\"9c24952\" data-element_type=\"widget\" data-widget_type=\"heading.default\">\n\t\t\t\t<div class=\"elementor-widget-container\">\n\t\t\t\t\t<h2 class=\"elementor-heading-title elementor-size-default\">Pawe\u0142 Kryszkiewicz<\/h2>\t\t\t\t<\/div>\n\t\t\t\t<\/div>\n\t\t\t\t\t<\/div>\n\t\t<\/div>\n\t\t\t\t\t<\/div>\n\t\t<\/section>\n\t\t\t\t<section class=\"elementor-section elementor-top-section elementor-element elementor-element-3033943 elementor-section-boxed elementor-section-height-default elementor-section-height-default\" data-id=\"3033943\" data-element_type=\"section\">\n\t\t\t\t\t\t<div class=\"elementor-container elementor-column-gap-default\">\n\t\t\t\t\t<div class=\"elementor-column elementor-col-100 elementor-top-column elementor-element elementor-element-d3445af\" data-id=\"d3445af\" data-element_type=\"column\">\n\t\t\t<div class=\"elementor-widget-wrap elementor-element-populated\">\n\t\t\t\t\t\t<div class=\"elementor-element elementor-element-90475dc elementor-widget elementor-widget-text-editor\" data-id=\"90475dc\" data-element_type=\"widget\" data-widget_type=\"text-editor.default\">\n\t\t\t\t<div class=\"elementor-widget-container\">\n\t\t\t\t\t\t\t\t\t<p><a href=\"https:\/\/amu.pan.pl\/o-nas\/sklad-amu\/photo_kryszkiewicz_2022\/\" rel=\"attachment wp-att-5447\"><img fetchpriority=\"high\" decoding=\"async\" class=\"alignleft size-medium wp-image-5447\" src=\"https:\/\/amu.pan.pl\/wp-content\/uploads\/2024\/09\/photo_kryszkiewicz_2022-250x300.jpg\" alt=\"\" width=\"250\" height=\"300\" srcset=\"https:\/\/amu.pan.pl\/wp-content\/uploads\/2024\/09\/photo_kryszkiewicz_2022-250x300.jpg 250w, https:\/\/amu.pan.pl\/wp-content\/uploads\/2024\/09\/photo_kryszkiewicz_2022-768x921.jpg 768w, https:\/\/amu.pan.pl\/wp-content\/uploads\/2024\/09\/photo_kryszkiewicz_2022-10x12.jpg 10w, https:\/\/amu.pan.pl\/wp-content\/uploads\/2024\/09\/photo_kryszkiewicz_2022.jpg 774w\" sizes=\"(max-width: 250px) 100vw, 250px\" \/><\/a><\/p><p style=\"margin: 0cm;\"><span style=\"font-family: 'Arial',sans-serif; color: black;\">Jest Profesorem Politechniki Pozna\u0144skiej w Instytucie Radiokomunikacji. Uko\u0144czy\u0142 studia magisterskie na kierunku Elektronika i telekomunikacja z wyr\u00f3\u017cnieniem na Politechnice Pozna\u0144skiej w 2010 roku. W roku 2015 obroni\u0142 z wyr\u00f3\u017cnieniem prac\u0119 doktorsk\u0105 w dyscyplinie Informatyka techniczna i telekomunikacja, a w 2022 roku uzyska\u0142 stopie\u0144 doktora habilitowanego w tej\u017ce dyscyplinie. Od roku 2023 jest zatrudniony na stanowisku profesora.<\/span><\/p><p style=\"margin: 0px;\"><span style=\"font-family: 'Arial',sans-serif; color: black;\">Do g\u0142\u00f3wnych zainteresowa\u0144 naukowych Prof. Kryszkiewicza nale\u017c\u0105 techniki \u0142\u0105czno\u015bci bezprzewodowej np. w systemie 5G. W ramach szeregu realizowanych projekt\u00f3w naukowych zajmowa\u0142 si\u0119, m. in., systemami wielotonowymi, wieloantenowymi, dynamicznym dost\u0119pem do widma elektromagnetycznego, a tak\u017ce zapewnieniem efektywno\u015bci energetycznej transmisji.<\/span><\/p><p style=\"margin: 0px;\"><span style=\"font-family: 'Arial',sans-serif; color: black;\">\u00a0<\/span><\/p><p style=\"margin: 0px;\"><span style=\"font-family: 'Arial',sans-serif; color: black;\">Prof. Kryszkiewicz kierowa\u0142 lub bra\u0142 udzia\u0142 w wielu projektach badawczych finansowanych ze \u015brodk\u00f3w MNiSW, NCN, NCBiR, a tak\u017ce Unii Europejskiej w ramach 7. Programu Ramowego, programu Horyzont 2020 i Horyzont Europa. Wsp\u00f3\u0142pracowa\u0142 z naukowcami z wielu wiod\u0105cych uniwersytet\u00f3w i instytucji badawczych,\u00a0 a tak\u017ce odbywa\u0142 kr\u00f3tkoterminowe sta\u017ce badawcze. W 2019 roku pracowa\u0142 w przedsi\u0119biorstwie Fairspectrum, lidera technologii dynamicznego dost\u0119pu do widma elektromagnetycznego. Od 2020 roku jest te\u017c wsp\u00f3\u0142za\u0142o\u017cycielem spin-offu Rimedo labs, m.in. realizuj\u0105cego projekty g\u0142\u00f3wnie w obszarze Open-RAN we wsp\u00f3\u0142pracy ze \u015bwiatowymi gigantami technologicznymi np. Amazon, Deutsche Telekom. Otrzyma\u0142 stypendium Fundacji Fulbrighta na pobyt w Worcester Polytechnic Institute, Massachusetts, USA,\u00a0 w roku 2021. Od 2023 roku by\u0142 przewodnicz\u0105cym, a aktualnie wiceprzewodnicz\u0105cym polskiego oddzia\u0142u IEEE Communications Society.<\/span><\/p><p style=\"margin: 0px;\"><span style=\"font-family: 'Arial',sans-serif; color: black;\">\u00a0<\/span><\/p><p style=\"margin: 0px;\"><span style=\"font-family: 'Arial',sans-serif; color: black;\">Prof. Pawe\u0142 Kryszkiewicz by\u0142 wielokrotnie nagradzany za swoj\u0105 dzia\u0142alno\u015b\u0107 naukow\u0105 m.in. stypendium dla wybitnego m\u0142odego naukowca (MNiSW, 2017), stypendium START (FNP, 2017), pierwsza nagroda w konkursie na najlepsz\u0105 prac\u0119 doktorsk\u0105 z zakresu radiokomunikacji i technik multimedialnych (Fundacja Wspierania Rozwoju Radiokomunikacji i Technik Multimedialnych, 2016), wyr\u00f3\u017cnienie w konkursie na najlepsz\u0105 prac\u0119 opublikowan\u0105 przez m\u0142odego naukowca (PAN Pozna\u0144, 2013).<\/span><\/p><p style=\"margin: 0px;\"><span style=\"font-family: 'Arial',sans-serif; color: black;\">Prof. Kryszkiewicz jest autorem b\u0105d\u017a wsp\u00f3\u0142autorem ponad 100 artyku\u0142\u00f3w naukowych opublikowanych w czasopismach mi\u0119dzynarodowych (wi\u0119kszo\u015b\u0107 z Listy Filadelfijskiej) b\u0105d\u017a zaprezentowanych podczas mi\u0119dzynarodowych konferencji, a tak\u017ce jednej ksi\u0105\u017cki i dw\u00f3ch rozdzia\u0142\u00f3w w ksi\u0105\u017ckach. Wi\u0119cej informacji mo\u017cna znale\u017a\u0107 na: <a href=\"https:\/\/scholar.google.pl\/citations?hl=pl&amp;user=TUfpNJMAAAAJ\">https:\/\/scholar.google.pl\/citations?hl=pl&amp;user=TUfpNJMAAAAJ<\/a><\/span><\/p>\t\t\t\t\t\t\t\t<\/div>\n\t\t\t\t<\/div>\n\t\t\t\t\t<\/div>\n\t\t<\/div>\n\t\t\t\t\t<\/div>\n\t\t<\/section>\n\t\t\t\t<\/div>","protected":false},"excerpt":{"rendered":"<p>Pawe\u0142 Kryszkiewicz Jest Profesorem Politechniki Pozna\u0144skiej w Instytucie Radiokomunikacji. Uko\u0144czy\u0142 studia magisterskie na kierunku Elektronika i telekomunikacja z wyr\u00f3\u017cnieniem na Politechnice Pozna\u0144skiej w 2010 roku. W roku 2015 obroni\u0142 z wyr\u00f3\u017cnieniem prac\u0119 doktorsk\u0105 w dyscyplinie Informatyka techniczna i telekomunikacja, a w 2022 roku uzyska\u0142 stopie\u0144 doktora habilitowanego w tej\u017ce dyscyplinie. Od roku 2023 jest zatrudniony&hellip;&nbsp;<a href=\"https:\/\/amu.pan.pl\/en\/pawel-kryszkiewicz\/\" rel=\"bookmark\">Read More &raquo;<span class=\"screen-reader-text\">Pawe\u0142 Kryszkiewicz<\/span><\/a><\/p>","protected":false},"author":2,"featured_media":0,"parent":0,"menu_order":0,"comment_status":"closed","ping_status":"closed","template":"page-templates\/template-pagebuilder-full-width.php","meta":{"_monsterinsights_skip_tracking":false,"_monsterinsights_sitenote_active":false,"_monsterinsights_sitenote_note":"","_monsterinsights_sitenote_category":0,"neve_meta_sidebar":"","neve_meta_container":"","neve_meta_enable_content_width":"","neve_meta_content_width":0,"neve_meta_title_alignment":"","neve_meta_author_avatar":"","neve_post_elements_order":"","neve_meta_disable_header":"","neve_meta_disable_footer":"","neve_meta_disable_title":"","footnotes":""},"class_list":["post-5552","page","type-page","status-publish","hentry"],"yoast_head":"<!-- This site is optimized with the Yoast SEO plugin v25.0 - https:\/\/yoast.com\/wordpress\/plugins\/seo\/ -->\n<title>Pawe\u0142 Kryszkiewicz - Akademia M\u0142odych Uczonych<\/title>\n<meta name=\"robots\" content=\"index, follow, max-snippet:-1, max-image-preview:large, max-video-preview:-1\" \/>\n<link rel=\"canonical\" href=\"https:\/\/amu.pan.pl\/en\/pawel-kryszkiewicz\/\" \/>\n<meta property=\"og:locale\" content=\"en_GB\" \/>\n<meta property=\"og:type\" content=\"article\" \/>\n<meta property=\"og:title\" content=\"Pawe\u0142 Kryszkiewicz - Akademia M\u0142odych Uczonych\" \/>\n<meta property=\"og:description\" content=\"Pawe\u0142 Kryszkiewicz Jest Profesorem Politechniki Pozna\u0144skiej w Instytucie Radiokomunikacji. Uko\u0144czy\u0142 studia magisterskie na kierunku Elektronika i telekomunikacja z wyr\u00f3\u017cnieniem na Politechnice Pozna\u0144skiej w 2010 roku. W roku 2015 obroni\u0142 z wyr\u00f3\u017cnieniem prac\u0119 doktorsk\u0105 w dyscyplinie Informatyka techniczna i telekomunikacja, a w 2022 roku uzyska\u0142 stopie\u0144 doktora habilitowanego w tej\u017ce dyscyplinie. Od roku 2023 jest zatrudniony&hellip;&nbsp;Read More &raquo;Pawe\u0142 Kryszkiewicz\" \/>\n<meta property=\"og:url\" content=\"https:\/\/amu.pan.pl\/en\/pawel-kryszkiewicz\/\" \/>\n<meta property=\"og:site_name\" content=\"Akademia M\u0142odych Uczonych\" \/>\n<meta property=\"article:publisher\" content=\"https:\/\/www.facebook.com\/AkademiaMlodychUczonych\/\" \/>\n<meta property=\"article:modified_time\" content=\"2025-10-15T08:27:40+00:00\" \/>\n<meta property=\"og:image\" content=\"https:\/\/amu.pan.pl\/wp-content\/uploads\/2024\/09\/photo_kryszkiewicz_2022.jpg\" \/>\n\t<meta property=\"og:image:width\" content=\"774\" \/>\n\t<meta property=\"og:image:height\" content=\"928\" \/>\n\t<meta property=\"og:image:type\" content=\"image\/jpeg\" \/>\n<meta name=\"twitter:card\" content=\"summary_large_image\" \/>\n<meta name=\"twitter:site\" content=\"@AMUPAN1\" \/>\n<meta name=\"twitter:label1\" content=\"Estimated reading time\" \/>\n\t<meta name=\"twitter:data1\" content=\"3 minutes\" \/>\n<script type=\"application\/ld+json\" class=\"yoast-schema-graph\">{\"@context\":\"https:\/\/schema.org\",\"@graph\":[{\"@type\":\"WebPage\",\"@id\":\"https:\/\/amu.pan.pl\/pawel-kryszkiewicz\/\",\"url\":\"https:\/\/amu.pan.pl\/pawel-kryszkiewicz\/\",\"name\":\"Pawe\u0142 Kryszkiewicz - Akademia M\u0142odych Uczonych\",\"isPartOf\":{\"@id\":\"https:\/\/amu.pan.pl\/#website\"},\"primaryImageOfPage\":{\"@id\":\"https:\/\/amu.pan.pl\/pawel-kryszkiewicz\/#primaryimage\"},\"image\":{\"@id\":\"https:\/\/amu.pan.pl\/pawel-kryszkiewicz\/#primaryimage\"},\"thumbnailUrl\":\"https:\/\/amu.pan.pl\/wp-content\/uploads\/2024\/09\/photo_kryszkiewicz_2022-250x300.jpg\",\"datePublished\":\"2024-09-19T08:32:14+00:00\",\"dateModified\":\"2025-10-15T08:27:40+00:00\",\"breadcrumb\":{\"@id\":\"https:\/\/amu.pan.pl\/pawel-kryszkiewicz\/#breadcrumb\"},\"inLanguage\":\"en-GB\",\"potentialAction\":[{\"@type\":\"ReadAction\",\"target\":[\"https:\/\/amu.pan.pl\/pawel-kryszkiewicz\/\"]}]},{\"@type\":\"ImageObject\",\"inLanguage\":\"en-GB\",\"@id\":\"https:\/\/amu.pan.pl\/pawel-kryszkiewicz\/#primaryimage\",\"url\":\"https:\/\/amu.pan.pl\/wp-content\/uploads\/2024\/09\/photo_kryszkiewicz_2022-250x300.jpg\",\"contentUrl\":\"https:\/\/amu.pan.pl\/wp-content\/uploads\/2024\/09\/photo_kryszkiewicz_2022-250x300.jpg\"},{\"@type\":\"BreadcrumbList\",\"@id\":\"https:\/\/amu.pan.pl\/pawel-kryszkiewicz\/#breadcrumb\",\"itemListElement\":[{\"@type\":\"ListItem\",\"position\":1,\"name\":\"Strona g\u0142\u00f3wna\",\"item\":\"https:\/\/amu.pan.pl\/\"},{\"@type\":\"ListItem\",\"position\":2,\"name\":\"Pawe\u0142 Kryszkiewicz\"}]},{\"@type\":\"WebSite\",\"@id\":\"https:\/\/amu.pan.pl\/#website\",\"url\":\"https:\/\/amu.pan.pl\/\",\"name\":\"Akademia M\u0142odych Uczonych\",\"description\":\"Polska Akademia Nauk\",\"publisher\":{\"@id\":\"https:\/\/amu.pan.pl\/#organization\"},\"potentialAction\":[{\"@type\":\"SearchAction\",\"target\":{\"@type\":\"EntryPoint\",\"urlTemplate\":\"https:\/\/amu.pan.pl\/?s={search_term_string}\"},\"query-input\":{\"@type\":\"PropertyValueSpecification\",\"valueRequired\":true,\"valueName\":\"search_term_string\"}}],\"inLanguage\":\"en-GB\"},{\"@type\":\"Organization\",\"@id\":\"https:\/\/amu.pan.pl\/#organization\",\"name\":\"Akademia M\u0142odych Uczonych\",\"url\":\"https:\/\/amu.pan.pl\/\",\"logo\":{\"@type\":\"ImageObject\",\"inLanguage\":\"en-GB\",\"@id\":\"https:\/\/amu.pan.pl\/#\/schema\/logo\/image\/\",\"url\":\"https:\/\/amu.pan.pl\/wp-content\/uploads\/2020\/08\/zz_amu.png\",\"contentUrl\":\"https:\/\/amu.pan.pl\/wp-content\/uploads\/2020\/08\/zz_amu.png\",\"width\":2794,\"height\":1016,\"caption\":\"Akademia M\u0142odych Uczonych\"},\"image\":{\"@id\":\"https:\/\/amu.pan.pl\/#\/schema\/logo\/image\/\"},\"sameAs\":[\"https:\/\/www.facebook.com\/AkademiaMlodychUczonych\/\",\"https:\/\/x.com\/AMUPAN1\"]}]}<\/script>\n<!-- \/ Yoast SEO plugin. -->","yoast_head_json":{"title":"Pawe\u0142 Kryszkiewicz - Akademia M\u0142odych Uczonych","robots":{"index":"index","follow":"follow","max-snippet":"max-snippet:-1","max-image-preview":"max-image-preview:large","max-video-preview":"max-video-preview:-1"},"canonical":"https:\/\/amu.pan.pl\/en\/pawel-kryszkiewicz\/","og_locale":"en_GB","og_type":"article","og_title":"Pawe\u0142 Kryszkiewicz - Akademia M\u0142odych Uczonych","og_description":"Pawe\u0142 Kryszkiewicz Jest Profesorem Politechniki Pozna\u0144skiej w Instytucie Radiokomunikacji. Uko\u0144czy\u0142 studia magisterskie na kierunku Elektronika i telekomunikacja z wyr\u00f3\u017cnieniem na Politechnice Pozna\u0144skiej w 2010 roku. W roku 2015 obroni\u0142 z wyr\u00f3\u017cnieniem prac\u0119 doktorsk\u0105 w dyscyplinie Informatyka techniczna i telekomunikacja, a w 2022 roku uzyska\u0142 stopie\u0144 doktora habilitowanego w tej\u017ce dyscyplinie. Od roku 2023 jest zatrudniony&hellip;&nbsp;Read More &raquo;Pawe\u0142 Kryszkiewicz","og_url":"https:\/\/amu.pan.pl\/en\/pawel-kryszkiewicz\/","og_site_name":"Akademia M\u0142odych Uczonych","article_publisher":"https:\/\/www.facebook.com\/AkademiaMlodychUczonych\/","article_modified_time":"2025-10-15T08:27:40+00:00","og_image":[{"width":774,"height":928,"url":"https:\/\/amu.pan.pl\/wp-content\/uploads\/2024\/09\/photo_kryszkiewicz_2022.jpg","type":"image\/jpeg"}],"twitter_card":"summary_large_image","twitter_site":"@AMUPAN1","twitter_misc":{"Estimated reading time":"3 minutes"},"schema":{"@context":"https:\/\/schema.org","@graph":[{"@type":"WebPage","@id":"https:\/\/amu.pan.pl\/pawel-kryszkiewicz\/","url":"https:\/\/amu.pan.pl\/pawel-kryszkiewicz\/","name":"Pawe\u0142 Kryszkiewicz - Akademia M\u0142odych Uczonych","isPartOf":{"@id":"https:\/\/amu.pan.pl\/#website"},"primaryImageOfPage":{"@id":"https:\/\/amu.pan.pl\/pawel-kryszkiewicz\/#primaryimage"},"image":{"@id":"https:\/\/amu.pan.pl\/pawel-kryszkiewicz\/#primaryimage"},"thumbnailUrl":"https:\/\/amu.pan.pl\/wp-content\/uploads\/2024\/09\/photo_kryszkiewicz_2022-250x300.jpg","datePublished":"2024-09-19T08:32:14+00:00","dateModified":"2025-10-15T08:27:40+00:00","breadcrumb":{"@id":"https:\/\/amu.pan.pl\/pawel-kryszkiewicz\/#breadcrumb"},"inLanguage":"en-GB","potentialAction":[{"@type":"ReadAction","target":["https:\/\/amu.pan.pl\/pawel-kryszkiewicz\/"]}]},{"@type":"ImageObject","inLanguage":"en-GB","@id":"https:\/\/amu.pan.pl\/pawel-kryszkiewicz\/#primaryimage","url":"https:\/\/amu.pan.pl\/wp-content\/uploads\/2024\/09\/photo_kryszkiewicz_2022-250x300.jpg","contentUrl":"https:\/\/amu.pan.pl\/wp-content\/uploads\/2024\/09\/photo_kryszkiewicz_2022-250x300.jpg"},{"@type":"BreadcrumbList","@id":"https:\/\/amu.pan.pl\/pawel-kryszkiewicz\/#breadcrumb","itemListElement":[{"@type":"ListItem","position":1,"name":"Strona g\u0142\u00f3wna","item":"https:\/\/amu.pan.pl\/"},{"@type":"ListItem","position":2,"name":"Pawe\u0142 Kryszkiewicz"}]},{"@type":"WebSite","@id":"https:\/\/amu.pan.pl\/#website","url":"https:\/\/amu.pan.pl\/","name":"Akademia M\u0142odych Uczonych","description":"Polska Akademia Nauk","publisher":{"@id":"https:\/\/amu.pan.pl\/#organization"},"potentialAction":[{"@type":"SearchAction","target":{"@type":"EntryPoint","urlTemplate":"https:\/\/amu.pan.pl\/?s={search_term_string}"},"query-input":{"@type":"PropertyValueSpecification","valueRequired":true,"valueName":"search_term_string"}}],"inLanguage":"en-GB"},{"@type":"Organization","@id":"https:\/\/amu.pan.pl\/#organization","name":"Akademia M\u0142odych Uczonych","url":"https:\/\/amu.pan.pl\/","logo":{"@type":"ImageObject","inLanguage":"en-GB","@id":"https:\/\/amu.pan.pl\/#\/schema\/logo\/image\/","url":"https:\/\/amu.pan.pl\/wp-content\/uploads\/2020\/08\/zz_amu.png","contentUrl":"https:\/\/amu.pan.pl\/wp-content\/uploads\/2020\/08\/zz_amu.png","width":2794,"height":1016,"caption":"Akademia M\u0142odych Uczonych"},"image":{"@id":"https:\/\/amu.pan.pl\/#\/schema\/logo\/image\/"},"sameAs":["https:\/\/www.facebook.com\/AkademiaMlodychUczonych\/","https:\/\/x.com\/AMUPAN1"]}]}},"_links":{"self":[{"href":"https:\/\/amu.pan.pl\/en\/wp-json\/wp\/v2\/pages\/5552","targetHints":{"allow":["GET"]}}],"collection":[{"href":"https:\/\/amu.pan.pl\/en\/wp-json\/wp\/v2\/pages"}],"about":[{"href":"https:\/\/amu.pan.pl\/en\/wp-json\/wp\/v2\/types\/page"}],"author":[{"embeddable":true,"href":"https:\/\/amu.pan.pl\/en\/wp-json\/wp\/v2\/users\/2"}],"replies":[{"embeddable":true,"href":"https:\/\/amu.pan.pl\/en\/wp-json\/wp\/v2\/comments?post=5552"}],"version-history":[{"count":14,"href":"https:\/\/amu.pan.pl\/en\/wp-json\/wp\/v2\/pages\/5552\/revisions"}],"predecessor-version":[{"id":5924,"href":"https:\/\/amu.pan.pl\/en\/wp-json\/wp\/v2\/pages\/5552\/revisions\/5924"}],"wp:attachment":[{"href":"https:\/\/amu.pan.pl\/en\/wp-json\/wp\/v2\/media?parent=5552"}],"curies":[{"name":"wp","href":"https:\/\/api.w.org\/{rel}","templated":true}]}}