{"id":5580,"date":"2024-09-19T11:19:06","date_gmt":"2024-09-19T09:19:06","guid":{"rendered":"https:\/\/amu.pan.pl\/?page_id=5580"},"modified":"2025-10-15T11:11:05","modified_gmt":"2025-10-15T09:11:05","slug":"zaneta-swiderska","status":"publish","type":"page","link":"https:\/\/amu.pan.pl\/en\/zaneta-swiderska\/","title":{"rendered":"\u017baneta \u015awiderska-Chadaj"},"content":{"rendered":"<div data-elementor-type=\"wp-page\" data-elementor-id=\"5580\" class=\"elementor elementor-5580\">\n\t\t\t\t\t\t<section class=\"elementor-section elementor-top-section elementor-element elementor-element-7e2ce20 elementor-section-boxed elementor-section-height-default elementor-section-height-default\" data-id=\"7e2ce20\" data-element_type=\"section\">\n\t\t\t\t\t\t<div class=\"elementor-container elementor-column-gap-default\">\n\t\t\t\t\t<div class=\"elementor-column elementor-col-100 elementor-top-column elementor-element elementor-element-21889fd\" data-id=\"21889fd\" data-element_type=\"column\">\n\t\t\t<div class=\"elementor-widget-wrap elementor-element-populated\">\n\t\t\t\t\t\t<div class=\"elementor-element elementor-element-214ea47 elementor-widget elementor-widget-heading\" data-id=\"214ea47\" data-element_type=\"widget\" data-widget_type=\"heading.default\">\n\t\t\t\t<div class=\"elementor-widget-container\">\n\t\t\t\t\t<h2 class=\"elementor-heading-title elementor-size-default\">\u017baneta \u015awiderska-Chadaj<\/h2>\t\t\t\t<\/div>\n\t\t\t\t<\/div>\n\t\t\t\t\t<\/div>\n\t\t<\/div>\n\t\t\t\t\t<\/div>\n\t\t<\/section>\n\t\t\t\t<section class=\"elementor-section elementor-top-section elementor-element elementor-element-e1292df elementor-section-boxed elementor-section-height-default elementor-section-height-default\" data-id=\"e1292df\" data-element_type=\"section\">\n\t\t\t\t\t\t<div class=\"elementor-container elementor-column-gap-default\">\n\t\t\t\t\t<div class=\"elementor-column elementor-col-100 elementor-top-column elementor-element elementor-element-a4b1dcc\" data-id=\"a4b1dcc\" data-element_type=\"column\">\n\t\t\t<div class=\"elementor-widget-wrap elementor-element-populated\">\n\t\t\t\t\t\t<div class=\"elementor-element elementor-element-ede565f elementor-widget__width-initial elementor-widget elementor-widget-text-editor\" data-id=\"ede565f\" data-element_type=\"widget\" data-widget_type=\"text-editor.default\">\n\t\t\t\t<div class=\"elementor-widget-container\">\n\t\t\t\t\t\t\t\t\t<p><a href=\"https:\/\/amu.pan.pl\/o-nas\/sklad-amu\/zaneta\/\" rel=\"attachment wp-att-5457\"><img fetchpriority=\"high\" decoding=\"async\" class=\"alignleft size-medium wp-image-5457\" src=\"https:\/\/amu.pan.pl\/wp-content\/uploads\/2024\/09\/zaneta-200x300.jpg\" alt=\"\" width=\"200\" height=\"300\" srcset=\"https:\/\/amu.pan.pl\/wp-content\/uploads\/2024\/09\/zaneta-200x300.jpg 200w, https:\/\/amu.pan.pl\/wp-content\/uploads\/2024\/09\/zaneta-683x1024.jpg 683w, https:\/\/amu.pan.pl\/wp-content\/uploads\/2024\/09\/zaneta-768x1151.jpg 768w, https:\/\/amu.pan.pl\/wp-content\/uploads\/2024\/09\/zaneta-8x12.jpg 8w, https:\/\/amu.pan.pl\/wp-content\/uploads\/2024\/09\/zaneta.jpg 1000w\" sizes=\"(max-width: 200px) 100vw, 200px\" \/><\/a><\/p><p style=\"margin: 0cm 0cm 22.5pt 0cm;\">Dr hab. in\u017c. \u017baneta \u015awiderska-Chadaj, prof. PW jest ekspertem w dziedzinie analizy obrazu biomedycznego i biologicznego. W pracy badawczej zajmuje si\u0119 opracowywaniem nowych rozwi\u0105za\u0144 wykorzystuj\u0105cych sztuczn\u0105 inteligencj\u0119 \u00a0do wspomagania diagnostyki medycznej (histopatologicznej i radiologicznej) oraz analizy proces\u00f3w biologicznych. Jej badania maj\u0105 charakter aplikacyjny i interdyscyplinarny: \u0142\u0105cz\u0105 takie dziedziny jak g\u0142\u0119bokie uczenie si\u0119, uczenie maszynowe i wizja komputerowa, biologia i medycyna. Badaczka \u015bci\u015ble wsp\u00f3\u0142pracuje z ekspertami z wielu dziedzin.<\/p><p style=\"box-sizing: border-box; margin: 0cm 0cm 22.5pt 0cm;\">Dr hab. in\u017c. \u017baneta \u015awiderska-Chadaj jest profesorem na Politechnice Warszawskiej, gdzie prowadzi badania w obszarze biomedycznym. Stopie\u0144 doktora habilitowanego w dyscyplinie In\u017cynieria Biomedyczna uzyska\u0142a na Politechnice Warszawskiej w 2022 r., doktora w dyscyplinie Informatyka na Politechnice Warszawskiej w 2017 r., magistra na Politechnice Warszawskiej w 2014 r. oraz in\u017cyniera na Politechnice \u015al\u0105skiej w 2012 r. Badaczka zdoby\u0142a do\u015bwiadczenie w pracy w mi\u0119dzynarodowych zespo\u0142ach badawczych podczas 2,5-letniego sta\u017cu podoktorskiego w renomowanej grupie badawczej Computational Pathology w Radboudumc w Nijmegen, Niderlandy (2017-2020), wizyty studyjnej w Cedars-Sinai w USA (2019) oraz 3-miesiecznego sta\u017cu na Uniwersytecie Castilla La Mancha w Ciudad Real w Hiszpanii (2017). Jest cz\u0142onkiem IEEE oraz ELLIS Unit Warsaw\u00a0. Zosta\u0142a laureatk\u0105 nagr\u00f3d naukowych Rektora Politechniki Warszawskiej oraz nagrody dla Wybitnych M\u0142odych Naukowc\u00f3w Start FNP (2020 r.), Stypendium Ministra (2021 r.) oraz Nagrody Naukowej POLITYKI (2022 r.). Badaczka zasta\u0142a r\u00f3wnie\u017c wyr\u00f3\u017cniona w\u015br\u00f3d TOP 100 Women in AI Fundacji Perspektywy. W latach\u00a02021-2025 pracowa\u0142a w firmie Bayer, a od 2025 w kieruje zespo\u0142em Analizy obrazowych danych medycznych w Instytucie Badawczym IDEAS.\u00a0<\/p><p style=\"box-sizing: border-box; margin: 0cm 0cm 22.5pt 0cm;\">Badaczka aktywnie dzia\u0142a na rzecz promocji nauki, poprzez udzia\u0142 w dzia\u0142aniach, takich jak program monitoringowy Women in Tech fundacji Perspektywy oraz liczne wyk\u0142ady go\u015bcinne promuj\u0105ce nauk\u0119.<\/p>\t\t\t\t\t\t\t\t<\/div>\n\t\t\t\t<\/div>\n\t\t\t\t\t<\/div>\n\t\t<\/div>\n\t\t\t\t\t<\/div>\n\t\t<\/section>\n\t\t\t\t<section class=\"elementor-section elementor-top-section elementor-element elementor-element-548b322 elementor-section-boxed elementor-section-height-default elementor-section-height-default\" data-id=\"548b322\" data-element_type=\"section\">\n\t\t\t\t\t\t<div class=\"elementor-container elementor-column-gap-default\">\n\t\t\t\t\t<div class=\"elementor-column elementor-col-100 elementor-top-column elementor-element elementor-element-109b93d\" data-id=\"109b93d\" data-element_type=\"column\">\n\t\t\t<div class=\"elementor-widget-wrap elementor-element-populated\">\n\t\t\t\t\t\t<div class=\"elementor-element elementor-element-ea781b1 elementor-widget elementor-widget-text-editor\" data-id=\"ea781b1\" data-element_type=\"widget\" data-widget_type=\"text-editor.default\">\n\t\t\t\t<div class=\"elementor-widget-container\">\n\t\t\t\t\t\t\t\t\t<p style=\"box-sizing: border-box; margin: 0cm 0cm 22.5pt 0cm;\">Dr. hab. in\u017c. \u017baneta \u015awiderska-Chadaj, associate professor at the Warsaw University of Technology, is an expert in the field of biomedical and biological image analysis. Her research focuses on developing new solutions that utilize artificial intelligence to support medical diagnostics (histological and radiological) and analyze biological processes. Her work is both applied and interdisciplinary, bridging fields such as deep learning, machine learning, computer vision, biology, and medicine. She collaborates closely with experts from various domains.<\/p><p style=\"box-sizing: border-box; margin: 0cm 0cm 22.5pt 0cm;\">Dr. hab. in\u017c. \u017baneta \u015awiderska-Chadaj is an associate professor at the Warsaw University of Technology, where she conducts research in the biomedical field. She obtained her habilitated doctorate in Biomedical Engineering from the Warsaw University of Technology in 2022, her PhD in Computer Science from the same institution in 2017, her master\u2019s degree from the Warsaw University of Technology in 2014, and her engineering degree from the Silesian University of Technology in 2012. She gained experience working in international research teams during a 2.5-year postdoctoral fellowship in the renowned Computational Pathology research group at Radboudumc in Nijmegen, Netherlands (2017-2020), through a study visit to Cedars-Sinai in the USA (2019), and a three-month internship at the University of Castilla La Mancha in Ciudad Real, Spain (2017). She is a member of IEEE and ELLIS Unit Warsaw. She has received several academic awards, including the Rector\u2019s Scientific Prize from the Warsaw University of Technology, the Outstanding Young Scientist Award from the Start FNP (2020), the Minister\u2019s Scholarship (2021), and the POLITYKA Scientific Award (2022). She was also recognized among the TOP 100 Women in AI by the Perspectives Foundation. From 2021 to 2025, she worked at Bayer, and since 2025, she has been leading the Medical Image Analysis Team at IDEAS Research Institute.\u00a0<\/p><p style=\"box-sizing: border-box; margin: 0cm 0cm 22.5pt 0cm;\">She is actively engaged in promoting science through participation in initiatives such as the Women in Tech monitoring program by the Perspectives Foundation and numerous guest lectures aimed at promoting science.<\/p>\t\t\t\t\t\t\t\t<\/div>\n\t\t\t\t<\/div>\n\t\t\t\t\t<\/div>\n\t\t<\/div>\n\t\t\t\t\t<\/div>\n\t\t<\/section>\n\t\t\t\t<\/div>","protected":false},"excerpt":{"rendered":"<p>\u017baneta \u015awiderska-Chadaj Dr hab. in\u017c. \u017baneta \u015awiderska-Chadaj, prof. PW jest ekspertem w dziedzinie analizy obrazu biomedycznego i biologicznego. W pracy badawczej zajmuje si\u0119 opracowywaniem nowych rozwi\u0105za\u0144 wykorzystuj\u0105cych sztuczn\u0105 inteligencj\u0119 \u00a0do wspomagania diagnostyki medycznej (histopatologicznej i radiologicznej) oraz analizy proces\u00f3w biologicznych. Jej badania maj\u0105 charakter aplikacyjny i interdyscyplinarny: \u0142\u0105cz\u0105 takie dziedziny jak g\u0142\u0119bokie uczenie si\u0119, uczenie&hellip;&nbsp;<a href=\"https:\/\/amu.pan.pl\/en\/zaneta-swiderska\/\" rel=\"bookmark\">Read More &raquo;<span class=\"screen-reader-text\">\u017baneta \u015awiderska-Chadaj<\/span><\/a><\/p>","protected":false},"author":2,"featured_media":0,"parent":0,"menu_order":0,"comment_status":"closed","ping_status":"closed","template":"page-templates\/template-pagebuilder-full-width.php","meta":{"_monsterinsights_skip_tracking":false,"_monsterinsights_sitenote_active":false,"_monsterinsights_sitenote_note":"","_monsterinsights_sitenote_category":0,"neve_meta_sidebar":"","neve_meta_container":"","neve_meta_enable_content_width":"","neve_meta_content_width":0,"neve_meta_title_alignment":"","neve_meta_author_avatar":"","neve_post_elements_order":"","neve_meta_disable_header":"","neve_meta_disable_footer":"","neve_meta_disable_title":"","footnotes":""},"class_list":["post-5580","page","type-page","status-publish","hentry"],"yoast_head":"<!-- This site is optimized with the Yoast SEO plugin v25.0 - https:\/\/yoast.com\/wordpress\/plugins\/seo\/ -->\n<title>\u017baneta \u015awiderska-Chadaj - Akademia M\u0142odych Uczonych<\/title>\n<meta name=\"robots\" content=\"index, follow, max-snippet:-1, max-image-preview:large, max-video-preview:-1\" \/>\n<link rel=\"canonical\" href=\"https:\/\/amu.pan.pl\/en\/zaneta-swiderska\/\" \/>\n<meta property=\"og:locale\" content=\"en_GB\" \/>\n<meta property=\"og:type\" content=\"article\" \/>\n<meta property=\"og:title\" content=\"\u017baneta \u015awiderska-Chadaj - Akademia M\u0142odych Uczonych\" \/>\n<meta property=\"og:description\" content=\"\u017baneta \u015awiderska-Chadaj Dr hab. in\u017c. \u017baneta \u015awiderska-Chadaj, prof. PW jest ekspertem w dziedzinie analizy obrazu biomedycznego i biologicznego. W pracy badawczej zajmuje si\u0119 opracowywaniem nowych rozwi\u0105za\u0144 wykorzystuj\u0105cych sztuczn\u0105 inteligencj\u0119 \u00a0do wspomagania diagnostyki medycznej (histopatologicznej i radiologicznej) oraz analizy proces\u00f3w biologicznych. Jej badania maj\u0105 charakter aplikacyjny i interdyscyplinarny: \u0142\u0105cz\u0105 takie dziedziny jak g\u0142\u0119bokie uczenie si\u0119, uczenie&hellip;&nbsp;Read More &raquo;\u017baneta \u015awiderska-Chadaj\" \/>\n<meta property=\"og:url\" content=\"https:\/\/amu.pan.pl\/en\/zaneta-swiderska\/\" \/>\n<meta property=\"og:site_name\" content=\"Akademia M\u0142odych Uczonych\" \/>\n<meta property=\"article:publisher\" content=\"https:\/\/www.facebook.com\/AkademiaMlodychUczonych\/\" \/>\n<meta property=\"article:modified_time\" content=\"2025-10-15T09:11:05+00:00\" \/>\n<meta property=\"og:image\" content=\"https:\/\/amu.pan.pl\/wp-content\/uploads\/2024\/09\/zaneta.jpg\" \/>\n\t<meta property=\"og:image:width\" content=\"1000\" \/>\n\t<meta property=\"og:image:height\" content=\"1499\" \/>\n\t<meta property=\"og:image:type\" content=\"image\/jpeg\" \/>\n<meta name=\"twitter:card\" content=\"summary_large_image\" \/>\n<meta name=\"twitter:site\" content=\"@AMUPAN1\" \/>\n<meta name=\"twitter:label1\" content=\"Estimated reading time\" \/>\n\t<meta name=\"twitter:data1\" content=\"4 minutes\" \/>\n<script type=\"application\/ld+json\" class=\"yoast-schema-graph\">{\"@context\":\"https:\/\/schema.org\",\"@graph\":[{\"@type\":\"WebPage\",\"@id\":\"https:\/\/amu.pan.pl\/zaneta-swiderska\/\",\"url\":\"https:\/\/amu.pan.pl\/zaneta-swiderska\/\",\"name\":\"\u017baneta \u015awiderska-Chadaj - Akademia M\u0142odych Uczonych\",\"isPartOf\":{\"@id\":\"https:\/\/amu.pan.pl\/#website\"},\"primaryImageOfPage\":{\"@id\":\"https:\/\/amu.pan.pl\/zaneta-swiderska\/#primaryimage\"},\"image\":{\"@id\":\"https:\/\/amu.pan.pl\/zaneta-swiderska\/#primaryimage\"},\"thumbnailUrl\":\"https:\/\/amu.pan.pl\/wp-content\/uploads\/2024\/09\/zaneta-200x300.jpg\",\"datePublished\":\"2024-09-19T09:19:06+00:00\",\"dateModified\":\"2025-10-15T09:11:05+00:00\",\"breadcrumb\":{\"@id\":\"https:\/\/amu.pan.pl\/zaneta-swiderska\/#breadcrumb\"},\"inLanguage\":\"en-GB\",\"potentialAction\":[{\"@type\":\"ReadAction\",\"target\":[\"https:\/\/amu.pan.pl\/zaneta-swiderska\/\"]}]},{\"@type\":\"ImageObject\",\"inLanguage\":\"en-GB\",\"@id\":\"https:\/\/amu.pan.pl\/zaneta-swiderska\/#primaryimage\",\"url\":\"https:\/\/amu.pan.pl\/wp-content\/uploads\/2024\/09\/zaneta-200x300.jpg\",\"contentUrl\":\"https:\/\/amu.pan.pl\/wp-content\/uploads\/2024\/09\/zaneta-200x300.jpg\"},{\"@type\":\"BreadcrumbList\",\"@id\":\"https:\/\/amu.pan.pl\/zaneta-swiderska\/#breadcrumb\",\"itemListElement\":[{\"@type\":\"ListItem\",\"position\":1,\"name\":\"Strona g\u0142\u00f3wna\",\"item\":\"https:\/\/amu.pan.pl\/\"},{\"@type\":\"ListItem\",\"position\":2,\"name\":\"\u017baneta \u015awiderska-Chadaj\"}]},{\"@type\":\"WebSite\",\"@id\":\"https:\/\/amu.pan.pl\/#website\",\"url\":\"https:\/\/amu.pan.pl\/\",\"name\":\"Akademia M\u0142odych Uczonych\",\"description\":\"Polska Akademia Nauk\",\"publisher\":{\"@id\":\"https:\/\/amu.pan.pl\/#organization\"},\"potentialAction\":[{\"@type\":\"SearchAction\",\"target\":{\"@type\":\"EntryPoint\",\"urlTemplate\":\"https:\/\/amu.pan.pl\/?s={search_term_string}\"},\"query-input\":{\"@type\":\"PropertyValueSpecification\",\"valueRequired\":true,\"valueName\":\"search_term_string\"}}],\"inLanguage\":\"en-GB\"},{\"@type\":\"Organization\",\"@id\":\"https:\/\/amu.pan.pl\/#organization\",\"name\":\"Akademia M\u0142odych Uczonych\",\"url\":\"https:\/\/amu.pan.pl\/\",\"logo\":{\"@type\":\"ImageObject\",\"inLanguage\":\"en-GB\",\"@id\":\"https:\/\/amu.pan.pl\/#\/schema\/logo\/image\/\",\"url\":\"https:\/\/amu.pan.pl\/wp-content\/uploads\/2020\/08\/zz_amu.png\",\"contentUrl\":\"https:\/\/amu.pan.pl\/wp-content\/uploads\/2020\/08\/zz_amu.png\",\"width\":2794,\"height\":1016,\"caption\":\"Akademia M\u0142odych Uczonych\"},\"image\":{\"@id\":\"https:\/\/amu.pan.pl\/#\/schema\/logo\/image\/\"},\"sameAs\":[\"https:\/\/www.facebook.com\/AkademiaMlodychUczonych\/\",\"https:\/\/x.com\/AMUPAN1\"]}]}<\/script>\n<!-- \/ Yoast SEO plugin. -->","yoast_head_json":{"title":"\u017baneta \u015awiderska-Chadaj - Akademia M\u0142odych Uczonych","robots":{"index":"index","follow":"follow","max-snippet":"max-snippet:-1","max-image-preview":"max-image-preview:large","max-video-preview":"max-video-preview:-1"},"canonical":"https:\/\/amu.pan.pl\/en\/zaneta-swiderska\/","og_locale":"en_GB","og_type":"article","og_title":"\u017baneta \u015awiderska-Chadaj - Akademia M\u0142odych Uczonych","og_description":"\u017baneta \u015awiderska-Chadaj Dr hab. in\u017c. \u017baneta \u015awiderska-Chadaj, prof. PW jest ekspertem w dziedzinie analizy obrazu biomedycznego i biologicznego. W pracy badawczej zajmuje si\u0119 opracowywaniem nowych rozwi\u0105za\u0144 wykorzystuj\u0105cych sztuczn\u0105 inteligencj\u0119 \u00a0do wspomagania diagnostyki medycznej (histopatologicznej i radiologicznej) oraz analizy proces\u00f3w biologicznych. Jej badania maj\u0105 charakter aplikacyjny i interdyscyplinarny: \u0142\u0105cz\u0105 takie dziedziny jak g\u0142\u0119bokie uczenie si\u0119, uczenie&hellip;&nbsp;Read More &raquo;\u017baneta \u015awiderska-Chadaj","og_url":"https:\/\/amu.pan.pl\/en\/zaneta-swiderska\/","og_site_name":"Akademia M\u0142odych Uczonych","article_publisher":"https:\/\/www.facebook.com\/AkademiaMlodychUczonych\/","article_modified_time":"2025-10-15T09:11:05+00:00","og_image":[{"width":1000,"height":1499,"url":"https:\/\/amu.pan.pl\/wp-content\/uploads\/2024\/09\/zaneta.jpg","type":"image\/jpeg"}],"twitter_card":"summary_large_image","twitter_site":"@AMUPAN1","twitter_misc":{"Estimated reading time":"4 minutes"},"schema":{"@context":"https:\/\/schema.org","@graph":[{"@type":"WebPage","@id":"https:\/\/amu.pan.pl\/zaneta-swiderska\/","url":"https:\/\/amu.pan.pl\/zaneta-swiderska\/","name":"\u017baneta \u015awiderska-Chadaj - Akademia M\u0142odych Uczonych","isPartOf":{"@id":"https:\/\/amu.pan.pl\/#website"},"primaryImageOfPage":{"@id":"https:\/\/amu.pan.pl\/zaneta-swiderska\/#primaryimage"},"image":{"@id":"https:\/\/amu.pan.pl\/zaneta-swiderska\/#primaryimage"},"thumbnailUrl":"https:\/\/amu.pan.pl\/wp-content\/uploads\/2024\/09\/zaneta-200x300.jpg","datePublished":"2024-09-19T09:19:06+00:00","dateModified":"2025-10-15T09:11:05+00:00","breadcrumb":{"@id":"https:\/\/amu.pan.pl\/zaneta-swiderska\/#breadcrumb"},"inLanguage":"en-GB","potentialAction":[{"@type":"ReadAction","target":["https:\/\/amu.pan.pl\/zaneta-swiderska\/"]}]},{"@type":"ImageObject","inLanguage":"en-GB","@id":"https:\/\/amu.pan.pl\/zaneta-swiderska\/#primaryimage","url":"https:\/\/amu.pan.pl\/wp-content\/uploads\/2024\/09\/zaneta-200x300.jpg","contentUrl":"https:\/\/amu.pan.pl\/wp-content\/uploads\/2024\/09\/zaneta-200x300.jpg"},{"@type":"BreadcrumbList","@id":"https:\/\/amu.pan.pl\/zaneta-swiderska\/#breadcrumb","itemListElement":[{"@type":"ListItem","position":1,"name":"Strona g\u0142\u00f3wna","item":"https:\/\/amu.pan.pl\/"},{"@type":"ListItem","position":2,"name":"\u017baneta \u015awiderska-Chadaj"}]},{"@type":"WebSite","@id":"https:\/\/amu.pan.pl\/#website","url":"https:\/\/amu.pan.pl\/","name":"Akademia M\u0142odych Uczonych","description":"Polska Akademia Nauk","publisher":{"@id":"https:\/\/amu.pan.pl\/#organization"},"potentialAction":[{"@type":"SearchAction","target":{"@type":"EntryPoint","urlTemplate":"https:\/\/amu.pan.pl\/?s={search_term_string}"},"query-input":{"@type":"PropertyValueSpecification","valueRequired":true,"valueName":"search_term_string"}}],"inLanguage":"en-GB"},{"@type":"Organization","@id":"https:\/\/amu.pan.pl\/#organization","name":"Akademia M\u0142odych Uczonych","url":"https:\/\/amu.pan.pl\/","logo":{"@type":"ImageObject","inLanguage":"en-GB","@id":"https:\/\/amu.pan.pl\/#\/schema\/logo\/image\/","url":"https:\/\/amu.pan.pl\/wp-content\/uploads\/2020\/08\/zz_amu.png","contentUrl":"https:\/\/amu.pan.pl\/wp-content\/uploads\/2020\/08\/zz_amu.png","width":2794,"height":1016,"caption":"Akademia M\u0142odych Uczonych"},"image":{"@id":"https:\/\/amu.pan.pl\/#\/schema\/logo\/image\/"},"sameAs":["https:\/\/www.facebook.com\/AkademiaMlodychUczonych\/","https:\/\/x.com\/AMUPAN1"]}]}},"_links":{"self":[{"href":"https:\/\/amu.pan.pl\/en\/wp-json\/wp\/v2\/pages\/5580","targetHints":{"allow":["GET"]}}],"collection":[{"href":"https:\/\/amu.pan.pl\/en\/wp-json\/wp\/v2\/pages"}],"about":[{"href":"https:\/\/amu.pan.pl\/en\/wp-json\/wp\/v2\/types\/page"}],"author":[{"embeddable":true,"href":"https:\/\/amu.pan.pl\/en\/wp-json\/wp\/v2\/users\/2"}],"replies":[{"embeddable":true,"href":"https:\/\/amu.pan.pl\/en\/wp-json\/wp\/v2\/comments?post=5580"}],"version-history":[{"count":11,"href":"https:\/\/amu.pan.pl\/en\/wp-json\/wp\/v2\/pages\/5580\/revisions"}],"predecessor-version":[{"id":5951,"href":"https:\/\/amu.pan.pl\/en\/wp-json\/wp\/v2\/pages\/5580\/revisions\/5951"}],"wp:attachment":[{"href":"https:\/\/amu.pan.pl\/en\/wp-json\/wp\/v2\/media?parent=5580"}],"curies":[{"name":"wp","href":"https:\/\/api.w.org\/{rel}","templated":true}]}}