{"id":68,"date":"2016-02-26T09:48:20","date_gmt":"2016-02-26T08:48:20","guid":{"rendered":"https:\/\/amu.pan.pl\/test\/2016\/02\/26\/michal-wierzchon\/"},"modified":"2020-10-02T23:51:30","modified_gmt":"2020-10-02T21:51:30","slug":"michal-wierzchon","status":"publish","type":"page","link":"https:\/\/amu.pan.pl\/en\/michal-wierzchon\/","title":{"rendered":"Micha\u0142 Wierzcho\u0144"},"content":{"rendered":"<p style=\"text-align: center;\"><img fetchpriority=\"high\" decoding=\"async\" class=\"size-full wp-image-67\" src=\"https:\/\/amu.pan.pl\/wp-content\/uploads\/2016\/02\/Michal_Wierzchon.PNG\" alt=\"\" width=\"300\" height=\"200\"><\/p>\n<p>Dr Micha\u0142 Wierzcho\u0144, cognitive psychologist, assistant professor at the Institute of Psychology of the Jagiellonian University, leader of the research team: Consciousness Lab, <a href=\"http:\/\/www.c-lab.pl\/\" target=\"_blank\" rel=\"noopener noreferrer\">www.c-lab.pl<\/a>).<\/p>\n<p>His research interests include the subject of consciousness and the unconscious in cognitive terms; conducts research on subjective measures of consciousness, involuntary learning, implicit memory, subliminal perception, binocular competition and sensory substitution. He is also interested in the psychology of advertising.<\/p>\n<p>Author of the monograph &quot;Cognitive costs of involuntary learning&quot; (2009) and over thirty other publications on advertising awareness and psychology. His research has also been featured in popular science magazines (Charaktery, Psychology Today), marketing magazines (Brief, Marketing in Practice, ProKreacja), as well as on marketing websites (Marketing przy Kawie, MediaRun).<\/p>\n<p>He led or participated in the implementation of several research projects financed by the Ministry of Science and Higher Education and the National Science Center. He was a beneficiary of the Support for the International Mobility of Scientists (2010-2011) program. It also implements a project financed by the EU structural funds (POIG) and two research projects financed by the National Science Center.<\/p>\n<p>Awarded, among others: Scholarship for Young Scientists of the Foundation for Polish Science (2005) and the Weekly Polityka Scholarship as part of the &quot;Stay with us&quot; campaign (2005). He is a member of the European Society for Cognitive Psychology (he is its secretary) and several other international scientific societies. Member of the Academy of Young Scholars and the Committee of Psychology of the Polish Academy of Sciences.<\/p>","protected":false},"excerpt":{"rendered":"<p>Dr Micha\u0142 Wierzcho\u0144, psycholog poznawczy, adiunkt w Instytucie Psychologii Uniwersytetu Jagiello\u0144skiego, lider zespo\u0142u badawczego: Laboratorium Bada\u0144 \u015awiadomo\u015bci (Consciousness Lab, www.c-lab.pl). Jego zainteresowania badawcze obejmuj\u0105 tematyk\u0119 \u015bwiadomo\u015bci i nie\u015bwiadomo\u015bci w uj\u0119ciu poznawczym; prowadzi mi\u0119dzy innymi badania dotycz\u0105ce subiektywnych miar \u015bwiadomo\u015bci, uczenia mimowolnego, pami\u0119ci ukrytej, percepcji subliminalnej, rywalizacji obuocznej i substytucji sensorycznej. Interesuje go r\u00f3wnie\u017c psychologia reklamy.&hellip;&nbsp;<a href=\"https:\/\/amu.pan.pl\/en\/michal-wierzchon\/\" rel=\"bookmark\">Read More &raquo;<span class=\"screen-reader-text\">Micha\u0142 Wierzcho\u0144<\/span><\/a><\/p>","protected":false},"author":2,"featured_media":67,"parent":0,"menu_order":68,"comment_status":"open","ping_status":"open","template":"","meta":{"_monsterinsights_skip_tracking":false,"_monsterinsights_sitenote_active":false,"_monsterinsights_sitenote_note":"","_monsterinsights_sitenote_category":0,"neve_meta_sidebar":"","neve_meta_container":"","neve_meta_enable_content_width":"","neve_meta_content_width":0,"neve_meta_title_alignment":"","neve_meta_author_avatar":"","neve_post_elements_order":"","neve_meta_disable_header":"","neve_meta_disable_footer":"","neve_meta_disable_title":"","footnotes":""},"class_list":["post-68","page","type-page","status-publish","has-post-thumbnail","hentry"],"yoast_head":"<!-- This site is optimized with the Yoast SEO plugin v25.0 - https:\/\/yoast.com\/wordpress\/plugins\/seo\/ -->\n<title>Micha\u0142 Wierzcho\u0144 - Akademia M\u0142odych Uczonych<\/title>\n<meta name=\"robots\" content=\"index, follow, max-snippet:-1, max-image-preview:large, max-video-preview:-1\" \/>\n<link rel=\"canonical\" href=\"https:\/\/amu.pan.pl\/en\/michal-wierzchon\/\" \/>\n<meta property=\"og:locale\" content=\"en_GB\" \/>\n<meta property=\"og:type\" content=\"article\" \/>\n<meta property=\"og:title\" content=\"Micha\u0142 Wierzcho\u0144 - Akademia M\u0142odych Uczonych\" \/>\n<meta property=\"og:description\" content=\"Dr Micha\u0142 Wierzcho\u0144, psycholog poznawczy, adiunkt w Instytucie Psychologii Uniwersytetu Jagiello\u0144skiego, lider zespo\u0142u badawczego: Laboratorium Bada\u0144 \u015awiadomo\u015bci (Consciousness Lab, www.c-lab.pl). Jego zainteresowania badawcze obejmuj\u0105 tematyk\u0119 \u015bwiadomo\u015bci i nie\u015bwiadomo\u015bci w uj\u0119ciu poznawczym; prowadzi mi\u0119dzy innymi badania dotycz\u0105ce subiektywnych miar \u015bwiadomo\u015bci, uczenia mimowolnego, pami\u0119ci ukrytej, percepcji subliminalnej, rywalizacji obuocznej i substytucji sensorycznej. Interesuje go r\u00f3wnie\u017c psychologia reklamy.&hellip;&nbsp;Read More &raquo;Micha\u0142 Wierzcho\u0144\" \/>\n<meta property=\"og:url\" content=\"https:\/\/amu.pan.pl\/en\/michal-wierzchon\/\" \/>\n<meta property=\"og:site_name\" content=\"Akademia M\u0142odych Uczonych\" \/>\n<meta property=\"article:publisher\" content=\"https:\/\/www.facebook.com\/AkademiaMlodychUczonych\/\" \/>\n<meta property=\"article:modified_time\" content=\"2020-10-02T21:51:30+00:00\" \/>\n<meta property=\"og:image\" content=\"https:\/\/amu.pan.pl\/wp-content\/uploads\/2016\/02\/Michal_Wierzchon.PNG\" \/>\n\t<meta property=\"og:image:width\" content=\"300\" \/>\n\t<meta property=\"og:image:height\" content=\"200\" \/>\n\t<meta property=\"og:image:type\" content=\"image\/png\" \/>\n<meta name=\"twitter:card\" content=\"summary_large_image\" \/>\n<meta name=\"twitter:site\" content=\"@AMUPAN1\" \/>\n<meta name=\"twitter:label1\" content=\"Estimated reading time\" \/>\n\t<meta name=\"twitter:data1\" content=\"1 minute\" \/>\n<script type=\"application\/ld+json\" class=\"yoast-schema-graph\">{\"@context\":\"https:\/\/schema.org\",\"@graph\":[{\"@type\":\"WebPage\",\"@id\":\"https:\/\/amu.pan.pl\/en\/michal-wierzchon\/\",\"url\":\"https:\/\/amu.pan.pl\/en\/michal-wierzchon\/\",\"name\":\"Micha\u0142 Wierzcho\u0144 - Akademia M\u0142odych Uczonych\",\"isPartOf\":{\"@id\":\"https:\/\/amu.pan.pl\/#website\"},\"primaryImageOfPage\":{\"@id\":\"https:\/\/amu.pan.pl\/en\/michal-wierzchon\/#primaryimage\"},\"image\":{\"@id\":\"https:\/\/amu.pan.pl\/en\/michal-wierzchon\/#primaryimage\"},\"thumbnailUrl\":\"https:\/\/amu.pan.pl\/wp-content\/uploads\/2016\/02\/Michal_Wierzchon.PNG\",\"datePublished\":\"2016-02-26T08:48:20+00:00\",\"dateModified\":\"2020-10-02T21:51:30+00:00\",\"breadcrumb\":{\"@id\":\"https:\/\/amu.pan.pl\/en\/michal-wierzchon\/#breadcrumb\"},\"inLanguage\":\"en-GB\",\"potentialAction\":[{\"@type\":\"ReadAction\",\"target\":[\"https:\/\/amu.pan.pl\/en\/michal-wierzchon\/\"]}]},{\"@type\":\"ImageObject\",\"inLanguage\":\"en-GB\",\"@id\":\"https:\/\/amu.pan.pl\/en\/michal-wierzchon\/#primaryimage\",\"url\":\"https:\/\/amu.pan.pl\/wp-content\/uploads\/2016\/02\/Michal_Wierzchon.PNG\",\"contentUrl\":\"https:\/\/amu.pan.pl\/wp-content\/uploads\/2016\/02\/Michal_Wierzchon.PNG\",\"width\":300,\"height\":200},{\"@type\":\"BreadcrumbList\",\"@id\":\"https:\/\/amu.pan.pl\/en\/michal-wierzchon\/#breadcrumb\",\"itemListElement\":[{\"@type\":\"ListItem\",\"position\":1,\"name\":\"Strona g\u0142\u00f3wna\",\"item\":\"https:\/\/amu.pan.pl\/\"},{\"@type\":\"ListItem\",\"position\":2,\"name\":\"Micha\u0142 Wierzcho\u0144\"}]},{\"@type\":\"WebSite\",\"@id\":\"https:\/\/amu.pan.pl\/#website\",\"url\":\"https:\/\/amu.pan.pl\/\",\"name\":\"Akademia M\u0142odych Uczonych\",\"description\":\"Polska Akademia Nauk\",\"publisher\":{\"@id\":\"https:\/\/amu.pan.pl\/#organization\"},\"potentialAction\":[{\"@type\":\"SearchAction\",\"target\":{\"@type\":\"EntryPoint\",\"urlTemplate\":\"https:\/\/amu.pan.pl\/?s={search_term_string}\"},\"query-input\":{\"@type\":\"PropertyValueSpecification\",\"valueRequired\":true,\"valueName\":\"search_term_string\"}}],\"inLanguage\":\"en-GB\"},{\"@type\":\"Organization\",\"@id\":\"https:\/\/amu.pan.pl\/#organization\",\"name\":\"Akademia M\u0142odych Uczonych\",\"url\":\"https:\/\/amu.pan.pl\/\",\"logo\":{\"@type\":\"ImageObject\",\"inLanguage\":\"en-GB\",\"@id\":\"https:\/\/amu.pan.pl\/#\/schema\/logo\/image\/\",\"url\":\"https:\/\/amu.pan.pl\/wp-content\/uploads\/2020\/08\/zz_amu.png\",\"contentUrl\":\"https:\/\/amu.pan.pl\/wp-content\/uploads\/2020\/08\/zz_amu.png\",\"width\":2794,\"height\":1016,\"caption\":\"Akademia M\u0142odych Uczonych\"},\"image\":{\"@id\":\"https:\/\/amu.pan.pl\/#\/schema\/logo\/image\/\"},\"sameAs\":[\"https:\/\/www.facebook.com\/AkademiaMlodychUczonych\/\",\"https:\/\/x.com\/AMUPAN1\"]}]}<\/script>\n<!-- \/ Yoast SEO plugin. -->","yoast_head_json":{"title":"Micha\u0142 Wierzcho\u0144 - Akademia M\u0142odych Uczonych","robots":{"index":"index","follow":"follow","max-snippet":"max-snippet:-1","max-image-preview":"max-image-preview:large","max-video-preview":"max-video-preview:-1"},"canonical":"https:\/\/amu.pan.pl\/en\/michal-wierzchon\/","og_locale":"en_GB","og_type":"article","og_title":"Micha\u0142 Wierzcho\u0144 - Akademia M\u0142odych Uczonych","og_description":"Dr Micha\u0142 Wierzcho\u0144, psycholog poznawczy, adiunkt w Instytucie Psychologii Uniwersytetu Jagiello\u0144skiego, lider zespo\u0142u badawczego: Laboratorium Bada\u0144 \u015awiadomo\u015bci (Consciousness Lab, www.c-lab.pl). Jego zainteresowania badawcze obejmuj\u0105 tematyk\u0119 \u015bwiadomo\u015bci i nie\u015bwiadomo\u015bci w uj\u0119ciu poznawczym; prowadzi mi\u0119dzy innymi badania dotycz\u0105ce subiektywnych miar \u015bwiadomo\u015bci, uczenia mimowolnego, pami\u0119ci ukrytej, percepcji subliminalnej, rywalizacji obuocznej i substytucji sensorycznej. Interesuje go r\u00f3wnie\u017c psychologia reklamy.&hellip;&nbsp;Read More &raquo;Micha\u0142 Wierzcho\u0144","og_url":"https:\/\/amu.pan.pl\/en\/michal-wierzchon\/","og_site_name":"Akademia M\u0142odych Uczonych","article_publisher":"https:\/\/www.facebook.com\/AkademiaMlodychUczonych\/","article_modified_time":"2020-10-02T21:51:30+00:00","og_image":[{"width":300,"height":200,"url":"https:\/\/amu.pan.pl\/wp-content\/uploads\/2016\/02\/Michal_Wierzchon.PNG","type":"image\/png"}],"twitter_card":"summary_large_image","twitter_site":"@AMUPAN1","twitter_misc":{"Estimated reading time":"1 minute"},"schema":{"@context":"https:\/\/schema.org","@graph":[{"@type":"WebPage","@id":"https:\/\/amu.pan.pl\/en\/michal-wierzchon\/","url":"https:\/\/amu.pan.pl\/en\/michal-wierzchon\/","name":"Micha\u0142 Wierzcho\u0144 - Akademia M\u0142odych Uczonych","isPartOf":{"@id":"https:\/\/amu.pan.pl\/#website"},"primaryImageOfPage":{"@id":"https:\/\/amu.pan.pl\/en\/michal-wierzchon\/#primaryimage"},"image":{"@id":"https:\/\/amu.pan.pl\/en\/michal-wierzchon\/#primaryimage"},"thumbnailUrl":"https:\/\/amu.pan.pl\/wp-content\/uploads\/2016\/02\/Michal_Wierzchon.PNG","datePublished":"2016-02-26T08:48:20+00:00","dateModified":"2020-10-02T21:51:30+00:00","breadcrumb":{"@id":"https:\/\/amu.pan.pl\/en\/michal-wierzchon\/#breadcrumb"},"inLanguage":"en-GB","potentialAction":[{"@type":"ReadAction","target":["https:\/\/amu.pan.pl\/en\/michal-wierzchon\/"]}]},{"@type":"ImageObject","inLanguage":"en-GB","@id":"https:\/\/amu.pan.pl\/en\/michal-wierzchon\/#primaryimage","url":"https:\/\/amu.pan.pl\/wp-content\/uploads\/2016\/02\/Michal_Wierzchon.PNG","contentUrl":"https:\/\/amu.pan.pl\/wp-content\/uploads\/2016\/02\/Michal_Wierzchon.PNG","width":300,"height":200},{"@type":"BreadcrumbList","@id":"https:\/\/amu.pan.pl\/en\/michal-wierzchon\/#breadcrumb","itemListElement":[{"@type":"ListItem","position":1,"name":"Strona g\u0142\u00f3wna","item":"https:\/\/amu.pan.pl\/"},{"@type":"ListItem","position":2,"name":"Micha\u0142 Wierzcho\u0144"}]},{"@type":"WebSite","@id":"https:\/\/amu.pan.pl\/#website","url":"https:\/\/amu.pan.pl\/","name":"Akademia M\u0142odych Uczonych","description":"Polska Akademia Nauk","publisher":{"@id":"https:\/\/amu.pan.pl\/#organization"},"potentialAction":[{"@type":"SearchAction","target":{"@type":"EntryPoint","urlTemplate":"https:\/\/amu.pan.pl\/?s={search_term_string}"},"query-input":{"@type":"PropertyValueSpecification","valueRequired":true,"valueName":"search_term_string"}}],"inLanguage":"en-GB"},{"@type":"Organization","@id":"https:\/\/amu.pan.pl\/#organization","name":"Akademia M\u0142odych Uczonych","url":"https:\/\/amu.pan.pl\/","logo":{"@type":"ImageObject","inLanguage":"en-GB","@id":"https:\/\/amu.pan.pl\/#\/schema\/logo\/image\/","url":"https:\/\/amu.pan.pl\/wp-content\/uploads\/2020\/08\/zz_amu.png","contentUrl":"https:\/\/amu.pan.pl\/wp-content\/uploads\/2020\/08\/zz_amu.png","width":2794,"height":1016,"caption":"Akademia M\u0142odych Uczonych"},"image":{"@id":"https:\/\/amu.pan.pl\/#\/schema\/logo\/image\/"},"sameAs":["https:\/\/www.facebook.com\/AkademiaMlodychUczonych\/","https:\/\/x.com\/AMUPAN1"]}]}},"_links":{"self":[{"href":"https:\/\/amu.pan.pl\/en\/wp-json\/wp\/v2\/pages\/68","targetHints":{"allow":["GET"]}}],"collection":[{"href":"https:\/\/amu.pan.pl\/en\/wp-json\/wp\/v2\/pages"}],"about":[{"href":"https:\/\/amu.pan.pl\/en\/wp-json\/wp\/v2\/types\/page"}],"author":[{"embeddable":true,"href":"https:\/\/amu.pan.pl\/en\/wp-json\/wp\/v2\/users\/2"}],"replies":[{"embeddable":true,"href":"https:\/\/amu.pan.pl\/en\/wp-json\/wp\/v2\/comments?post=68"}],"version-history":[{"count":0,"href":"https:\/\/amu.pan.pl\/en\/wp-json\/wp\/v2\/pages\/68\/revisions"}],"wp:featuredmedia":[{"embeddable":true,"href":"https:\/\/amu.pan.pl\/en\/wp-json\/wp\/v2\/media\/67"}],"wp:attachment":[{"href":"https:\/\/amu.pan.pl\/en\/wp-json\/wp\/v2\/media?parent=68"}],"curies":[{"name":"wp","href":"https:\/\/api.w.org\/{rel}","templated":true}]}}