{"id":70,"date":"2016-02-26T11:27:58","date_gmt":"2016-02-26T10:27:58","guid":{"rendered":"https:\/\/amu.pan.pl\/test\/2016\/02\/26\/marcin-bizukojc\/"},"modified":"2020-10-02T23:58:09","modified_gmt":"2020-10-02T21:58:09","slug":"marcin-bizukojc","status":"publish","type":"page","link":"https:\/\/amu.pan.pl\/en\/marcin-bizukojc\/","title":{"rendered":"Marcin Bizukoj\u0107"},"content":{"rendered":"<p style=\"text-align: center;\"><img decoding=\"async\" class=\"size-full wp-image-69\" src=\"https:\/\/amu.pan.pl\/wp-content\/uploads\/2016\/02\/Marcin_Bizukoj.jpg\" alt=\"\" width=\"149\" height=\"214\" \/><\/p>\n<p>Dr hab. in\u017c. Marcin Bizukoj\u0107 (ur. 1974) pracuje w Katedrze In\u017cynierii Bioprocesowej Wydzia\u0142u In\u017cynierii Procesowej i Ochrony \u015arodowiska Politechniki \u0141&oacute;dzkiej. Jest specjalist\u0105 w zakresie in\u017cynierii biochemicznej i bioreaktorowej. Przez dwa lata pracowa\u0142 r&oacute;wnie\u017c w Katedrze Mikrobiologii Przemys\u0142owej i Biotechnologii na Wydziale Biologii i Ochrony \u015arodowiska Uniwersytetu \u0141&oacute;dzkiego.<\/p>\n<p>Od pocz\u0105tku swojej dzia\u0142alno\u015bci naukowej zajmuje si\u0119 g\u0142&oacute;wnie biosyntez\u0105 metabolit&oacute;w pierwotnych i wt&oacute;rnych przez grzyby nitkowe w hodowlach wg\u0142\u0119bnych w bioreaktorach. Prac\u0119 doktorsk\u0105 na temat &bdquo;Modelowanie kinetyki wzrostu Aspergillus niger z wykorzystaniem cyfrowej analizy obrazu&rdquo; obroni\u0142 w roku 2002, za\u015b stopie\u0144 doktora habilitowanego nauk technicznych w zakresie in\u017cynierii chemicznej uzyska\u0142 w roku 2010 na podstawie monografii &bdquo;Biosynteza zwi\u0105zk&oacute;w poliketydowych przez Aspergillus terreus&rdquo;. W swoich badaniach wykorzystuje nowoczesne techniki analityczne takie, jak cyfrowa analiza obrazu czy chromatografia cieczowa po\u0142\u0105czona ze spektrometri\u0105 mas. Interesuje go r&oacute;wnie\u017c modelowanie kinetyczne i metaboliczne wzrostu mikroorganizm&oacute;w.<\/p>\n<p>W roku 2002 odby\u0142 kr&oacute;tki sta\u017c w Carolo-Wilhelmina Technische Universit&auml;t zur Braunschweig, za\u015b w roku 2008 przebywa\u0142 na 12-miesi\u0119cznym stypendium naukowym Deutscher Akademischer Austausch Dienst (DAAD) w ramach programu &bdquo;Moderne Anwendungen der Biotechnologie&ldquo; w Institut f&uuml;r Bioprozess- und Biosystemtechnik (Technische Universit&auml;t Hamburg-Harburg). W Hamburgu zajmowa\u0142 si\u0119 modelowaniem metabolicznym w uk\u0142adach sk\u0142adaj\u0105cych si\u0119 z dw&oacute;ch mikroorganizm&oacute;w. Obecnie pracuje nad zagadnieniami wymuszania zmian morfologicznych grzybni w wykorzystaniem technik in\u017cynierii morfologii oraz dyfuzj\u0105 tlenu w peletkach Aspergillus terreus.<\/p>\n<p>Marcin Bizukoj\u0107 jest autorem lub wsp&oacute;\u0142autorem 25 publikacji w czasopismach posiadaj\u0105cych Impact Factor oraz 23 publikacji w innych czasopismach recenzowanych krajowych i zagranicznych. Jest tak\u017ce wsp&oacute;\u0142autorem jednej ksi\u0105\u017cki oraz dw&oacute;ch rozdzia\u0142&oacute;w w monografiach. W 2006 roku zosta\u0142 laureatem nagrody Prezydium Oddzia\u0142u PAN w \u0141odzi i Konferencji Rektor&oacute;w Pa\u0144stwowych Uczelni Wy\u017cszych w \u0141odzi w dziedzinie nauk technicznych za ca\u0142okszta\u0142t osi\u0105gni\u0119\u0107 badawczych dotycz\u0105cych kinetyki i modelowania proces&oacute;w wzrostu i biosyntezy metabolit&oacute;w.<\/p>","protected":false},"excerpt":{"rendered":"<p>Dr hab. in\u017c. Marcin Bizukoj\u0107 (ur. 1974) pracuje w Katedrze In\u017cynierii Bioprocesowej Wydzia\u0142u In\u017cynierii Procesowej i Ochrony \u015arodowiska Politechniki \u0141&oacute;dzkiej. Jest specjalist\u0105 w zakresie in\u017cynierii biochemicznej i bioreaktorowej. Przez dwa lata pracowa\u0142 r&oacute;wnie\u017c w Katedrze Mikrobiologii Przemys\u0142owej i Biotechnologii na Wydziale Biologii i Ochrony \u015arodowiska Uniwersytetu \u0141&oacute;dzkiego. Od pocz\u0105tku swojej dzia\u0142alno\u015bci naukowej zajmuje si\u0119 g\u0142&oacute;wnie&hellip;&nbsp;<a href=\"https:\/\/amu.pan.pl\/en\/marcin-bizukojc\/\" rel=\"bookmark\">Read More &raquo;<span class=\"screen-reader-text\">Marcin Bizukoj\u0107<\/span><\/a><\/p>","protected":false},"author":2,"featured_media":69,"parent":0,"menu_order":66,"comment_status":"open","ping_status":"open","template":"","meta":{"_monsterinsights_skip_tracking":false,"_monsterinsights_sitenote_active":false,"_monsterinsights_sitenote_note":"","_monsterinsights_sitenote_category":0,"neve_meta_sidebar":"","neve_meta_container":"","neve_meta_enable_content_width":"","neve_meta_content_width":0,"neve_meta_title_alignment":"","neve_meta_author_avatar":"","neve_post_elements_order":"","neve_meta_disable_header":"","neve_meta_disable_footer":"","neve_meta_disable_title":"","footnotes":""},"class_list":["post-70","page","type-page","status-publish","has-post-thumbnail","hentry"],"yoast_head":"<!-- This site is optimized with the Yoast SEO plugin v25.0 - https:\/\/yoast.com\/wordpress\/plugins\/seo\/ -->\n<title>Marcin Bizukoj\u0107 - Akademia M\u0142odych Uczonych<\/title>\n<meta name=\"robots\" content=\"index, follow, max-snippet:-1, max-image-preview:large, max-video-preview:-1\" \/>\n<link rel=\"canonical\" href=\"https:\/\/amu.pan.pl\/en\/marcin-bizukojc\/\" \/>\n<meta property=\"og:locale\" content=\"en_GB\" \/>\n<meta property=\"og:type\" content=\"article\" \/>\n<meta property=\"og:title\" content=\"Marcin Bizukoj\u0107 - Akademia M\u0142odych Uczonych\" \/>\n<meta property=\"og:description\" content=\"Dr hab. in\u017c. Marcin Bizukoj\u0107 (ur. 1974) pracuje w Katedrze In\u017cynierii Bioprocesowej Wydzia\u0142u In\u017cynierii Procesowej i Ochrony \u015arodowiska Politechniki \u0141&oacute;dzkiej. Jest specjalist\u0105 w zakresie in\u017cynierii biochemicznej i bioreaktorowej. Przez dwa lata pracowa\u0142 r&oacute;wnie\u017c w Katedrze Mikrobiologii Przemys\u0142owej i Biotechnologii na Wydziale Biologii i Ochrony \u015arodowiska Uniwersytetu \u0141&oacute;dzkiego. Od pocz\u0105tku swojej dzia\u0142alno\u015bci naukowej zajmuje si\u0119 g\u0142&oacute;wnie&hellip;&nbsp;Read More &raquo;Marcin Bizukoj\u0107\" \/>\n<meta property=\"og:url\" content=\"https:\/\/amu.pan.pl\/en\/marcin-bizukojc\/\" \/>\n<meta property=\"og:site_name\" content=\"Akademia M\u0142odych Uczonych\" \/>\n<meta property=\"article:publisher\" content=\"https:\/\/www.facebook.com\/AkademiaMlodychUczonych\/\" \/>\n<meta property=\"article:modified_time\" content=\"2020-10-02T21:58:09+00:00\" \/>\n<meta property=\"og:image\" content=\"https:\/\/amu.pan.pl\/wp-content\/uploads\/2016\/02\/Marcin_Bizukoj.jpg\" \/>\n\t<meta property=\"og:image:width\" content=\"149\" \/>\n\t<meta property=\"og:image:height\" content=\"214\" \/>\n\t<meta property=\"og:image:type\" content=\"image\/jpeg\" \/>\n<meta name=\"twitter:card\" content=\"summary_large_image\" \/>\n<meta name=\"twitter:site\" content=\"@AMUPAN1\" \/>\n<meta name=\"twitter:label1\" content=\"Estimated reading time\" \/>\n\t<meta name=\"twitter:data1\" content=\"2 minutes\" \/>\n<script type=\"application\/ld+json\" class=\"yoast-schema-graph\">{\"@context\":\"https:\/\/schema.org\",\"@graph\":[{\"@type\":\"WebPage\",\"@id\":\"https:\/\/amu.pan.pl\/en\/marcin-bizukojc\/\",\"url\":\"https:\/\/amu.pan.pl\/en\/marcin-bizukojc\/\",\"name\":\"Marcin Bizukoj\u0107 - Akademia M\u0142odych Uczonych\",\"isPartOf\":{\"@id\":\"https:\/\/amu.pan.pl\/#website\"},\"primaryImageOfPage\":{\"@id\":\"https:\/\/amu.pan.pl\/en\/marcin-bizukojc\/#primaryimage\"},\"image\":{\"@id\":\"https:\/\/amu.pan.pl\/en\/marcin-bizukojc\/#primaryimage\"},\"thumbnailUrl\":\"https:\/\/amu.pan.pl\/wp-content\/uploads\/2016\/02\/Marcin_Bizukoj.jpg\",\"datePublished\":\"2016-02-26T10:27:58+00:00\",\"dateModified\":\"2020-10-02T21:58:09+00:00\",\"breadcrumb\":{\"@id\":\"https:\/\/amu.pan.pl\/en\/marcin-bizukojc\/#breadcrumb\"},\"inLanguage\":\"en-GB\",\"potentialAction\":[{\"@type\":\"ReadAction\",\"target\":[\"https:\/\/amu.pan.pl\/en\/marcin-bizukojc\/\"]}]},{\"@type\":\"ImageObject\",\"inLanguage\":\"en-GB\",\"@id\":\"https:\/\/amu.pan.pl\/en\/marcin-bizukojc\/#primaryimage\",\"url\":\"https:\/\/amu.pan.pl\/wp-content\/uploads\/2016\/02\/Marcin_Bizukoj.jpg\",\"contentUrl\":\"https:\/\/amu.pan.pl\/wp-content\/uploads\/2016\/02\/Marcin_Bizukoj.jpg\",\"width\":149,\"height\":214},{\"@type\":\"BreadcrumbList\",\"@id\":\"https:\/\/amu.pan.pl\/en\/marcin-bizukojc\/#breadcrumb\",\"itemListElement\":[{\"@type\":\"ListItem\",\"position\":1,\"name\":\"Strona g\u0142\u00f3wna\",\"item\":\"https:\/\/amu.pan.pl\/\"},{\"@type\":\"ListItem\",\"position\":2,\"name\":\"Marcin Bizukoj\u0107\"}]},{\"@type\":\"WebSite\",\"@id\":\"https:\/\/amu.pan.pl\/#website\",\"url\":\"https:\/\/amu.pan.pl\/\",\"name\":\"Akademia M\u0142odych Uczonych\",\"description\":\"Polska Akademia Nauk\",\"publisher\":{\"@id\":\"https:\/\/amu.pan.pl\/#organization\"},\"potentialAction\":[{\"@type\":\"SearchAction\",\"target\":{\"@type\":\"EntryPoint\",\"urlTemplate\":\"https:\/\/amu.pan.pl\/?s={search_term_string}\"},\"query-input\":{\"@type\":\"PropertyValueSpecification\",\"valueRequired\":true,\"valueName\":\"search_term_string\"}}],\"inLanguage\":\"en-GB\"},{\"@type\":\"Organization\",\"@id\":\"https:\/\/amu.pan.pl\/#organization\",\"name\":\"Akademia M\u0142odych Uczonych\",\"url\":\"https:\/\/amu.pan.pl\/\",\"logo\":{\"@type\":\"ImageObject\",\"inLanguage\":\"en-GB\",\"@id\":\"https:\/\/amu.pan.pl\/#\/schema\/logo\/image\/\",\"url\":\"https:\/\/amu.pan.pl\/wp-content\/uploads\/2020\/08\/zz_amu.png\",\"contentUrl\":\"https:\/\/amu.pan.pl\/wp-content\/uploads\/2020\/08\/zz_amu.png\",\"width\":2794,\"height\":1016,\"caption\":\"Akademia M\u0142odych Uczonych\"},\"image\":{\"@id\":\"https:\/\/amu.pan.pl\/#\/schema\/logo\/image\/\"},\"sameAs\":[\"https:\/\/www.facebook.com\/AkademiaMlodychUczonych\/\",\"https:\/\/x.com\/AMUPAN1\"]}]}<\/script>\n<!-- \/ Yoast SEO plugin. -->","yoast_head_json":{"title":"Marcin Bizukoj\u0107 - Akademia M\u0142odych Uczonych","robots":{"index":"index","follow":"follow","max-snippet":"max-snippet:-1","max-image-preview":"max-image-preview:large","max-video-preview":"max-video-preview:-1"},"canonical":"https:\/\/amu.pan.pl\/en\/marcin-bizukojc\/","og_locale":"en_GB","og_type":"article","og_title":"Marcin Bizukoj\u0107 - Akademia M\u0142odych Uczonych","og_description":"Dr hab. in\u017c. Marcin Bizukoj\u0107 (ur. 1974) pracuje w Katedrze In\u017cynierii Bioprocesowej Wydzia\u0142u In\u017cynierii Procesowej i Ochrony \u015arodowiska Politechniki \u0141&oacute;dzkiej. Jest specjalist\u0105 w zakresie in\u017cynierii biochemicznej i bioreaktorowej. Przez dwa lata pracowa\u0142 r&oacute;wnie\u017c w Katedrze Mikrobiologii Przemys\u0142owej i Biotechnologii na Wydziale Biologii i Ochrony \u015arodowiska Uniwersytetu \u0141&oacute;dzkiego. Od pocz\u0105tku swojej dzia\u0142alno\u015bci naukowej zajmuje si\u0119 g\u0142&oacute;wnie&hellip;&nbsp;Read More &raquo;Marcin Bizukoj\u0107","og_url":"https:\/\/amu.pan.pl\/en\/marcin-bizukojc\/","og_site_name":"Akademia M\u0142odych Uczonych","article_publisher":"https:\/\/www.facebook.com\/AkademiaMlodychUczonych\/","article_modified_time":"2020-10-02T21:58:09+00:00","og_image":[{"width":149,"height":214,"url":"https:\/\/amu.pan.pl\/wp-content\/uploads\/2016\/02\/Marcin_Bizukoj.jpg","type":"image\/jpeg"}],"twitter_card":"summary_large_image","twitter_site":"@AMUPAN1","twitter_misc":{"Estimated reading time":"2 minutes"},"schema":{"@context":"https:\/\/schema.org","@graph":[{"@type":"WebPage","@id":"https:\/\/amu.pan.pl\/en\/marcin-bizukojc\/","url":"https:\/\/amu.pan.pl\/en\/marcin-bizukojc\/","name":"Marcin Bizukoj\u0107 - Akademia M\u0142odych Uczonych","isPartOf":{"@id":"https:\/\/amu.pan.pl\/#website"},"primaryImageOfPage":{"@id":"https:\/\/amu.pan.pl\/en\/marcin-bizukojc\/#primaryimage"},"image":{"@id":"https:\/\/amu.pan.pl\/en\/marcin-bizukojc\/#primaryimage"},"thumbnailUrl":"https:\/\/amu.pan.pl\/wp-content\/uploads\/2016\/02\/Marcin_Bizukoj.jpg","datePublished":"2016-02-26T10:27:58+00:00","dateModified":"2020-10-02T21:58:09+00:00","breadcrumb":{"@id":"https:\/\/amu.pan.pl\/en\/marcin-bizukojc\/#breadcrumb"},"inLanguage":"en-GB","potentialAction":[{"@type":"ReadAction","target":["https:\/\/amu.pan.pl\/en\/marcin-bizukojc\/"]}]},{"@type":"ImageObject","inLanguage":"en-GB","@id":"https:\/\/amu.pan.pl\/en\/marcin-bizukojc\/#primaryimage","url":"https:\/\/amu.pan.pl\/wp-content\/uploads\/2016\/02\/Marcin_Bizukoj.jpg","contentUrl":"https:\/\/amu.pan.pl\/wp-content\/uploads\/2016\/02\/Marcin_Bizukoj.jpg","width":149,"height":214},{"@type":"BreadcrumbList","@id":"https:\/\/amu.pan.pl\/en\/marcin-bizukojc\/#breadcrumb","itemListElement":[{"@type":"ListItem","position":1,"name":"Strona g\u0142\u00f3wna","item":"https:\/\/amu.pan.pl\/"},{"@type":"ListItem","position":2,"name":"Marcin Bizukoj\u0107"}]},{"@type":"WebSite","@id":"https:\/\/amu.pan.pl\/#website","url":"https:\/\/amu.pan.pl\/","name":"Akademia M\u0142odych Uczonych","description":"Polska Akademia Nauk","publisher":{"@id":"https:\/\/amu.pan.pl\/#organization"},"potentialAction":[{"@type":"SearchAction","target":{"@type":"EntryPoint","urlTemplate":"https:\/\/amu.pan.pl\/?s={search_term_string}"},"query-input":{"@type":"PropertyValueSpecification","valueRequired":true,"valueName":"search_term_string"}}],"inLanguage":"en-GB"},{"@type":"Organization","@id":"https:\/\/amu.pan.pl\/#organization","name":"Akademia M\u0142odych Uczonych","url":"https:\/\/amu.pan.pl\/","logo":{"@type":"ImageObject","inLanguage":"en-GB","@id":"https:\/\/amu.pan.pl\/#\/schema\/logo\/image\/","url":"https:\/\/amu.pan.pl\/wp-content\/uploads\/2020\/08\/zz_amu.png","contentUrl":"https:\/\/amu.pan.pl\/wp-content\/uploads\/2020\/08\/zz_amu.png","width":2794,"height":1016,"caption":"Akademia M\u0142odych Uczonych"},"image":{"@id":"https:\/\/amu.pan.pl\/#\/schema\/logo\/image\/"},"sameAs":["https:\/\/www.facebook.com\/AkademiaMlodychUczonych\/","https:\/\/x.com\/AMUPAN1"]}]}},"_links":{"self":[{"href":"https:\/\/amu.pan.pl\/en\/wp-json\/wp\/v2\/pages\/70","targetHints":{"allow":["GET"]}}],"collection":[{"href":"https:\/\/amu.pan.pl\/en\/wp-json\/wp\/v2\/pages"}],"about":[{"href":"https:\/\/amu.pan.pl\/en\/wp-json\/wp\/v2\/types\/page"}],"author":[{"embeddable":true,"href":"https:\/\/amu.pan.pl\/en\/wp-json\/wp\/v2\/users\/2"}],"replies":[{"embeddable":true,"href":"https:\/\/amu.pan.pl\/en\/wp-json\/wp\/v2\/comments?post=70"}],"version-history":[{"count":0,"href":"https:\/\/amu.pan.pl\/en\/wp-json\/wp\/v2\/pages\/70\/revisions"}],"wp:featuredmedia":[{"embeddable":true,"href":"https:\/\/amu.pan.pl\/en\/wp-json\/wp\/v2\/media\/69"}],"wp:attachment":[{"href":"https:\/\/amu.pan.pl\/en\/wp-json\/wp\/v2\/media?parent=70"}],"curies":[{"name":"wp","href":"https:\/\/api.w.org\/{rel}","templated":true}]}}