{"id":31,"date":"2023-05-17T13:44:08","date_gmt":"2023-05-17T11:44:08","guid":{"rendered":"https:\/\/amu.pan.pl\/kmtamu\/?page_id=31"},"modified":"2023-05-17T13:59:28","modified_gmt":"2023-05-17T11:59:28","slug":"kogo-szukamy","status":"publish","type":"page","link":"https:\/\/amu.pan.pl\/kmtamu\/uczestnicy\/kogo-szukamy\/","title":{"rendered":"Kogo szukamy"},"content":{"rendered":"\t\t<div data-elementor-type=\"wp-page\" data-elementor-id=\"31\" class=\"elementor elementor-31\">\n\t\t\t\t\t\t<section class=\"elementor-section elementor-top-section elementor-element elementor-element-db37644 elementor-section-boxed elementor-section-height-default elementor-section-height-default\" data-id=\"db37644\" data-element_type=\"section\">\n\t\t\t\t\t\t<div class=\"elementor-container elementor-column-gap-default\">\n\t\t\t\t\t<div class=\"elementor-column elementor-col-100 elementor-top-column elementor-element elementor-element-ba48293\" data-id=\"ba48293\" data-element_type=\"column\">\n\t\t\t<div class=\"elementor-widget-wrap elementor-element-populated\">\n\t\t\t\t\t\t<div class=\"elementor-element elementor-element-d9ada17 elementor-widget elementor-widget-text-editor\" data-id=\"d9ada17\" data-element_type=\"widget\" data-widget_type=\"text-editor.default\">\n\t\t\t\t<div class=\"elementor-widget-container\">\n\t\t\t\t\t\t\t\t\t<p><strong>Ku\u017ania M\u0142odych Talent\u00f3w Akademii M\u0142odych Uczonych<\/strong> to warsztaty przeznaczone dla doktorant\u00f3w ze wszystkich Polskich uczelni wy\u017cszych i instytut\u00f3w naukowych. Przyjmujemy zg\u0142oszenia od os\u00f3b reprezentuj\u0105cych wszystkie dyscypliny naukowe.<\/p><p>Zg\u0142oszenia mog\u0105 nadsy\u0142a\u0107 s\u0142uchacze stacjonarnych i niestacjonarnych szk\u00f3\u0142 doktorskich uczelni wy\u017cszych jak i doktoranci b\u0119d\u0105cy jednocze\u015bnie pracownikami uczelni\/instytut\u00f3w badawczych\/prywatnych przedsi\u0119biorstw prowadz\u0105cych dzia\u0142alno\u015b\u0107 badawcz\u0105.<\/p><p>W celu rejestracji przejd\u017a do zak\u0142adki:<\/p>\t\t\t\t\t\t\t\t<\/div>\n\t\t\t\t<\/div>\n\t\t\t\t<div class=\"elementor-element elementor-element-bc0801b elementor-widget elementor-widget-button\" data-id=\"bc0801b\" data-element_type=\"widget\" data-widget_type=\"button.default\">\n\t\t\t\t<div class=\"elementor-widget-container\">\n\t\t\t\t\t\t\t\t\t<div class=\"elementor-button-wrapper\">\n\t\t\t\t\t<a class=\"elementor-button elementor-button-link elementor-size-sm\" href=\"https:\/\/amu.pan.pl\/kmtamu\/uczestnicy\/rejestracja\/\">\n\t\t\t\t\t\t<span class=\"elementor-button-content-wrapper\">\n\t\t\t\t\t\t\t\t\t<span class=\"elementor-button-text\">Rejestracja<\/span>\n\t\t\t\t\t<\/span>\n\t\t\t\t\t<\/a>\n\t\t\t\t<\/div>\n\t\t\t\t\t\t\t\t<\/div>\n\t\t\t\t<\/div>\n\t\t\t\t\t<\/div>\n\t\t<\/div>\n\t\t\t\t\t<\/div>\n\t\t<\/section>\n\t\t\t\t<\/div>\n\t\t","protected":false},"excerpt":{"rendered":"<p>Ku\u017ania M\u0142odych Talent\u00f3w Akademii M\u0142odych Uczonych to warsztaty przeznaczone dla doktorant\u00f3w ze wszystkich Polskich uczelni wy\u017cszych i instytut\u00f3w naukowych. Przyjmujemy zg\u0142oszenia od os\u00f3b reprezentuj\u0105cych wszystkie dyscypliny naukowe. Zg\u0142oszenia mog\u0105 nadsy\u0142a\u0107 s\u0142uchacze stacjonarnych i niestacjonarnych szk\u00f3\u0142 doktorskich uczelni wy\u017cszych jak i doktoranci b\u0119d\u0105cy jednocze\u015bnie pracownikami uczelni\/instytut\u00f3w badawczych\/prywatnych przedsi\u0119biorstw prowadz\u0105cych dzia\u0142alno\u015b\u0107 badawcz\u0105. W celu rejestracji przejd\u017a do &#8230; <a title=\"Kogo szukamy\" class=\"read-more\" href=\"https:\/\/amu.pan.pl\/kmtamu\/uczestnicy\/kogo-szukamy\/\" aria-label=\"Read more about Kogo szukamy\">Dowiedz si\u0119 wi\u0119cej<\/a><\/p>\n","protected":false},"author":2,"featured_media":0,"parent":41,"menu_order":0,"comment_status":"closed","ping_status":"closed","template":"","meta":{"_monsterinsights_skip_tracking":false,"_monsterinsights_sitenote_active":false,"_monsterinsights_sitenote_note":"","_monsterinsights_sitenote_category":0,"footnotes":""},"class_list":["post-31","page","type-page","status-publish"],"yoast_head":"<!-- This site is optimized with the Yoast SEO plugin v25.0 - https:\/\/yoast.com\/wordpress\/plugins\/seo\/ -->\n<title>Kogo szukamy - Ku\u017ania M\u0142odych Talent\u00f3w<\/title>\n<meta name=\"robots\" content=\"index, follow, max-snippet:-1, max-image-preview:large, max-video-preview:-1\" \/>\n<link rel=\"canonical\" href=\"https:\/\/amu.pan.pl\/kmtamu\/uczestnicy\/kogo-szukamy\/\" \/>\n<meta property=\"og:locale\" content=\"pl_PL\" \/>\n<meta property=\"og:type\" content=\"article\" \/>\n<meta property=\"og:title\" content=\"Kogo szukamy - Ku\u017ania M\u0142odych Talent\u00f3w\" \/>\n<meta property=\"og:description\" content=\"Ku\u017ania M\u0142odych Talent\u00f3w Akademii M\u0142odych Uczonych to warsztaty przeznaczone dla doktorant\u00f3w ze wszystkich Polskich uczelni wy\u017cszych i instytut\u00f3w naukowych. Przyjmujemy zg\u0142oszenia od os\u00f3b reprezentuj\u0105cych wszystkie dyscypliny naukowe. Zg\u0142oszenia mog\u0105 nadsy\u0142a\u0107 s\u0142uchacze stacjonarnych i niestacjonarnych szk\u00f3\u0142 doktorskich uczelni wy\u017cszych jak i doktoranci b\u0119d\u0105cy jednocze\u015bnie pracownikami uczelni\/instytut\u00f3w badawczych\/prywatnych przedsi\u0119biorstw prowadz\u0105cych dzia\u0142alno\u015b\u0107 badawcz\u0105. W celu rejestracji przejd\u017a do ... Dowiedz si\u0119 wi\u0119cej\" \/>\n<meta property=\"og:url\" content=\"https:\/\/amu.pan.pl\/kmtamu\/uczestnicy\/kogo-szukamy\/\" \/>\n<meta property=\"og:site_name\" content=\"Ku\u017ania M\u0142odych Talent\u00f3w\" \/>\n<meta property=\"article:publisher\" content=\"https:\/\/www.facebook.com\/AkademiaMlodychUczonych\/\" \/>\n<meta property=\"article:modified_time\" content=\"2023-05-17T11:59:28+00:00\" \/>\n<meta name=\"twitter:card\" content=\"summary_large_image\" \/>\n<meta name=\"twitter:site\" content=\"@AMUPAN1\" \/>\n<meta name=\"twitter:label1\" content=\"Szacowany czas czytania\" \/>\n\t<meta name=\"twitter:data1\" content=\"1 minuta\" \/>\n<script type=\"application\/ld+json\" class=\"yoast-schema-graph\">{\"@context\":\"https:\/\/schema.org\",\"@graph\":[{\"@type\":\"WebPage\",\"@id\":\"https:\/\/amu.pan.pl\/kmtamu\/uczestnicy\/kogo-szukamy\/\",\"url\":\"https:\/\/amu.pan.pl\/kmtamu\/uczestnicy\/kogo-szukamy\/\",\"name\":\"Kogo szukamy - Ku\u017ania M\u0142odych Talent\u00f3w\",\"isPartOf\":{\"@id\":\"https:\/\/amu.pan.pl\/kmtamu\/#website\"},\"datePublished\":\"2023-05-17T11:44:08+00:00\",\"dateModified\":\"2023-05-17T11:59:28+00:00\",\"breadcrumb\":{\"@id\":\"https:\/\/amu.pan.pl\/kmtamu\/uczestnicy\/kogo-szukamy\/#breadcrumb\"},\"inLanguage\":\"pl-PL\",\"potentialAction\":[{\"@type\":\"ReadAction\",\"target\":[\"https:\/\/amu.pan.pl\/kmtamu\/uczestnicy\/kogo-szukamy\/\"]}]},{\"@type\":\"BreadcrumbList\",\"@id\":\"https:\/\/amu.pan.pl\/kmtamu\/uczestnicy\/kogo-szukamy\/#breadcrumb\",\"itemListElement\":[{\"@type\":\"ListItem\",\"position\":1,\"name\":\"Strona g\u0142\u00f3wna\",\"item\":\"https:\/\/amu.pan.pl\/kmtamu\/\"},{\"@type\":\"ListItem\",\"position\":2,\"name\":\"Uczestnicy\",\"item\":\"https:\/\/amu.pan.pl\/kmtamu\/uczestnicy\/\"},{\"@type\":\"ListItem\",\"position\":3,\"name\":\"Kogo szukamy\"}]},{\"@type\":\"WebSite\",\"@id\":\"https:\/\/amu.pan.pl\/kmtamu\/#website\",\"url\":\"https:\/\/amu.pan.pl\/kmtamu\/\",\"name\":\"Ku\u017ania M\u0142odych Talent\u00f3w\",\"description\":\"Kolejna witryna sieci &#8222;Akademia M\u0142odych Uczonych&#8221;\",\"publisher\":{\"@id\":\"https:\/\/amu.pan.pl\/kmtamu\/#organization\"},\"potentialAction\":[{\"@type\":\"SearchAction\",\"target\":{\"@type\":\"EntryPoint\",\"urlTemplate\":\"https:\/\/amu.pan.pl\/kmtamu\/?s={search_term_string}\"},\"query-input\":{\"@type\":\"PropertyValueSpecification\",\"valueRequired\":true,\"valueName\":\"search_term_string\"}}],\"inLanguage\":\"pl-PL\"},{\"@type\":\"Organization\",\"@id\":\"https:\/\/amu.pan.pl\/kmtamu\/#organization\",\"name\":\"Ku\u017ania M\u0142odych Talent\u00f3w\",\"url\":\"https:\/\/amu.pan.pl\/kmtamu\/\",\"logo\":{\"@type\":\"ImageObject\",\"inLanguage\":\"pl-PL\",\"@id\":\"https:\/\/amu.pan.pl\/kmtamu\/#\/schema\/logo\/image\/\",\"url\":\"https:\/\/amu.pan.pl\/kmtamu\/wp-content\/uploads\/sites\/5\/2024\/03\/cropped-KMT_logo.jpg\",\"contentUrl\":\"https:\/\/amu.pan.pl\/kmtamu\/wp-content\/uploads\/sites\/5\/2024\/03\/cropped-KMT_logo.jpg\",\"width\":1031,\"height\":421,\"caption\":\"Ku\u017ania M\u0142odych Talent\u00f3w\"},\"image\":{\"@id\":\"https:\/\/amu.pan.pl\/kmtamu\/#\/schema\/logo\/image\/\"},\"sameAs\":[\"https:\/\/www.facebook.com\/AkademiaMlodychUczonych\/\",\"https:\/\/x.com\/AMUPAN1\"]}]}<\/script>\n<!-- \/ Yoast SEO plugin. -->","yoast_head_json":{"title":"Kogo szukamy - Ku\u017ania M\u0142odych Talent\u00f3w","robots":{"index":"index","follow":"follow","max-snippet":"max-snippet:-1","max-image-preview":"max-image-preview:large","max-video-preview":"max-video-preview:-1"},"canonical":"https:\/\/amu.pan.pl\/kmtamu\/uczestnicy\/kogo-szukamy\/","og_locale":"pl_PL","og_type":"article","og_title":"Kogo szukamy - Ku\u017ania M\u0142odych Talent\u00f3w","og_description":"Ku\u017ania M\u0142odych Talent\u00f3w Akademii M\u0142odych Uczonych to warsztaty przeznaczone dla doktorant\u00f3w ze wszystkich Polskich uczelni wy\u017cszych i instytut\u00f3w naukowych. Przyjmujemy zg\u0142oszenia od os\u00f3b reprezentuj\u0105cych wszystkie dyscypliny naukowe. Zg\u0142oszenia mog\u0105 nadsy\u0142a\u0107 s\u0142uchacze stacjonarnych i niestacjonarnych szk\u00f3\u0142 doktorskich uczelni wy\u017cszych jak i doktoranci b\u0119d\u0105cy jednocze\u015bnie pracownikami uczelni\/instytut\u00f3w badawczych\/prywatnych przedsi\u0119biorstw prowadz\u0105cych dzia\u0142alno\u015b\u0107 badawcz\u0105. W celu rejestracji przejd\u017a do ... Dowiedz si\u0119 wi\u0119cej","og_url":"https:\/\/amu.pan.pl\/kmtamu\/uczestnicy\/kogo-szukamy\/","og_site_name":"Ku\u017ania M\u0142odych Talent\u00f3w","article_publisher":"https:\/\/www.facebook.com\/AkademiaMlodychUczonych\/","article_modified_time":"2023-05-17T11:59:28+00:00","twitter_card":"summary_large_image","twitter_site":"@AMUPAN1","twitter_misc":{"Szacowany czas czytania":"1 minuta"},"schema":{"@context":"https:\/\/schema.org","@graph":[{"@type":"WebPage","@id":"https:\/\/amu.pan.pl\/kmtamu\/uczestnicy\/kogo-szukamy\/","url":"https:\/\/amu.pan.pl\/kmtamu\/uczestnicy\/kogo-szukamy\/","name":"Kogo szukamy - Ku\u017ania M\u0142odych Talent\u00f3w","isPartOf":{"@id":"https:\/\/amu.pan.pl\/kmtamu\/#website"},"datePublished":"2023-05-17T11:44:08+00:00","dateModified":"2023-05-17T11:59:28+00:00","breadcrumb":{"@id":"https:\/\/amu.pan.pl\/kmtamu\/uczestnicy\/kogo-szukamy\/#breadcrumb"},"inLanguage":"pl-PL","potentialAction":[{"@type":"ReadAction","target":["https:\/\/amu.pan.pl\/kmtamu\/uczestnicy\/kogo-szukamy\/"]}]},{"@type":"BreadcrumbList","@id":"https:\/\/amu.pan.pl\/kmtamu\/uczestnicy\/kogo-szukamy\/#breadcrumb","itemListElement":[{"@type":"ListItem","position":1,"name":"Strona g\u0142\u00f3wna","item":"https:\/\/amu.pan.pl\/kmtamu\/"},{"@type":"ListItem","position":2,"name":"Uczestnicy","item":"https:\/\/amu.pan.pl\/kmtamu\/uczestnicy\/"},{"@type":"ListItem","position":3,"name":"Kogo szukamy"}]},{"@type":"WebSite","@id":"https:\/\/amu.pan.pl\/kmtamu\/#website","url":"https:\/\/amu.pan.pl\/kmtamu\/","name":"Ku\u017ania M\u0142odych Talent\u00f3w","description":"Kolejna witryna sieci &#8222;Akademia M\u0142odych Uczonych&#8221;","publisher":{"@id":"https:\/\/amu.pan.pl\/kmtamu\/#organization"},"potentialAction":[{"@type":"SearchAction","target":{"@type":"EntryPoint","urlTemplate":"https:\/\/amu.pan.pl\/kmtamu\/?s={search_term_string}"},"query-input":{"@type":"PropertyValueSpecification","valueRequired":true,"valueName":"search_term_string"}}],"inLanguage":"pl-PL"},{"@type":"Organization","@id":"https:\/\/amu.pan.pl\/kmtamu\/#organization","name":"Ku\u017ania M\u0142odych Talent\u00f3w","url":"https:\/\/amu.pan.pl\/kmtamu\/","logo":{"@type":"ImageObject","inLanguage":"pl-PL","@id":"https:\/\/amu.pan.pl\/kmtamu\/#\/schema\/logo\/image\/","url":"https:\/\/amu.pan.pl\/kmtamu\/wp-content\/uploads\/sites\/5\/2024\/03\/cropped-KMT_logo.jpg","contentUrl":"https:\/\/amu.pan.pl\/kmtamu\/wp-content\/uploads\/sites\/5\/2024\/03\/cropped-KMT_logo.jpg","width":1031,"height":421,"caption":"Ku\u017ania M\u0142odych Talent\u00f3w"},"image":{"@id":"https:\/\/amu.pan.pl\/kmtamu\/#\/schema\/logo\/image\/"},"sameAs":["https:\/\/www.facebook.com\/AkademiaMlodychUczonych\/","https:\/\/x.com\/AMUPAN1"]}]}},"_links":{"self":[{"href":"https:\/\/amu.pan.pl\/kmtamu\/wp-json\/wp\/v2\/pages\/31","targetHints":{"allow":["GET"]}}],"collection":[{"href":"https:\/\/amu.pan.pl\/kmtamu\/wp-json\/wp\/v2\/pages"}],"about":[{"href":"https:\/\/amu.pan.pl\/kmtamu\/wp-json\/wp\/v2\/types\/page"}],"author":[{"embeddable":true,"href":"https:\/\/amu.pan.pl\/kmtamu\/wp-json\/wp\/v2\/users\/2"}],"replies":[{"embeddable":true,"href":"https:\/\/amu.pan.pl\/kmtamu\/wp-json\/wp\/v2\/comments?post=31"}],"version-history":[{"count":4,"href":"https:\/\/amu.pan.pl\/kmtamu\/wp-json\/wp\/v2\/pages\/31\/revisions"}],"predecessor-version":[{"id":59,"href":"https:\/\/amu.pan.pl\/kmtamu\/wp-json\/wp\/v2\/pages\/31\/revisions\/59"}],"up":[{"embeddable":true,"href":"https:\/\/amu.pan.pl\/kmtamu\/wp-json\/wp\/v2\/pages\/41"}],"wp:attachment":[{"href":"https:\/\/amu.pan.pl\/kmtamu\/wp-json\/wp\/v2\/media?parent=31"}],"curies":[{"name":"wp","href":"https:\/\/api.w.org\/{rel}","templated":true}]}}