{"id":33,"date":"2023-05-17T13:44:28","date_gmt":"2023-05-17T11:44:28","guid":{"rendered":"https:\/\/amu.pan.pl\/kmtamu\/?page_id=33"},"modified":"2024-04-03T07:35:33","modified_gmt":"2024-04-03T05:35:33","slug":"warunki-uczestnictwa","status":"publish","type":"page","link":"https:\/\/amu.pan.pl\/kmtamu\/uczestnicy\/warunki-uczestnictwa\/","title":{"rendered":"Warunki uczestnictwa"},"content":{"rendered":"\t\t<div data-elementor-type=\"wp-page\" data-elementor-id=\"33\" class=\"elementor elementor-33\">\n\t\t\t\t\t\t<section class=\"elementor-section elementor-top-section elementor-element elementor-element-cd19ff9 elementor-section-boxed elementor-section-height-default elementor-section-height-default\" data-id=\"cd19ff9\" data-element_type=\"section\">\n\t\t\t\t\t\t<div class=\"elementor-container elementor-column-gap-default\">\n\t\t\t\t\t<div class=\"elementor-column elementor-col-100 elementor-top-column elementor-element elementor-element-9a170db\" data-id=\"9a170db\" data-element_type=\"column\">\n\t\t\t<div class=\"elementor-widget-wrap elementor-element-populated\">\n\t\t\t\t\t\t<div class=\"elementor-element elementor-element-82a123a elementor-widget elementor-widget-text-editor\" data-id=\"82a123a\" data-element_type=\"widget\" data-widget_type=\"text-editor.default\">\n\t\t\t\t<div class=\"elementor-widget-container\">\n\t\t\t\t\t\t\t\t\t<p>G\u0142\u00f3wnym kryterium podczas selekcji uczestnik\u00f3w b\u0119dzie doskona\u0142o\u015b\u0107 naukowa i dotychczasowe osi\u0105gni\u0119cia. Celem selekcji b\u0119dzie r\u00f3wnie\u017c wytypowanie uczestnik\u00f3w o r\u00f3\u017cnorodnych zainteresowaniach naukowych, tak aby nada\u0107 warsztatom charakter interdyscyplinarny co niew\u0105tpliwie sprzyja nawi\u0105zywaniu nowych interdyscyplinarnych wsp\u00f3\u0142prac naukowych.<\/p>\n<p>Nades\u0142anie zg\u0142oszenia <strong>nie gwarantuje<\/strong> zakwalifikowania do Ku\u017ani M\u0142odych talent\u00f3w Akademii M\u0142odych Uczonych. Liczba miejsc dla uczestnik\u00f3w jest ograniczona. Spo\u015br\u00f3d wszystkich zg\u0142osze\u0144 Rada Programowa Ku\u017ani M\u0142odych Talent\u00f3w wybierze 30 najwy\u017cej ocenionych. Uczestnicy wybrani zostan\u0105 na podstawie informacji przekazanych w formularzu zg\u0142oszeniowym.<\/p>\n<p>Wysoko\u015b\u0107 op\u0142aty zjazdowej, kt\u00f3ra obejmuje koszty transportu na trasie Warszawa-Jab\u0142onna-Warszawa oraz catering i zakwaterowanie w Pa\u0142acu PAN w Jab\u0142onnie wynosi <b>1100&nbsp;z\u0142. <\/b>Konto, na kt\u00f3re nale\u017cy przela\u0107 op\u0142at\u0119 zjazdow\u0105 zostanie przes\u0142ane drog\u0105 emailow\u0105 do uczestnik\u00f3w, kt\u00f3rzy zakwalifikuj\u0105 si\u0119 do Ku\u017ani M\u0142odych Talent\u00f3w. Dane do faktury nale\u017cy poda\u0107 w formularzu zg\u0142oszeniowym.<\/p>\t\t\t\t\t\t\t\t<\/div>\n\t\t\t\t<\/div>\n\t\t\t\t<div class=\"elementor-element elementor-element-55967b6 elementor-widget elementor-widget-button\" data-id=\"55967b6\" data-element_type=\"widget\" data-widget_type=\"button.default\">\n\t\t\t\t<div class=\"elementor-widget-container\">\n\t\t\t\t\t\t\t\t\t<div class=\"elementor-button-wrapper\">\n\t\t\t\t\t<a class=\"elementor-button elementor-button-link elementor-size-sm\" href=\"https:\/\/amu.pan.pl\/kmtamu\/uczestnicy\/rejestracja\/\">\n\t\t\t\t\t\t<span class=\"elementor-button-content-wrapper\">\n\t\t\t\t\t\t\t\t\t<span class=\"elementor-button-text\">Formularz zg\u0142oszeniowy<\/span>\n\t\t\t\t\t<\/span>\n\t\t\t\t\t<\/a>\n\t\t\t\t<\/div>\n\t\t\t\t\t\t\t\t<\/div>\n\t\t\t\t<\/div>\n\t\t\t\t<div class=\"elementor-element elementor-element-c5e5ce8 elementor-widget elementor-widget-text-editor\" data-id=\"c5e5ce8\" data-element_type=\"widget\" data-widget_type=\"text-editor.default\">\n\t\t\t\t<div class=\"elementor-widget-container\">\n\t\t\t\t\t\t\t\t\t<p>Przed przyst\u0105pieniem do wype\u0142niania formularza rejestracyjnego kandydat powinien przygotowa\u0107:<\/p><ul><li>CV (maksymalnie 1 strona standardowego dokumentu Word)<\/li><li>kr\u00f3tki opis najwa\u017cniejszego osi\u0105gni\u0119cia naukowego (maksymalnie 200 s\u0142\u00f3w)<\/li><li>kr\u00f3tki list motywacyjny odpowiadaj\u0105cy na pytanie: dlaczego chcia\u0142bym\/chcia\u0142abym wzi\u0105\u0107 udzia\u0142 w Ku\u017ani M\u0142odych Talent\u00f3w? (maksymalnie 100 s\u0142\u00f3w)<\/li><\/ul><p>Zach\u0119camy do nadsy\u0142ania zg\u0142osze\u0144!<\/p>\t\t\t\t\t\t\t\t<\/div>\n\t\t\t\t<\/div>\n\t\t\t\t\t<\/div>\n\t\t<\/div>\n\t\t\t\t\t<\/div>\n\t\t<\/section>\n\t\t\t\t<\/div>\n\t\t","protected":false},"excerpt":{"rendered":"<p>G\u0142\u00f3wnym kryterium podczas selekcji uczestnik\u00f3w b\u0119dzie doskona\u0142o\u015b\u0107 naukowa i dotychczasowe osi\u0105gni\u0119cia. Celem selekcji b\u0119dzie r\u00f3wnie\u017c wytypowanie uczestnik\u00f3w o r\u00f3\u017cnorodnych zainteresowaniach naukowych, tak aby nada\u0107 warsztatom charakter interdyscyplinarny co niew\u0105tpliwie sprzyja nawi\u0105zywaniu nowych interdyscyplinarnych wsp\u00f3\u0142prac naukowych. Nades\u0142anie zg\u0142oszenia nie gwarantuje zakwalifikowania do Ku\u017ani M\u0142odych talent\u00f3w Akademii M\u0142odych Uczonych. Liczba miejsc dla uczestnik\u00f3w jest ograniczona. Spo\u015br\u00f3d wszystkich &#8230; <a title=\"Warunki uczestnictwa\" class=\"read-more\" href=\"https:\/\/amu.pan.pl\/kmtamu\/uczestnicy\/warunki-uczestnictwa\/\" aria-label=\"Read more about Warunki uczestnictwa\">Dowiedz si\u0119 wi\u0119cej<\/a><\/p>\n","protected":false},"author":2,"featured_media":0,"parent":41,"menu_order":0,"comment_status":"closed","ping_status":"closed","template":"","meta":{"_monsterinsights_skip_tracking":false,"_monsterinsights_sitenote_active":false,"_monsterinsights_sitenote_note":"","_monsterinsights_sitenote_category":0,"footnotes":""},"class_list":["post-33","page","type-page","status-publish"],"yoast_head":"<!-- This site is optimized with the Yoast SEO plugin v25.0 - https:\/\/yoast.com\/wordpress\/plugins\/seo\/ -->\n<title>Warunki uczestnictwa - Ku\u017ania M\u0142odych Talent\u00f3w<\/title>\n<meta name=\"robots\" content=\"index, follow, max-snippet:-1, max-image-preview:large, max-video-preview:-1\" \/>\n<link rel=\"canonical\" href=\"https:\/\/amu.pan.pl\/kmtamu\/uczestnicy\/warunki-uczestnictwa\/\" \/>\n<meta property=\"og:locale\" content=\"pl_PL\" \/>\n<meta property=\"og:type\" content=\"article\" \/>\n<meta property=\"og:title\" content=\"Warunki uczestnictwa - Ku\u017ania M\u0142odych Talent\u00f3w\" \/>\n<meta property=\"og:description\" content=\"G\u0142\u00f3wnym kryterium podczas selekcji uczestnik\u00f3w b\u0119dzie doskona\u0142o\u015b\u0107 naukowa i dotychczasowe osi\u0105gni\u0119cia. Celem selekcji b\u0119dzie r\u00f3wnie\u017c wytypowanie uczestnik\u00f3w o r\u00f3\u017cnorodnych zainteresowaniach naukowych, tak aby nada\u0107 warsztatom charakter interdyscyplinarny co niew\u0105tpliwie sprzyja nawi\u0105zywaniu nowych interdyscyplinarnych wsp\u00f3\u0142prac naukowych. Nades\u0142anie zg\u0142oszenia nie gwarantuje zakwalifikowania do Ku\u017ani M\u0142odych talent\u00f3w Akademii M\u0142odych Uczonych. Liczba miejsc dla uczestnik\u00f3w jest ograniczona. Spo\u015br\u00f3d wszystkich ... Dowiedz si\u0119 wi\u0119cej\" \/>\n<meta property=\"og:url\" content=\"https:\/\/amu.pan.pl\/kmtamu\/uczestnicy\/warunki-uczestnictwa\/\" \/>\n<meta property=\"og:site_name\" content=\"Ku\u017ania M\u0142odych Talent\u00f3w\" \/>\n<meta property=\"article:publisher\" content=\"https:\/\/www.facebook.com\/AkademiaMlodychUczonych\/\" \/>\n<meta property=\"article:modified_time\" content=\"2024-04-03T05:35:33+00:00\" \/>\n<meta name=\"twitter:card\" content=\"summary_large_image\" \/>\n<meta name=\"twitter:site\" content=\"@AMUPAN1\" \/>\n<meta name=\"twitter:label1\" content=\"Szacowany czas czytania\" \/>\n\t<meta name=\"twitter:data1\" content=\"1 minuta\" \/>\n<script type=\"application\/ld+json\" class=\"yoast-schema-graph\">{\"@context\":\"https:\/\/schema.org\",\"@graph\":[{\"@type\":\"WebPage\",\"@id\":\"https:\/\/amu.pan.pl\/kmtamu\/uczestnicy\/warunki-uczestnictwa\/\",\"url\":\"https:\/\/amu.pan.pl\/kmtamu\/uczestnicy\/warunki-uczestnictwa\/\",\"name\":\"Warunki uczestnictwa - Ku\u017ania M\u0142odych Talent\u00f3w\",\"isPartOf\":{\"@id\":\"https:\/\/amu.pan.pl\/kmtamu\/#website\"},\"datePublished\":\"2023-05-17T11:44:28+00:00\",\"dateModified\":\"2024-04-03T05:35:33+00:00\",\"breadcrumb\":{\"@id\":\"https:\/\/amu.pan.pl\/kmtamu\/uczestnicy\/warunki-uczestnictwa\/#breadcrumb\"},\"inLanguage\":\"pl-PL\",\"potentialAction\":[{\"@type\":\"ReadAction\",\"target\":[\"https:\/\/amu.pan.pl\/kmtamu\/uczestnicy\/warunki-uczestnictwa\/\"]}]},{\"@type\":\"BreadcrumbList\",\"@id\":\"https:\/\/amu.pan.pl\/kmtamu\/uczestnicy\/warunki-uczestnictwa\/#breadcrumb\",\"itemListElement\":[{\"@type\":\"ListItem\",\"position\":1,\"name\":\"Strona g\u0142\u00f3wna\",\"item\":\"https:\/\/amu.pan.pl\/kmtamu\/\"},{\"@type\":\"ListItem\",\"position\":2,\"name\":\"Uczestnicy\",\"item\":\"https:\/\/amu.pan.pl\/kmtamu\/uczestnicy\/\"},{\"@type\":\"ListItem\",\"position\":3,\"name\":\"Warunki uczestnictwa\"}]},{\"@type\":\"WebSite\",\"@id\":\"https:\/\/amu.pan.pl\/kmtamu\/#website\",\"url\":\"https:\/\/amu.pan.pl\/kmtamu\/\",\"name\":\"Ku\u017ania M\u0142odych Talent\u00f3w\",\"description\":\"Kolejna witryna sieci &#8222;Akademia M\u0142odych Uczonych&#8221;\",\"publisher\":{\"@id\":\"https:\/\/amu.pan.pl\/kmtamu\/#organization\"},\"potentialAction\":[{\"@type\":\"SearchAction\",\"target\":{\"@type\":\"EntryPoint\",\"urlTemplate\":\"https:\/\/amu.pan.pl\/kmtamu\/?s={search_term_string}\"},\"query-input\":{\"@type\":\"PropertyValueSpecification\",\"valueRequired\":true,\"valueName\":\"search_term_string\"}}],\"inLanguage\":\"pl-PL\"},{\"@type\":\"Organization\",\"@id\":\"https:\/\/amu.pan.pl\/kmtamu\/#organization\",\"name\":\"Ku\u017ania M\u0142odych Talent\u00f3w\",\"url\":\"https:\/\/amu.pan.pl\/kmtamu\/\",\"logo\":{\"@type\":\"ImageObject\",\"inLanguage\":\"pl-PL\",\"@id\":\"https:\/\/amu.pan.pl\/kmtamu\/#\/schema\/logo\/image\/\",\"url\":\"https:\/\/amu.pan.pl\/kmtamu\/wp-content\/uploads\/sites\/5\/2024\/03\/cropped-KMT_logo.jpg\",\"contentUrl\":\"https:\/\/amu.pan.pl\/kmtamu\/wp-content\/uploads\/sites\/5\/2024\/03\/cropped-KMT_logo.jpg\",\"width\":1031,\"height\":421,\"caption\":\"Ku\u017ania M\u0142odych Talent\u00f3w\"},\"image\":{\"@id\":\"https:\/\/amu.pan.pl\/kmtamu\/#\/schema\/logo\/image\/\"},\"sameAs\":[\"https:\/\/www.facebook.com\/AkademiaMlodychUczonych\/\",\"https:\/\/x.com\/AMUPAN1\"]}]}<\/script>\n<!-- \/ Yoast SEO plugin. -->","yoast_head_json":{"title":"Warunki uczestnictwa - Ku\u017ania M\u0142odych Talent\u00f3w","robots":{"index":"index","follow":"follow","max-snippet":"max-snippet:-1","max-image-preview":"max-image-preview:large","max-video-preview":"max-video-preview:-1"},"canonical":"https:\/\/amu.pan.pl\/kmtamu\/uczestnicy\/warunki-uczestnictwa\/","og_locale":"pl_PL","og_type":"article","og_title":"Warunki uczestnictwa - Ku\u017ania M\u0142odych Talent\u00f3w","og_description":"G\u0142\u00f3wnym kryterium podczas selekcji uczestnik\u00f3w b\u0119dzie doskona\u0142o\u015b\u0107 naukowa i dotychczasowe osi\u0105gni\u0119cia. Celem selekcji b\u0119dzie r\u00f3wnie\u017c wytypowanie uczestnik\u00f3w o r\u00f3\u017cnorodnych zainteresowaniach naukowych, tak aby nada\u0107 warsztatom charakter interdyscyplinarny co niew\u0105tpliwie sprzyja nawi\u0105zywaniu nowych interdyscyplinarnych wsp\u00f3\u0142prac naukowych. Nades\u0142anie zg\u0142oszenia nie gwarantuje zakwalifikowania do Ku\u017ani M\u0142odych talent\u00f3w Akademii M\u0142odych Uczonych. Liczba miejsc dla uczestnik\u00f3w jest ograniczona. Spo\u015br\u00f3d wszystkich ... Dowiedz si\u0119 wi\u0119cej","og_url":"https:\/\/amu.pan.pl\/kmtamu\/uczestnicy\/warunki-uczestnictwa\/","og_site_name":"Ku\u017ania M\u0142odych Talent\u00f3w","article_publisher":"https:\/\/www.facebook.com\/AkademiaMlodychUczonych\/","article_modified_time":"2024-04-03T05:35:33+00:00","twitter_card":"summary_large_image","twitter_site":"@AMUPAN1","twitter_misc":{"Szacowany czas czytania":"1 minuta"},"schema":{"@context":"https:\/\/schema.org","@graph":[{"@type":"WebPage","@id":"https:\/\/amu.pan.pl\/kmtamu\/uczestnicy\/warunki-uczestnictwa\/","url":"https:\/\/amu.pan.pl\/kmtamu\/uczestnicy\/warunki-uczestnictwa\/","name":"Warunki uczestnictwa - Ku\u017ania M\u0142odych Talent\u00f3w","isPartOf":{"@id":"https:\/\/amu.pan.pl\/kmtamu\/#website"},"datePublished":"2023-05-17T11:44:28+00:00","dateModified":"2024-04-03T05:35:33+00:00","breadcrumb":{"@id":"https:\/\/amu.pan.pl\/kmtamu\/uczestnicy\/warunki-uczestnictwa\/#breadcrumb"},"inLanguage":"pl-PL","potentialAction":[{"@type":"ReadAction","target":["https:\/\/amu.pan.pl\/kmtamu\/uczestnicy\/warunki-uczestnictwa\/"]}]},{"@type":"BreadcrumbList","@id":"https:\/\/amu.pan.pl\/kmtamu\/uczestnicy\/warunki-uczestnictwa\/#breadcrumb","itemListElement":[{"@type":"ListItem","position":1,"name":"Strona g\u0142\u00f3wna","item":"https:\/\/amu.pan.pl\/kmtamu\/"},{"@type":"ListItem","position":2,"name":"Uczestnicy","item":"https:\/\/amu.pan.pl\/kmtamu\/uczestnicy\/"},{"@type":"ListItem","position":3,"name":"Warunki uczestnictwa"}]},{"@type":"WebSite","@id":"https:\/\/amu.pan.pl\/kmtamu\/#website","url":"https:\/\/amu.pan.pl\/kmtamu\/","name":"Ku\u017ania M\u0142odych Talent\u00f3w","description":"Kolejna witryna sieci &#8222;Akademia M\u0142odych Uczonych&#8221;","publisher":{"@id":"https:\/\/amu.pan.pl\/kmtamu\/#organization"},"potentialAction":[{"@type":"SearchAction","target":{"@type":"EntryPoint","urlTemplate":"https:\/\/amu.pan.pl\/kmtamu\/?s={search_term_string}"},"query-input":{"@type":"PropertyValueSpecification","valueRequired":true,"valueName":"search_term_string"}}],"inLanguage":"pl-PL"},{"@type":"Organization","@id":"https:\/\/amu.pan.pl\/kmtamu\/#organization","name":"Ku\u017ania M\u0142odych Talent\u00f3w","url":"https:\/\/amu.pan.pl\/kmtamu\/","logo":{"@type":"ImageObject","inLanguage":"pl-PL","@id":"https:\/\/amu.pan.pl\/kmtamu\/#\/schema\/logo\/image\/","url":"https:\/\/amu.pan.pl\/kmtamu\/wp-content\/uploads\/sites\/5\/2024\/03\/cropped-KMT_logo.jpg","contentUrl":"https:\/\/amu.pan.pl\/kmtamu\/wp-content\/uploads\/sites\/5\/2024\/03\/cropped-KMT_logo.jpg","width":1031,"height":421,"caption":"Ku\u017ania M\u0142odych Talent\u00f3w"},"image":{"@id":"https:\/\/amu.pan.pl\/kmtamu\/#\/schema\/logo\/image\/"},"sameAs":["https:\/\/www.facebook.com\/AkademiaMlodychUczonych\/","https:\/\/x.com\/AMUPAN1"]}]}},"_links":{"self":[{"href":"https:\/\/amu.pan.pl\/kmtamu\/wp-json\/wp\/v2\/pages\/33","targetHints":{"allow":["GET"]}}],"collection":[{"href":"https:\/\/amu.pan.pl\/kmtamu\/wp-json\/wp\/v2\/pages"}],"about":[{"href":"https:\/\/amu.pan.pl\/kmtamu\/wp-json\/wp\/v2\/types\/page"}],"author":[{"embeddable":true,"href":"https:\/\/amu.pan.pl\/kmtamu\/wp-json\/wp\/v2\/users\/2"}],"replies":[{"embeddable":true,"href":"https:\/\/amu.pan.pl\/kmtamu\/wp-json\/wp\/v2\/comments?post=33"}],"version-history":[{"count":25,"href":"https:\/\/amu.pan.pl\/kmtamu\/wp-json\/wp\/v2\/pages\/33\/revisions"}],"predecessor-version":[{"id":354,"href":"https:\/\/amu.pan.pl\/kmtamu\/wp-json\/wp\/v2\/pages\/33\/revisions\/354"}],"up":[{"embeddable":true,"href":"https:\/\/amu.pan.pl\/kmtamu\/wp-json\/wp\/v2\/pages\/41"}],"wp:attachment":[{"href":"https:\/\/amu.pan.pl\/kmtamu\/wp-json\/wp\/v2\/media?parent=33"}],"curies":[{"name":"wp","href":"https:\/\/api.w.org\/{rel}","templated":true}]}}