{"id":39,"date":"2023-05-17T13:45:53","date_gmt":"2023-05-17T11:45:53","guid":{"rendered":"https:\/\/amu.pan.pl\/kmtamu\/?page_id=39"},"modified":"2025-05-28T12:48:24","modified_gmt":"2025-05-28T10:48:24","slug":"rejestracja","status":"publish","type":"page","link":"https:\/\/amu.pan.pl\/kmtamu\/uczestnicy\/rejestracja\/","title":{"rendered":"Rejestracja"},"content":{"rendered":"\t\t<div data-elementor-type=\"wp-page\" data-elementor-id=\"39\" class=\"elementor elementor-39\">\n\t\t\t\t\t\t<section class=\"elementor-section elementor-top-section elementor-element elementor-element-4be8f81 elementor-section-boxed elementor-section-height-default elementor-section-height-default\" data-id=\"4be8f81\" data-element_type=\"section\">\n\t\t\t\t\t\t<div class=\"elementor-container elementor-column-gap-default\">\n\t\t\t\t\t<div class=\"elementor-column elementor-col-100 elementor-top-column elementor-element elementor-element-6e5dad9\" data-id=\"6e5dad9\" data-element_type=\"column\">\n\t\t\t<div class=\"elementor-widget-wrap elementor-element-populated\">\n\t\t\t\t\t\t<div class=\"elementor-element elementor-element-797f2c1 elementor-widget elementor-widget-text-editor\" data-id=\"797f2c1\" data-element_type=\"widget\" data-widget_type=\"text-editor.default\">\n\t\t\t\t<div class=\"elementor-widget-container\">\n\t\t\t\t\t\t\t\t\t<h4 style=\"text-align: center;\"><b><span style=\"font-family: var( --e-global-typography-text-font-family ), Sans-serif;\">Rejestracja na Ku\u017ani\u0119 M\u0142odych Talent\u00f3w odbywa si\u0119 za pomoc\u0105 <\/span><a style=\"font-family: var( --e-global-typography-text-font-family ), Sans-serif;\" href=\"https:\/\/docs.google.com\/forms\/d\/10hR85QG_q6wRWvijZKGz_a19miy3OxBQz3e0a42dKaE\/edit\" target=\"_blank\" rel=\"noopener\">formularza Google<\/a><\/b><\/h4><p style=\"text-align: center;\">Zapraszamy do rejestracji! Zg\u0142oszenia zbieramy do 15.06.2025. Op\u0142ata za udzia\u0142 w KMT wynosi 1 100 z\u0142.\u00a0<\/p>\t\t\t\t\t\t\t\t<\/div>\n\t\t\t\t<\/div>\n\t\t\t\t\t<\/div>\n\t\t<\/div>\n\t\t\t\t\t<\/div>\n\t\t<\/section>\n\t\t\t\t<\/div>\n\t\t","protected":false},"excerpt":{"rendered":"<p>Rejestracja na Ku\u017ani\u0119 M\u0142odych Talent\u00f3w odbywa si\u0119 za pomoc\u0105 formularza Google Zapraszamy do rejestracji! Zg\u0142oszenia zbieramy do 15.06.2025. Op\u0142ata za udzia\u0142 w KMT wynosi 1 100 z\u0142.\u00a0<\/p>\n","protected":false},"author":2,"featured_media":0,"parent":41,"menu_order":0,"comment_status":"closed","ping_status":"closed","template":"","meta":{"_monsterinsights_skip_tracking":false,"_monsterinsights_sitenote_active":false,"_monsterinsights_sitenote_note":"","_monsterinsights_sitenote_category":0,"footnotes":""},"class_list":["post-39","page","type-page","status-publish"],"yoast_head":"<!-- This site is optimized with the Yoast SEO plugin v25.0 - https:\/\/yoast.com\/wordpress\/plugins\/seo\/ -->\n<title>Rejestracja - Ku\u017ania M\u0142odych Talent\u00f3w<\/title>\n<meta name=\"robots\" content=\"index, follow, max-snippet:-1, max-image-preview:large, max-video-preview:-1\" \/>\n<link rel=\"canonical\" href=\"https:\/\/amu.pan.pl\/kmtamu\/uczestnicy\/rejestracja\/\" \/>\n<meta property=\"og:locale\" content=\"pl_PL\" \/>\n<meta property=\"og:type\" content=\"article\" \/>\n<meta property=\"og:title\" content=\"Rejestracja - Ku\u017ania M\u0142odych Talent\u00f3w\" \/>\n<meta property=\"og:description\" content=\"Rejestracja na Ku\u017ani\u0119 M\u0142odych Talent\u00f3w odbywa si\u0119 za pomoc\u0105 formularza Google Zapraszamy do rejestracji! Zg\u0142oszenia zbieramy do 15.06.2025. Op\u0142ata za udzia\u0142 w KMT wynosi 1 100 z\u0142.\u00a0\" \/>\n<meta property=\"og:url\" content=\"https:\/\/amu.pan.pl\/kmtamu\/uczestnicy\/rejestracja\/\" \/>\n<meta property=\"og:site_name\" content=\"Ku\u017ania M\u0142odych Talent\u00f3w\" \/>\n<meta property=\"article:publisher\" content=\"https:\/\/www.facebook.com\/AkademiaMlodychUczonych\/\" \/>\n<meta property=\"article:modified_time\" content=\"2025-05-28T10:48:24+00:00\" \/>\n<meta name=\"twitter:card\" content=\"summary_large_image\" \/>\n<meta name=\"twitter:site\" content=\"@AMUPAN1\" \/>\n<meta name=\"twitter:label1\" content=\"Szacowany czas czytania\" \/>\n\t<meta name=\"twitter:data1\" content=\"1 minuta\" \/>\n<script type=\"application\/ld+json\" class=\"yoast-schema-graph\">{\"@context\":\"https:\/\/schema.org\",\"@graph\":[{\"@type\":\"WebPage\",\"@id\":\"https:\/\/amu.pan.pl\/kmtamu\/uczestnicy\/rejestracja\/\",\"url\":\"https:\/\/amu.pan.pl\/kmtamu\/uczestnicy\/rejestracja\/\",\"name\":\"Rejestracja - Ku\u017ania M\u0142odych Talent\u00f3w\",\"isPartOf\":{\"@id\":\"https:\/\/amu.pan.pl\/kmtamu\/#website\"},\"datePublished\":\"2023-05-17T11:45:53+00:00\",\"dateModified\":\"2025-05-28T10:48:24+00:00\",\"breadcrumb\":{\"@id\":\"https:\/\/amu.pan.pl\/kmtamu\/uczestnicy\/rejestracja\/#breadcrumb\"},\"inLanguage\":\"pl-PL\",\"potentialAction\":[{\"@type\":\"ReadAction\",\"target\":[\"https:\/\/amu.pan.pl\/kmtamu\/uczestnicy\/rejestracja\/\"]}]},{\"@type\":\"BreadcrumbList\",\"@id\":\"https:\/\/amu.pan.pl\/kmtamu\/uczestnicy\/rejestracja\/#breadcrumb\",\"itemListElement\":[{\"@type\":\"ListItem\",\"position\":1,\"name\":\"Strona g\u0142\u00f3wna\",\"item\":\"https:\/\/amu.pan.pl\/kmtamu\/\"},{\"@type\":\"ListItem\",\"position\":2,\"name\":\"Uczestnicy\",\"item\":\"https:\/\/amu.pan.pl\/kmtamu\/uczestnicy\/\"},{\"@type\":\"ListItem\",\"position\":3,\"name\":\"Rejestracja\"}]},{\"@type\":\"WebSite\",\"@id\":\"https:\/\/amu.pan.pl\/kmtamu\/#website\",\"url\":\"https:\/\/amu.pan.pl\/kmtamu\/\",\"name\":\"Ku\u017ania M\u0142odych Talent\u00f3w\",\"description\":\"Kolejna witryna sieci &#8222;Akademia M\u0142odych Uczonych&#8221;\",\"publisher\":{\"@id\":\"https:\/\/amu.pan.pl\/kmtamu\/#organization\"},\"potentialAction\":[{\"@type\":\"SearchAction\",\"target\":{\"@type\":\"EntryPoint\",\"urlTemplate\":\"https:\/\/amu.pan.pl\/kmtamu\/?s={search_term_string}\"},\"query-input\":{\"@type\":\"PropertyValueSpecification\",\"valueRequired\":true,\"valueName\":\"search_term_string\"}}],\"inLanguage\":\"pl-PL\"},{\"@type\":\"Organization\",\"@id\":\"https:\/\/amu.pan.pl\/kmtamu\/#organization\",\"name\":\"Ku\u017ania M\u0142odych Talent\u00f3w\",\"url\":\"https:\/\/amu.pan.pl\/kmtamu\/\",\"logo\":{\"@type\":\"ImageObject\",\"inLanguage\":\"pl-PL\",\"@id\":\"https:\/\/amu.pan.pl\/kmtamu\/#\/schema\/logo\/image\/\",\"url\":\"https:\/\/amu.pan.pl\/kmtamu\/wp-content\/uploads\/sites\/5\/2024\/03\/cropped-KMT_logo.jpg\",\"contentUrl\":\"https:\/\/amu.pan.pl\/kmtamu\/wp-content\/uploads\/sites\/5\/2024\/03\/cropped-KMT_logo.jpg\",\"width\":1031,\"height\":421,\"caption\":\"Ku\u017ania M\u0142odych Talent\u00f3w\"},\"image\":{\"@id\":\"https:\/\/amu.pan.pl\/kmtamu\/#\/schema\/logo\/image\/\"},\"sameAs\":[\"https:\/\/www.facebook.com\/AkademiaMlodychUczonych\/\",\"https:\/\/x.com\/AMUPAN1\"]}]}<\/script>\n<!-- \/ Yoast SEO plugin. -->","yoast_head_json":{"title":"Rejestracja - Ku\u017ania M\u0142odych Talent\u00f3w","robots":{"index":"index","follow":"follow","max-snippet":"max-snippet:-1","max-image-preview":"max-image-preview:large","max-video-preview":"max-video-preview:-1"},"canonical":"https:\/\/amu.pan.pl\/kmtamu\/uczestnicy\/rejestracja\/","og_locale":"pl_PL","og_type":"article","og_title":"Rejestracja - Ku\u017ania M\u0142odych Talent\u00f3w","og_description":"Rejestracja na Ku\u017ani\u0119 M\u0142odych Talent\u00f3w odbywa si\u0119 za pomoc\u0105 formularza Google Zapraszamy do rejestracji! Zg\u0142oszenia zbieramy do 15.06.2025. Op\u0142ata za udzia\u0142 w KMT wynosi 1 100 z\u0142.\u00a0","og_url":"https:\/\/amu.pan.pl\/kmtamu\/uczestnicy\/rejestracja\/","og_site_name":"Ku\u017ania M\u0142odych Talent\u00f3w","article_publisher":"https:\/\/www.facebook.com\/AkademiaMlodychUczonych\/","article_modified_time":"2025-05-28T10:48:24+00:00","twitter_card":"summary_large_image","twitter_site":"@AMUPAN1","twitter_misc":{"Szacowany czas czytania":"1 minuta"},"schema":{"@context":"https:\/\/schema.org","@graph":[{"@type":"WebPage","@id":"https:\/\/amu.pan.pl\/kmtamu\/uczestnicy\/rejestracja\/","url":"https:\/\/amu.pan.pl\/kmtamu\/uczestnicy\/rejestracja\/","name":"Rejestracja - Ku\u017ania M\u0142odych Talent\u00f3w","isPartOf":{"@id":"https:\/\/amu.pan.pl\/kmtamu\/#website"},"datePublished":"2023-05-17T11:45:53+00:00","dateModified":"2025-05-28T10:48:24+00:00","breadcrumb":{"@id":"https:\/\/amu.pan.pl\/kmtamu\/uczestnicy\/rejestracja\/#breadcrumb"},"inLanguage":"pl-PL","potentialAction":[{"@type":"ReadAction","target":["https:\/\/amu.pan.pl\/kmtamu\/uczestnicy\/rejestracja\/"]}]},{"@type":"BreadcrumbList","@id":"https:\/\/amu.pan.pl\/kmtamu\/uczestnicy\/rejestracja\/#breadcrumb","itemListElement":[{"@type":"ListItem","position":1,"name":"Strona g\u0142\u00f3wna","item":"https:\/\/amu.pan.pl\/kmtamu\/"},{"@type":"ListItem","position":2,"name":"Uczestnicy","item":"https:\/\/amu.pan.pl\/kmtamu\/uczestnicy\/"},{"@type":"ListItem","position":3,"name":"Rejestracja"}]},{"@type":"WebSite","@id":"https:\/\/amu.pan.pl\/kmtamu\/#website","url":"https:\/\/amu.pan.pl\/kmtamu\/","name":"Ku\u017ania M\u0142odych Talent\u00f3w","description":"Kolejna witryna sieci &#8222;Akademia M\u0142odych Uczonych&#8221;","publisher":{"@id":"https:\/\/amu.pan.pl\/kmtamu\/#organization"},"potentialAction":[{"@type":"SearchAction","target":{"@type":"EntryPoint","urlTemplate":"https:\/\/amu.pan.pl\/kmtamu\/?s={search_term_string}"},"query-input":{"@type":"PropertyValueSpecification","valueRequired":true,"valueName":"search_term_string"}}],"inLanguage":"pl-PL"},{"@type":"Organization","@id":"https:\/\/amu.pan.pl\/kmtamu\/#organization","name":"Ku\u017ania M\u0142odych Talent\u00f3w","url":"https:\/\/amu.pan.pl\/kmtamu\/","logo":{"@type":"ImageObject","inLanguage":"pl-PL","@id":"https:\/\/amu.pan.pl\/kmtamu\/#\/schema\/logo\/image\/","url":"https:\/\/amu.pan.pl\/kmtamu\/wp-content\/uploads\/sites\/5\/2024\/03\/cropped-KMT_logo.jpg","contentUrl":"https:\/\/amu.pan.pl\/kmtamu\/wp-content\/uploads\/sites\/5\/2024\/03\/cropped-KMT_logo.jpg","width":1031,"height":421,"caption":"Ku\u017ania M\u0142odych Talent\u00f3w"},"image":{"@id":"https:\/\/amu.pan.pl\/kmtamu\/#\/schema\/logo\/image\/"},"sameAs":["https:\/\/www.facebook.com\/AkademiaMlodychUczonych\/","https:\/\/x.com\/AMUPAN1"]}]}},"_links":{"self":[{"href":"https:\/\/amu.pan.pl\/kmtamu\/wp-json\/wp\/v2\/pages\/39","targetHints":{"allow":["GET"]}}],"collection":[{"href":"https:\/\/amu.pan.pl\/kmtamu\/wp-json\/wp\/v2\/pages"}],"about":[{"href":"https:\/\/amu.pan.pl\/kmtamu\/wp-json\/wp\/v2\/types\/page"}],"author":[{"embeddable":true,"href":"https:\/\/amu.pan.pl\/kmtamu\/wp-json\/wp\/v2\/users\/2"}],"replies":[{"embeddable":true,"href":"https:\/\/amu.pan.pl\/kmtamu\/wp-json\/wp\/v2\/comments?post=39"}],"version-history":[{"count":46,"href":"https:\/\/amu.pan.pl\/kmtamu\/wp-json\/wp\/v2\/pages\/39\/revisions"}],"predecessor-version":[{"id":649,"href":"https:\/\/amu.pan.pl\/kmtamu\/wp-json\/wp\/v2\/pages\/39\/revisions\/649"}],"up":[{"embeddable":true,"href":"https:\/\/amu.pan.pl\/kmtamu\/wp-json\/wp\/v2\/pages\/41"}],"wp:attachment":[{"href":"https:\/\/amu.pan.pl\/kmtamu\/wp-json\/wp\/v2\/media?parent=39"}],"curies":[{"name":"wp","href":"https:\/\/api.w.org\/{rel}","templated":true}]}}